{"id":798,"date":"2018-08-31T16:15:26","date_gmt":"2018-08-31T19:15:26","guid":{"rendered":"https:\/\/isp23-sfe.infd.edu.ar\/sitio\/informacion-para-alumnos\/"},"modified":"2026-04-10T21:07:34","modified_gmt":"2026-04-11T00:07:34","slug":"informacion-para-alumnos","status":"publish","type":"page","link":"https:\/\/isp23-sfe.infd.edu.ar\/sitio\/informacion-para-alumnos\/","title":{"rendered":""},"content":{"rendered":"\n<p>HORARIO CICLO LECTIVO 2026<\/p>\n\n\n\n<div class=\"wp-block-file\"><object class=\"wp-block-file__embed\" data=\"https:\/\/isp23-sfe.infd.edu.ar\/sitio\/wp-content\/uploads\/2026\/04\/Horario-ciclo-lectivo-2026-.pdf\" type=\"application\/pdf\" style=\"width:100%;height:600px\" aria-label=\"Incrustado de Horario-ciclo-lectivo-2026-.\"><\/object><a id=\"wp-block-file--media-ed4106e0-4f8f-4bd0-8e51-3d29ed1251cd\" href=\"https:\/\/isp23-sfe.infd.edu.ar\/sitio\/wp-content\/uploads\/2026\/04\/Horario-ciclo-lectivo-2026-.pdf\">Horario-ciclo-lectivo-2026-<\/a><a href=\"https:\/\/isp23-sfe.infd.edu.ar\/sitio\/wp-content\/uploads\/2026\/04\/Horario-ciclo-lectivo-2026-.pdf\" class=\"wp-block-file__button wp-element-button\" download aria-describedby=\"wp-block-file--media-ed4106e0-4f8f-4bd0-8e51-3d29ed1251cd\">Descarga<\/a><\/div>\n\n\n\n<div class=\"wp-block-file\"><a href=\"https:\/\/isp23-sfe.infd.edu.ar\/sitio\/wp-content\/uploads\/2026\/03\/Horario-ciclo-lectivo-2026.xlsx\" class=\"wp-block-file__button wp-element-button\" download>Descarga<\/a><\/div>\n\n\n\n<div class=\"wp-block-file\"><object class=\"wp-block-file__embed\" data=\"https:\/\/isp23-sfe.infd.edu.ar\/sitio\/wp-content\/uploads\/2026\/03\/CICLO-LECTIVO-2026-FORMULARIO-DE-INSCRIPCION-A-MATERIAS-2.pdf\" type=\"application\/pdf\" style=\"width:100%;height:600px\" aria-label=\"Incrustado de CICLO-LECTIVO-2026-FORMULARIO-DE-INSCRIPCION-A-MATERIAS-2.\"><\/object><a id=\"wp-block-file--media-d5bc84b7-b6c4-41ea-8350-1b85c232915c\" href=\"https:\/\/isp23-sfe.infd.edu.ar\/sitio\/wp-content\/uploads\/2026\/03\/CICLO-LECTIVO-2026-FORMULARIO-DE-INSCRIPCION-A-MATERIAS-2.pdf\">CICLO-LECTIVO-2026-FORMULARIO-DE-INSCRIPCION-A-MATERIAS-2<\/a><a href=\"https:\/\/isp23-sfe.infd.edu.ar\/sitio\/wp-content\/uploads\/2026\/03\/CICLO-LECTIVO-2026-FORMULARIO-DE-INSCRIPCION-A-MATERIAS-2.pdf\" class=\"wp-block-file__button wp-element-button\" download aria-describedby=\"wp-block-file--media-d5bc84b7-b6c4-41ea-8350-1b85c232915c\">Descarga<\/a><\/div>\n\n\n\n<p>CICLO LECTIVO 2026 &#8211; FORMULARIO DE INSCRIPCI\u00d3N A MATERIAS: 17\/03\/2026 al 25\/03\/2026<\/p>\n\n\n\n<figure class=\"wp-block-image size-full\"><img decoding=\"async\" loading=\"lazy\" width=\"1024\" height=\"645\" src=\"https:\/\/isp23-sfe.infd.edu.ar\/sitio\/wp-content\/uploads\/2026\/03\/WhatsApp-Image-2026-03-09-at-18.27.54-9.jpeg\" alt=\"\" class=\"wp-image-1864\" srcset=\"https:\/\/isp23-sfe.infd.edu.ar\/sitio\/wp-content\/uploads\/2026\/03\/WhatsApp-Image-2026-03-09-at-18.27.54-9.jpeg 1024w, https:\/\/isp23-sfe.infd.edu.ar\/sitio\/wp-content\/uploads\/2026\/03\/WhatsApp-Image-2026-03-09-at-18.27.54-9-1000x630.jpeg 1000w, https:\/\/isp23-sfe.infd.edu.ar\/sitio\/wp-content\/uploads\/2026\/03\/WhatsApp-Image-2026-03-09-at-18.27.54-9-768x484.jpeg 768w\" sizes=\"(max-width: 1024px) 100vw, 1024px\" \/><\/figure>\n\n\n\n<div class=\"wp-block-file\"><object class=\"wp-block-file__embed\" data=\"https:\/\/isp23-sfe.infd.edu.ar\/sitio\/wp-content\/uploads\/2025\/10\/MESAS-NOVIEMBRE-DICIEMBRE-2025-V1.pdf\" type=\"application\/pdf\" style=\"width:100%;height:600px\" aria-label=\"Incrustado de MESAS-NOVIEMBRE-DICIEMBRE-2025-V1.\"><\/object><a id=\"wp-block-file--media-18e16315-895d-40a8-8825-3b359f41a98c\" href=\"https:\/\/isp23-sfe.infd.edu.ar\/sitio\/wp-content\/uploads\/2025\/10\/MESAS-NOVIEMBRE-DICIEMBRE-2025-V1.pdf\">MESAS-NOVIEMBRE-DICIEMBRE-2025-V1<\/a><a href=\"https:\/\/isp23-sfe.infd.edu.ar\/sitio\/wp-content\/uploads\/2025\/10\/MESAS-NOVIEMBRE-DICIEMBRE-2025-V1.pdf\" class=\"wp-block-file__button wp-element-button\" download aria-describedby=\"wp-block-file--media-18e16315-895d-40a8-8825-3b359f41a98c\">Descarga<\/a><\/div>\n\n\n\n<p>Per\u00edodo de inscripci\u00f3n: 03\/11\/2025 al 14\/11\/2025<\/p>\n\n\n\n<p>En caso que haya una mesa que no tenga fecha designada, enviar al mail del Instituto el Espacio Curricular que se solicite.<\/p>\n\n\n\n<p>Mail: isp23elisadamiano@gmail.com<\/p>\n\n\n\n<p>Horario de inicio de los ex\u00e1menes finales: 19:15 hs.<\/p>\n\n\n\n<p>Permiso de Examen<\/p>\n\n\n\n<div class=\"wp-block-file\"><object class=\"wp-block-file__embed\" data=\"https:\/\/isp23-sfe.infd.edu.ar\/sitio\/wp-content\/uploads\/2025\/10\/Permisos-de-examenes-1.pdf\" type=\"application\/pdf\" style=\"width:100%;height:600px\" aria-label=\"Incrustado de Permisos-de-examenes-1.\"><\/object><a id=\"wp-block-file--media-c8eef4f4-ea07-4674-bb82-8e1b4b5ab422\" href=\"https:\/\/isp23-sfe.infd.edu.ar\/sitio\/wp-content\/uploads\/2025\/10\/Permisos-de-examenes-1.pdf\">Permisos-de-examenes-1<\/a><a href=\"https:\/\/isp23-sfe.infd.edu.ar\/sitio\/wp-content\/uploads\/2025\/10\/Permisos-de-examenes-1.pdf\" class=\"wp-block-file__button wp-element-button\" download aria-describedby=\"wp-block-file--media-c8eef4f4-ea07-4674-bb82-8e1b4b5ab422\">Descarga<\/a><\/div>\n\n\n\n<p>MESAS DE EX\u00c1MENES FINALES &#8211; Julio \/ Agosto 2025<\/p>\n\n\n\n<div class=\"wp-block-file\"><object class=\"wp-block-file__embed\" data=\"https:\/\/isp23-sfe.infd.edu.ar\/sitio\/wp-content\/uploads\/2025\/06\/2025-julio-agosto.pdf\" type=\"application\/pdf\" style=\"width:100%;height:600px\" aria-label=\"Incrustado de 2025-julio-agosto.\"><\/object><a id=\"wp-block-file--media-f338d793-afa0-4d7f-90ec-3b001e34f27a\" href=\"https:\/\/isp23-sfe.infd.edu.ar\/sitio\/wp-content\/uploads\/2025\/06\/2025-julio-agosto.pdf\">2025-julio-agosto<\/a><a href=\"https:\/\/isp23-sfe.infd.edu.ar\/sitio\/wp-content\/uploads\/2025\/06\/2025-julio-agosto.pdf\" class=\"wp-block-file__button wp-element-button\" download aria-describedby=\"wp-block-file--media-f338d793-afa0-4d7f-90ec-3b001e34f27a\">Descarga<\/a><\/div>\n\n\n\n<p>Per\u00edodo de inscripci\u00f3n: 17\/06\/2025 al 27\/06\/2025<\/p>\n\n\n\n<p>En caso que haya una mesa que&nbsp;<em>no tenga fecha designada<\/em>, enviar al mail del Instituto el Espacio Curricular que se solicite.<\/p>\n\n\n\n<p><strong>Mail: isp23elisadamiano@gmail.com<\/strong><\/p>\n\n\n\n<p><strong>Horario de inicio de los ex\u00e1menes finales<\/strong>: 19:15 hs.<\/p>\n\n\n\n<p>PERMISO DE EXAMEN<\/p>\n\n\n\n<div class=\"wp-block-file\"><object class=\"wp-block-file__embed\" data=\"https:\/\/isp23-sfe.infd.edu.ar\/sitio\/wp-content\/uploads\/2025\/06\/Permisos-de-examenes-1.pdf\" type=\"application\/pdf\" style=\"width:100%;height:600px\" aria-label=\"Incrustado de Permisos-de-examenes-1.\"><\/object><a id=\"wp-block-file--media-89fc2b2e-31cb-4b09-a00c-caf443702753\" href=\"https:\/\/isp23-sfe.infd.edu.ar\/sitio\/wp-content\/uploads\/2025\/06\/Permisos-de-examenes-1.pdf\">Permisos-de-examenes-1<\/a><a href=\"https:\/\/isp23-sfe.infd.edu.ar\/sitio\/wp-content\/uploads\/2025\/06\/Permisos-de-examenes-1.pdf\" class=\"wp-block-file__button wp-element-button\" download aria-describedby=\"wp-block-file--media-89fc2b2e-31cb-4b09-a00c-caf443702753\">Descarga<\/a><\/div>\n\n\n\n\n\n<p>Horarios Ciclo Lectivo 2025<\/p>\n\n\n\n<div class=\"wp-block-file\"><object class=\"wp-block-file__embed\" data=\"https:\/\/isp23-sfe.infd.edu.ar\/sitio\/wp-content\/uploads\/2025\/03\/ISP.-No23-Horarios-2025.pdf\" type=\"application\/pdf\" style=\"width:100%;height:600px\" aria-label=\"Incrustado de ISP.-No23-Horarios-2025.\"><\/object><a id=\"wp-block-file--media-118a4988-a19d-42cb-9885-f917d261e8ba\" href=\"https:\/\/isp23-sfe.infd.edu.ar\/sitio\/wp-content\/uploads\/2025\/03\/ISP.-No23-Horarios-2025.pdf\">ISP.-No23-Horarios-2025<\/a><a href=\"https:\/\/isp23-sfe.infd.edu.ar\/sitio\/wp-content\/uploads\/2025\/03\/ISP.-No23-Horarios-2025.pdf\" class=\"wp-block-file__button wp-element-button\" download aria-describedby=\"wp-block-file--media-118a4988-a19d-42cb-9885-f917d261e8ba\">Descarga<\/a><\/div>\n\n\n\n<p><strong>Cursos introductorios para INGRESANTES 2025<\/strong><\/p>\n\n\n\n<p>Material de trabajo <strong>T\u00e9cnico Superior en Desarrollo de Software<\/strong><\/p>\n\n\n\n<div class=\"wp-block-file\"><object class=\"wp-block-file__embed\" data=\"https:\/\/isp23-sfe.infd.edu.ar\/sitio\/wp-content\/uploads\/2025\/03\/PROPEDEUTICAS-ANO-2025-TSDS-MATEMATICA.pdf\" type=\"application\/pdf\" style=\"width:100%;height:600px\" aria-label=\"Incrustado de PROPEDEUTICAS-ANO-2025-TSDS-MATEMATICA.\"><\/object><a id=\"wp-block-file--media-dc954498-a492-4c21-a46b-8050b4bd044b\" href=\"https:\/\/isp23-sfe.infd.edu.ar\/sitio\/wp-content\/uploads\/2025\/03\/PROPEDEUTICAS-ANO-2025-TSDS-MATEMATICA.pdf\">PROPEDEUTICAS-ANO-2025-TSDS-MATEMATICA<\/a><a href=\"https:\/\/isp23-sfe.infd.edu.ar\/sitio\/wp-content\/uploads\/2025\/03\/PROPEDEUTICAS-ANO-2025-TSDS-MATEMATICA.pdf\" class=\"wp-block-file__button wp-element-button\" download aria-describedby=\"wp-block-file--media-dc954498-a492-4c21-a46b-8050b4bd044b\">Descarga<\/a><\/div>\n\n\n\n<p>Material de trabajo <strong>Profesorado de Educaci\u00f3n Secundaria en Biolog\u00eda<\/strong><\/p>\n\n\n\n<div class=\"wp-block-file\"><object class=\"wp-block-file__embed\" data=\"https:\/\/isp23-sfe.infd.edu.ar\/sitio\/wp-content\/uploads\/2025\/03\/PROPEDEUTICAS-ANO-2025-MATEMATICA-BIO.pdf\" type=\"application\/pdf\" style=\"width:100%;height:600px\" aria-label=\"Incrustado de PROPEDEUTICAS-ANO-2025-MATEMATICA-BIO.\"><\/object><a id=\"wp-block-file--media-ecb859f1-2946-4c7c-93ea-91174b4062f0\" href=\"https:\/\/isp23-sfe.infd.edu.ar\/sitio\/wp-content\/uploads\/2025\/03\/PROPEDEUTICAS-ANO-2025-MATEMATICA-BIO.pdf\">PROPEDEUTICAS-ANO-2025-MATEMATICA-BIO<\/a><a href=\"https:\/\/isp23-sfe.infd.edu.ar\/sitio\/wp-content\/uploads\/2025\/03\/PROPEDEUTICAS-ANO-2025-MATEMATICA-BIO.pdf\" class=\"wp-block-file__button wp-element-button\" download aria-describedby=\"wp-block-file--media-ecb859f1-2946-4c7c-93ea-91174b4062f0\">Descarga<\/a><\/div>\n\n\n\n<p>Material de trabajo <strong>T\u00e9cnico Superior en Gesti\u00f3n de las Organizaciones<\/strong><\/p>\n\n\n\n<div class=\"wp-block-file\"><object class=\"wp-block-file__embed\" data=\"https:\/\/isp23-sfe.infd.edu.ar\/sitio\/wp-content\/uploads\/2025\/03\/PROPEDEUTICAS-ANO-2025-TSGO-MATEMATICA.pdf\" type=\"application\/pdf\" style=\"width:100%;height:600px\" aria-label=\"Incrustado de PROPEDEUTICAS-ANO-2025-TSGO-MATEMATICA.\"><\/object><a id=\"wp-block-file--media-d1bbc667-4dc9-42f0-9109-ece70f4a5e2f\" href=\"https:\/\/isp23-sfe.infd.edu.ar\/sitio\/wp-content\/uploads\/2025\/03\/PROPEDEUTICAS-ANO-2025-TSGO-MATEMATICA.pdf\">PROPEDEUTICAS-ANO-2025-TSGO-MATEMATICA<\/a><a href=\"https:\/\/isp23-sfe.infd.edu.ar\/sitio\/wp-content\/uploads\/2025\/03\/PROPEDEUTICAS-ANO-2025-TSGO-MATEMATICA.pdf\" class=\"wp-block-file__button wp-element-button\" download aria-describedby=\"wp-block-file--media-d1bbc667-4dc9-42f0-9109-ece70f4a5e2f\">Descarga<\/a><\/div>\n\n\n\n<div class=\"wp-block-file\"><object class=\"wp-block-file__embed\" data=\"https:\/\/isp23-sfe.infd.edu.ar\/sitio\/wp-content\/uploads\/2025\/03\/Cuadernillo-propede\u0301uticas.pdf\" type=\"application\/pdf\" style=\"width:100%;height:600px\" aria-label=\"Incrustado de Cuadernillo-propede\u0301uticas.\"><\/object><a id=\"wp-block-file--media-e4b4ee77-a375-4223-aa4d-99f89b9b8bc5\" href=\"https:\/\/isp23-sfe.infd.edu.ar\/sitio\/wp-content\/uploads\/2025\/03\/Cuadernillo-propede\u0301uticas.pdf\">Cuadernillo-propede\u0301uticas<\/a><a href=\"https:\/\/isp23-sfe.infd.edu.ar\/sitio\/wp-content\/uploads\/2025\/03\/Cuadernillo-propede\u0301uticas.pdf\" class=\"wp-block-file__button wp-element-button\" download aria-describedby=\"wp-block-file--media-e4b4ee77-a375-4223-aa4d-99f89b9b8bc5\">Descarga<\/a><\/div>\n\n\n\n\n\n<p>Material de trabajo <strong>Profesorados de Educaci\u00f3n Inicial y Primaria<\/strong><\/p>\n\n\n\n<div class=\"wp-block-file\"><object class=\"wp-block-file__embed\" data=\"https:\/\/isp23-sfe.infd.edu.ar\/sitio\/wp-content\/uploads\/2025\/03\/Jornada-Propedeutica-TIC.pdf\" type=\"application\/pdf\" style=\"width:100%;height:600px\" aria-label=\"Incrustado de Jornada-Propedeutica-TIC.\"><\/object><a id=\"wp-block-file--media-4faf9918-68ec-461b-8525-8bfb52827b55\" href=\"https:\/\/isp23-sfe.infd.edu.ar\/sitio\/wp-content\/uploads\/2025\/03\/Jornada-Propedeutica-TIC.pdf\">Jornada-Propedeutica-TIC<\/a><a href=\"https:\/\/isp23-sfe.infd.edu.ar\/sitio\/wp-content\/uploads\/2025\/03\/Jornada-Propedeutica-TIC.pdf\" class=\"wp-block-file__button wp-element-button\" download aria-describedby=\"wp-block-file--media-4faf9918-68ec-461b-8525-8bfb52827b55\">Descarga<\/a><\/div>\n\n\n\n<div class=\"wp-block-file\"><object class=\"wp-block-file__embed\" data=\"https:\/\/isp23-sfe.infd.edu.ar\/sitio\/wp-content\/uploads\/2025\/03\/Propede\u0301utica-Cs.-Naturales-2024.pdf\" type=\"application\/pdf\" style=\"width:100%;height:600px\" aria-label=\"Incrustado de Propede\u0301utica-Cs.-Naturales-2024.\"><\/object><a id=\"wp-block-file--media-8cbe1507-0f27-49cd-98e5-2266f708f255\" href=\"https:\/\/isp23-sfe.infd.edu.ar\/sitio\/wp-content\/uploads\/2025\/03\/Propede\u0301utica-Cs.-Naturales-2024.pdf\">Propede\u0301utica-Cs.-Naturales-2024<\/a><a href=\"https:\/\/isp23-sfe.infd.edu.ar\/sitio\/wp-content\/uploads\/2025\/03\/Propede\u0301utica-Cs.-Naturales-2024.pdf\" class=\"wp-block-file__button wp-element-button\" download aria-describedby=\"wp-block-file--media-8cbe1507-0f27-49cd-98e5-2266f708f255\">Descarga<\/a><\/div>\n\n\n\n<div class=\"wp-block-file\"><object class=\"wp-block-file__embed\" data=\"https:\/\/isp23-sfe.infd.edu.ar\/sitio\/wp-content\/uploads\/2025\/03\/Programa-Evento-de-Tecnologi\u0301a-Lanzamiento-Profesional-Sencillo-Azul-y-Blanco.pdf.pdf\" type=\"application\/pdf\" style=\"width:100%;height:600px\" aria-label=\"Incrustado de Programa-Evento-de-Tecnologi\u0301a-Lanzamiento-Profesional-Sencillo-Azul-y-Blanco.pdf.\"><\/object><a id=\"wp-block-file--media-c8ffdb6a-a713-4502-9144-22ef3d15145b\" href=\"https:\/\/isp23-sfe.infd.edu.ar\/sitio\/wp-content\/uploads\/2025\/03\/Programa-Evento-de-Tecnologi\u0301a-Lanzamiento-Profesional-Sencillo-Azul-y-Blanco.pdf.pdf\">Programa-Evento-de-Tecnologi\u0301a-Lanzamiento-Profesional-Sencillo-Azul-y-Blanco.pdf<\/a><a href=\"https:\/\/isp23-sfe.infd.edu.ar\/sitio\/wp-content\/uploads\/2025\/03\/Programa-Evento-de-Tecnologi\u0301a-Lanzamiento-Profesional-Sencillo-Azul-y-Blanco.pdf.pdf\" class=\"wp-block-file__button wp-element-button\" download aria-describedby=\"wp-block-file--media-c8ffdb6a-a713-4502-9144-22ef3d15145b\">Descarga<\/a><\/div>\n\n\n\n<p><\/p>\n\n\n\n\n\n<p><\/p>\n\n\n\n\n\n<p>MESAS DE EX\u00c1MENES FINALES &#8211; Turno Febrero \/ Marzo 2025<\/p>\n\n\n\n<p>Per\u00edodo de <strong>Inscripci\u00f3n<\/strong>:  10\/02\/25 al 14\/02\/25<br><\/p>\n\n\n\n<div class=\"wp-block-file\"><object class=\"wp-block-file__embed\" data=\"https:\/\/isp23-sfe.infd.edu.ar\/sitio\/wp-content\/uploads\/2025\/02\/MESAS-FEBRERO-2025-1.pdf\" type=\"application\/pdf\" style=\"width:100%;height:600px\" aria-label=\"Incrustado de MESAS-FEBRERO-2025-1.\"><\/object><a id=\"wp-block-file--media-11f87dd7-747b-4d0e-981f-0d403ba5d073\" href=\"https:\/\/isp23-sfe.infd.edu.ar\/sitio\/wp-content\/uploads\/2025\/02\/MESAS-FEBRERO-2025-1.pdf\">MESAS-FEBRERO-2025-1<\/a><a href=\"https:\/\/isp23-sfe.infd.edu.ar\/sitio\/wp-content\/uploads\/2025\/02\/MESAS-FEBRERO-2025-1.pdf\" class=\"wp-block-file__button wp-element-button\" download aria-describedby=\"wp-block-file--media-11f87dd7-747b-4d0e-981f-0d403ba5d073\">Descarga<\/a><\/div>\n\n\n\n<p> <p>En caso que haya una mesa que\u00a0<em>no tenga fecha designada<\/em>, enviar al mail del Instituto el Espacio Curricular que se solicite.<\/p>   <p><strong>Mail: isp23elisadamiano@gmail.com<\/strong><\/p><strong style=\"font-size: revert;\">Horario de inicio de los ex\u00e1menes finales<\/strong><span style=\"font-size: revert;\">: 19:15 hs.<\/span> <\/p>\n\n\n\n<p><strong>PERMISO DE EXAMEN<\/strong><\/p>\n\n\n\n<div class=\"wp-block-file\"><object class=\"wp-block-file__embed\" data=\"https:\/\/isp23-sfe.infd.edu.ar\/sitio\/wp-content\/uploads\/2025\/02\/Permisos-de-examenes.pdf\" type=\"application\/pdf\" style=\"width:100%;height:600px\" aria-label=\"Incrustado de Permisos-de-examenes.\"><\/object><a id=\"wp-block-file--media-1a721714-6a1d-4371-bedf-6abcbedfde69\" href=\"https:\/\/isp23-sfe.infd.edu.ar\/sitio\/wp-content\/uploads\/2025\/02\/Permisos-de-examenes.pdf\">Permisos-de-examenes<\/a><a href=\"https:\/\/isp23-sfe.infd.edu.ar\/sitio\/wp-content\/uploads\/2025\/02\/Permisos-de-examenes.pdf\" class=\"wp-block-file__button wp-element-button\" download aria-describedby=\"wp-block-file--media-1a721714-6a1d-4371-bedf-6abcbedfde69\">Descarga<\/a><\/div>\n\n\n\n<p><\/p>\n\n\n\n<p><strong>Tribunales Mesas de Ex\u00e1menes Finales 2024<\/strong><\/p>\n\n\n\n<p><strong>Tribunales semana 16\/12 al 20\/12<\/strong><\/p>\n\n\n\n<p><strong>Tribunales semana 09\/12 al 13\/12<\/strong><\/p>\n\n\n\n<div class=\"wp-block-file\"><object class=\"wp-block-file__embed\" data=\"https:\/\/isp23-sfe.infd.edu.ar\/sitio\/wp-content\/uploads\/2024\/12\/TRIBUNALES-semana-09-12-al-13-12.pdf\" type=\"application\/pdf\" style=\"width:100%;height:600px\" aria-label=\"Incrustado de TRIBUNALES-semana-09-12-al-13-12.\"><\/object><a id=\"wp-block-file--media-b86ff0a1-1d85-4ed0-bec8-ab4ff3ee44e6\" href=\"https:\/\/isp23-sfe.infd.edu.ar\/sitio\/wp-content\/uploads\/2024\/12\/TRIBUNALES-semana-09-12-al-13-12.pdf\">TRIBUNALES-semana-09-12-al-13-12<\/a><a href=\"https:\/\/isp23-sfe.infd.edu.ar\/sitio\/wp-content\/uploads\/2024\/12\/TRIBUNALES-semana-09-12-al-13-12.pdf\" class=\"wp-block-file__button wp-element-button\" download aria-describedby=\"wp-block-file--media-b86ff0a1-1d85-4ed0-bec8-ab4ff3ee44e6\">Descarga<\/a><\/div>\n\n\n\n<p><strong>Tribunales semana 02\/12 al 06\/12<\/strong><\/p>\n\n\n\n<div class=\"wp-block-file\"><object class=\"wp-block-file__embed\" data=\"https:\/\/isp23-sfe.infd.edu.ar\/sitio\/wp-content\/uploads\/2024\/11\/Turno-NOV-DIC-Semana-2.12-al-6.12.pdf\" type=\"application\/pdf\" style=\"width:100%;height:490px\" aria-label=\"Incrustado de Turno-NOV-DIC-Semana-2.12-al-6.12.\"><\/object><a id=\"wp-block-file--media-6549ddb3-135e-49e7-b2f0-94e7c11a2102\" href=\"https:\/\/isp23-sfe.infd.edu.ar\/sitio\/wp-content\/uploads\/2024\/11\/Turno-NOV-DIC-Semana-2.12-al-6.12.pdf\">Turno-NOV-DIC-Semana-2.12-al-6.12<\/a><a href=\"https:\/\/isp23-sfe.infd.edu.ar\/sitio\/wp-content\/uploads\/2024\/11\/Turno-NOV-DIC-Semana-2.12-al-6.12.pdf\" class=\"wp-block-file__button wp-element-button\" download aria-describedby=\"wp-block-file--media-6549ddb3-135e-49e7-b2f0-94e7c11a2102\">Descarga<\/a><\/div>\n\n\n\n<p><strong>Semana 25\/11 al 29\/11<\/strong><br><\/p>\n\n\n\n<div class=\"wp-block-file\"><object class=\"wp-block-file__embed\" data=\"https:\/\/isp23-sfe.infd.edu.ar\/sitio\/wp-content\/uploads\/2024\/11\/EXAMENES-FINALES-Tribunales-25-11-al-29-11.pdf\" type=\"application\/pdf\" style=\"width:100%;height:600px\" aria-label=\"Incrustado de EXAMENES-FINALES-Tribunales-25-11-al-29-11.\"><\/object><a id=\"wp-block-file--media-c3d3dd53-dbec-4dd4-a45f-97e5c66a20a5\" href=\"https:\/\/isp23-sfe.infd.edu.ar\/sitio\/wp-content\/uploads\/2024\/11\/EXAMENES-FINALES-Tribunales-25-11-al-29-11.pdf\">EXAMENES-FINALES-Tribunales-25-11-al-29-11<\/a><a href=\"https:\/\/isp23-sfe.infd.edu.ar\/sitio\/wp-content\/uploads\/2024\/11\/EXAMENES-FINALES-Tribunales-25-11-al-29-11.pdf\" class=\"wp-block-file__button wp-element-button\" download aria-describedby=\"wp-block-file--media-c3d3dd53-dbec-4dd4-a45f-97e5c66a20a5\">Descarga<\/a><\/div>\n\n\n\n<p><strong>INSCRIPCI\u00d3N A CARRERAS<\/strong><\/p>\n\n\n\n<p><strong><mark style=\"background-color:rgba(0, 0, 0, 0)\" class=\"has-inline-color has-contrast-2-color\">CICLO LECTIVO 2025<\/mark><\/strong><\/p>\n\n\n\n<p><strong>El per\u00edodo de inscripci\u00f3n: <\/strong>21\/11 al 16\/12 <\/p>\n\n\n\n<p><strong>Horario de atenci\u00f3n:<\/strong> 18 a 22 hs.<\/p>\n\n\n\n<div class=\"wp-block-file\"><object class=\"wp-block-file__embed\" data=\"https:\/\/isp23-sfe.infd.edu.ar\/sitio\/wp-content\/uploads\/2024\/11\/FORMULARIO-INSCRIPCION-2025.pdf\" type=\"application\/pdf\" style=\"width:100%;height:600px\" aria-label=\"Incrustado de FORMULARIO-INSCRIPCION-2025.\"><\/object><a id=\"wp-block-file--media-ac4843aa-b544-47a4-90e8-1b99e5761ca3\" href=\"https:\/\/isp23-sfe.infd.edu.ar\/sitio\/wp-content\/uploads\/2024\/11\/FORMULARIO-INSCRIPCION-2025.pdf\">FORMULARIO-INSCRIPCION-2025<\/a><a href=\"https:\/\/isp23-sfe.infd.edu.ar\/sitio\/wp-content\/uploads\/2024\/11\/FORMULARIO-INSCRIPCION-2025.pdf\" class=\"wp-block-file__button wp-element-button\" download aria-describedby=\"wp-block-file--media-ac4843aa-b544-47a4-90e8-1b99e5761ca3\">Descarga<\/a><\/div>\n\n\n\n<p>MESAS DE EXAMENES FINALES &#8211; Turno: Noviembre\/Diciembre<\/p>\n\n\n\n<div class=\"wp-block-file\"><object class=\"wp-block-file__embed\" data=\"https:\/\/isp23-sfe.infd.edu.ar\/sitio\/wp-content\/uploads\/2024\/10\/MESAS-2024-NOV-DIC-V1.pdf\" type=\"application\/pdf\" style=\"width:100%;height:590px\" aria-label=\"Incrustado de MESAS-2024-NOV-DIC-V1.\"><\/object><a id=\"wp-block-file--media-d3da3059-7254-445c-8fdf-cef364d7f51a\" href=\"https:\/\/isp23-sfe.infd.edu.ar\/sitio\/wp-content\/uploads\/2024\/10\/MESAS-2024-NOV-DIC-V1.pdf\">MESAS-2024-NOV-DIC-V1<\/a><a href=\"https:\/\/isp23-sfe.infd.edu.ar\/sitio\/wp-content\/uploads\/2024\/10\/MESAS-2024-NOV-DIC-V1.pdf\" class=\"wp-block-file__button wp-element-button\" download aria-describedby=\"wp-block-file--media-d3da3059-7254-445c-8fdf-cef364d7f51a\">Descarga<\/a><\/div>\n\n\n\n<p><strong>Per\u00edodo de inscripci\u00f3n:<\/strong>&nbsp;11 al 15 de noviembre<br><\/p>\n\n\n\n<p>En caso que haya una mesa que&nbsp;<em>no tenga fecha designada<\/em>, enviar al mail del Instituto el Espacio Curricular que se solicite.<\/p>\n\n\n\n<p><strong>Mail: isp23elisadamiano@gmail.com<\/strong><\/p>\n\n\n\n<p><strong>Horario de inicio de los ex\u00e1menes finales<\/strong>: 19:15 hs.<\/p>\n\n\n\n<div class=\"wp-block-file\"><a id=\"wp-block-file--media-2f334202-f5cc-4200-a0b1-216163c8a71c\" href=\"https:\/\/isp23-sfe.infd.edu.ar\/sitio\/wp-content\/uploads\/2024\/10\/Permisos-de-examenes.docx\">Permisos-de-examenes<\/a><a href=\"https:\/\/isp23-sfe.infd.edu.ar\/sitio\/wp-content\/uploads\/2024\/10\/Permisos-de-examenes.docx\" class=\"wp-block-file__button wp-element-button\" download aria-describedby=\"wp-block-file--media-2f334202-f5cc-4200-a0b1-216163c8a71c\">Descarga<\/a><\/div>\n\n\n\n<p><br><\/p>\n\n\n\n<p><strong>MESAS DE EX\u00c1MENES FINALES &#8211; Julio\/Agosto<\/strong><\/p>\n\n\n\n<div class=\"wp-block-file\"><object class=\"wp-block-file__embed\" data=\"https:\/\/isp23-sfe.infd.edu.ar\/sitio\/wp-content\/uploads\/2024\/07\/Mesas-de-Examenes-Finales-Tribunales.pdf\" type=\"application\/pdf\" style=\"width:100%;height:600px\" aria-label=\"Incrustado de Mesas-de-Examenes-Finales-Tribunales.\"><\/object><a id=\"wp-block-file--media-793cf6ca-ce07-45ea-b2a8-585f876fc599\" href=\"https:\/\/isp23-sfe.infd.edu.ar\/sitio\/wp-content\/uploads\/2024\/07\/Mesas-de-Examenes-Finales-Tribunales.pdf\">Mesas-de-Examenes-Finales-Tribunales<\/a><a href=\"https:\/\/isp23-sfe.infd.edu.ar\/sitio\/wp-content\/uploads\/2024\/07\/Mesas-de-Examenes-Finales-Tribunales.pdf\" class=\"wp-block-file__button wp-element-button\" download aria-describedby=\"wp-block-file--media-793cf6ca-ce07-45ea-b2a8-585f876fc599\">Descarga<\/a><\/div>\n\n\n\n<p><strong>MESAS DE EX\u00c1MENES FINALES Turno Julio &#8211; Agosto<\/strong><\/p>\n\n\n\n<p><strong>Per\u00edodo de inscripci\u00f3n:<\/strong>&nbsp;18 al 28 de junio<br>En caso que haya una mesa que&nbsp;<em>no tenga fecha designada<\/em>, enviar al mail del Instituto el Espacio Curricular que se solicite.&nbsp;<\/p>\n\n\n\n<p><strong>Mail: isp23elisadamiano@gmail.com<\/strong><\/p>\n\n\n\n<p>Secretar\u00eda.<\/p>\n\n\n\n<div class=\"wp-block-file\"><object class=\"wp-block-file__embed\" data=\"https:\/\/isp23-sfe.infd.edu.ar\/sitio\/wp-content\/uploads\/2024\/06\/MESAS-DE-EXAMENES-2024-JULIO-AGOSTO-2.pdf\" type=\"application\/pdf\" style=\"width:100%;height:600px\" aria-label=\"Incrustado de MESAS-DE-EXAMENES-2024-JULIO-AGOSTO-2.\"><\/object><a id=\"wp-block-file--media-20757731-dd4c-40f4-86df-3b43abb48001\" href=\"https:\/\/isp23-sfe.infd.edu.ar\/sitio\/wp-content\/uploads\/2024\/06\/MESAS-DE-EXAMENES-2024-JULIO-AGOSTO-2.pdf\">MESAS-DE-EXAMENES-2024-JULIO-AGOSTO-2<\/a><a href=\"https:\/\/isp23-sfe.infd.edu.ar\/sitio\/wp-content\/uploads\/2024\/06\/MESAS-DE-EXAMENES-2024-JULIO-AGOSTO-2.pdf\" class=\"wp-block-file__button wp-element-button\" download aria-describedby=\"wp-block-file--media-20757731-dd4c-40f4-86df-3b43abb48001\">Descarga<\/a><\/div>\n\n\n\n<h1 class=\"wp-block-heading\">HORARIO &#8211; TSGO<\/h1>\n\n\n\n<div class=\"wp-block-file\"><object class=\"wp-block-file__embed\" data=\"https:\/\/isp23-sfe.infd.edu.ar\/sitio\/wp-content\/uploads\/2024\/05\/TGO-2024.pdf\" type=\"application\/pdf\" style=\"width:100%;height:600px\" aria-label=\"Incrustado de TGO-2024.\"><\/object><a id=\"wp-block-file--media-283d0135-1eae-4660-8535-aced87b15dda\" href=\"https:\/\/isp23-sfe.infd.edu.ar\/sitio\/wp-content\/uploads\/2024\/05\/TGO-2024.pdf\">TGO-2024<\/a><a href=\"https:\/\/isp23-sfe.infd.edu.ar\/sitio\/wp-content\/uploads\/2024\/05\/TGO-2024.pdf\" class=\"wp-block-file__button wp-element-button\" download aria-describedby=\"wp-block-file--media-283d0135-1eae-4660-8535-aced87b15dda\">Descarga<\/a><\/div>\n\n\n\n<p>T\u00e9cnico Superior en Gesti\u00f3n de las Organizaciones<\/p>\n\n\n\n<p> <p><strong>INFORMO A LOS ALUMNOS LOS NUEVOS HORARIOS QUE SE IMPLEMENTAR\u00c1N A PARTIR DEL D\u00cdA LUNES 6 DE MAYO DE 2024.<\/strong><\/p>   <p><strong>SALUDA ATTE. DIRECTOR CARLOS PAIRETTI<\/strong><\/p> <\/p>\n\n\n\n<p>&#8212;&#8212;&#8212;&#8212;&#8212;&#8212;&#8212;&#8212;&#8212;&#8212;&#8212;&#8212;&#8212;&#8212;&#8212;&#8212;&#8212;&#8212;&#8212;&#8212;&#8212;&#8212;&#8212;&#8212;&#8212;&#8212;&#8212;&#8212;&#8212;&#8212;&#8212;&#8212;&#8212;&#8212;&#8212;&#8212;&#8212;&#8212;&#8212;&#8212;&#8212;&#8212;&#8212;&#8212;&#8212;&#8212;&#8212;&#8212;&#8212;&#8212;&#8212;&#8212;&#8212;&#8212;&#8212;&#8212;&#8212;&#8212;&#8212;&#8212;&#8212;&#8212;&#8211;<\/p>\n\n\n\n<p><strong>INICIO DE CLASES<\/strong><\/p>\n\n\n\n<p>LUNES 25 DE MARZO <\/p>\n\n\n\n<p>HORARIOS: Profesorados 18:45 hs y Tecnicaturas 19:25hs.<\/p>\n\n\n\n<p>ACTO INICIO DE CLASES DEL INSTITUTO 19:30hs<\/p>\n\n\n\n<p><strong>HORARIOS 2024<\/strong><\/p>\n\n\n\n<div class=\"wp-block-file\"><object class=\"wp-block-file__embed\" data=\"https:\/\/isp23-sfe.infd.edu.ar\/sitio\/wp-content\/uploads\/2024\/03\/ISP-23-Horarios-Ciclo-Lectivo-2024-1-1.pdf\" type=\"application\/pdf\" style=\"width:100%;height:600px\" aria-label=\"Incrustado de ISP-23-Horarios-Ciclo-Lectivo-2024-1-1.\"><\/object><a id=\"wp-block-file--media-f030ee24-2579-4189-b878-7ccec97b04c5\" href=\"https:\/\/isp23-sfe.infd.edu.ar\/sitio\/wp-content\/uploads\/2024\/03\/ISP-23-Horarios-Ciclo-Lectivo-2024-1-1.pdf\">ISP-23-Horarios-Ciclo-Lectivo-2024-1-1<\/a><a href=\"https:\/\/isp23-sfe.infd.edu.ar\/sitio\/wp-content\/uploads\/2024\/03\/ISP-23-Horarios-Ciclo-Lectivo-2024-1-1.pdf\" class=\"wp-block-file__button wp-element-button\" download aria-describedby=\"wp-block-file--media-f030ee24-2579-4189-b878-7ccec97b04c5\">Descarga<\/a><\/div>\n\n\n\n<p><\/p>\n\n\n\n<p><strong><mark style=\"background-color:rgba(0, 0, 0, 0)\" class=\"has-inline-color has-accent-color\">MESAS DE EX\u00c1MENES MARZO 2024<\/mark><\/strong><\/p>\n\n\n\n<p><mark style=\"background-color:rgba(0, 0, 0, 0)\" class=\"has-inline-color has-accent-color\"><strong>MESAS REPROGRAMADAS<\/strong><\/mark><\/p>\n\n\n\n<div class=\"wp-block-file\"><object class=\"wp-block-file__embed\" data=\"https:\/\/isp23-sfe.infd.edu.ar\/sitio\/wp-content\/uploads\/2024\/03\/MESAS-REPROGRAMADAS.pdf\" type=\"application\/pdf\" style=\"width:100%;height:600px\" aria-label=\"Incrustado de MESAS-REPROGRAMADAS.\"><\/object><a id=\"wp-block-file--media-5c0c2fda-61a7-47d9-9435-5b2737dbd66a\" href=\"https:\/\/isp23-sfe.infd.edu.ar\/sitio\/wp-content\/uploads\/2024\/03\/MESAS-REPROGRAMADAS.pdf\">MESAS-REPROGRAMADAS<\/a><a href=\"https:\/\/isp23-sfe.infd.edu.ar\/sitio\/wp-content\/uploads\/2024\/03\/MESAS-REPROGRAMADAS.pdf\" class=\"wp-block-file__button wp-element-button\" download aria-describedby=\"wp-block-file--media-5c0c2fda-61a7-47d9-9435-5b2737dbd66a\">Descarga<\/a><\/div>\n\n\n\n<p><strong><em>RECORDATORIO: <\/em><\/strong><\/p>\n\n\n\n<ul>\n<li><strong><em>Las mesas de ex\u00e1menes correspondientes al 7 y 8 de marzo, pasan al 21 y 22<\/em><\/strong> <strong><em>de marzo<\/em><\/strong><\/li>\n\n\n\n<li><strong><em>Las<\/em><\/strong><em style=\"font-weight: bold;\"> mesas de ex\u00e1menes correspondientes al 26 y 27 de febrero, debido a las medidas de fuerza,  pasan al segundo llamado.<\/em> <\/li>\n<\/ul>\n\n\n\n<ul>\n<li><strong><em>LAS MESAS DEL 28 DE FEBRERO INICIAR\u00c1N A LAS  19:45HS.<\/em><\/strong><\/li>\n<\/ul>\n\n\n\n<p><\/p>\n\n\n\n<p>Se adjunta <strong>MESAS DE EX\u00c1MENES DEL TURNO FEBRERO &#8211; MARZO (1\u00ba llamado)<\/strong><\/p>\n\n\n\n<div class=\"wp-block-file\"><object class=\"wp-block-file__embed\" data=\"https:\/\/isp23-sfe.infd.edu.ar\/sitio\/wp-content\/uploads\/2024\/02\/MESAS-DEL-19-02-AL-01-03-2024.pdf\" type=\"application\/pdf\" style=\"width:100%;height:600px\" aria-label=\"Incrustado de MESAS-DEL-19-02-AL-01-03-2024.\"><\/object><a id=\"wp-block-file--media-7ab1da23-d908-4bd9-8134-6c2fb8047d4b\" href=\"https:\/\/isp23-sfe.infd.edu.ar\/sitio\/wp-content\/uploads\/2024\/02\/MESAS-DEL-19-02-AL-01-03-2024.pdf\">MESAS-DEL-19-02-AL-01-03-2024<\/a><a href=\"https:\/\/isp23-sfe.infd.edu.ar\/sitio\/wp-content\/uploads\/2024\/02\/MESAS-DEL-19-02-AL-01-03-2024.pdf\" class=\"wp-block-file__button wp-element-button\" download aria-describedby=\"wp-block-file--media-7ab1da23-d908-4bd9-8134-6c2fb8047d4b\">Descarga<\/a><\/div>\n\n\n\n<div class=\"wp-block-file\"><object class=\"wp-block-file__embed\" data=\"https:\/\/isp23-sfe.infd.edu.ar\/sitio\/wp-content\/uploads\/2023\/12\/EXAMENES-2024.pdf\" type=\"application\/pdf\" style=\"width:100%;height:600px\" aria-label=\"Incrustado de EXAMENES-2024.\"><\/object><a id=\"wp-block-file--media-7e3d6d60-5892-4608-b1df-c139be0a9742\" href=\"https:\/\/isp23-sfe.infd.edu.ar\/sitio\/wp-content\/uploads\/2023\/12\/EXAMENES-2024.pdf\">EXAMENES-2024<\/a><a href=\"https:\/\/isp23-sfe.infd.edu.ar\/sitio\/wp-content\/uploads\/2023\/12\/EXAMENES-2024.pdf\" class=\"wp-block-file__button wp-element-button\" download aria-describedby=\"wp-block-file--media-7e3d6d60-5892-4608-b1df-c139be0a9742\">Descarga<\/a><\/div>\n\n\n\n<p><strong>INSCRIPCI\u00d3N PRIMER A\u00d1O 2024<\/strong><\/p>\n\n\n\n<p>Se adjunta PLANILLA DE INSCRIPCI\u00d3N A PRIMER A\u00d1O 2024<\/p>\n\n\n\n<div class=\"wp-block-file\"><a id=\"wp-block-file--media-90a37cd1-f50a-443c-be6d-b04735deff81\" href=\"https:\/\/isp23-sfe.infd.edu.ar\/sitio\/wp-content\/uploads\/2023\/11\/ISP23_FORMULARIO_INSCRIPCION.2024-1.doc\">ISP23_FORMULARIO_INSCRIPCION.2024-1<\/a><a href=\"https:\/\/isp23-sfe.infd.edu.ar\/sitio\/wp-content\/uploads\/2023\/11\/ISP23_FORMULARIO_INSCRIPCION.2024-1.doc\" class=\"wp-block-file__button wp-element-button\" download aria-describedby=\"wp-block-file--media-90a37cd1-f50a-443c-be6d-b04735deff81\">Descarga<\/a><\/div>\n\n\n\n<p><strong><u>Fechas de ex\u00e1menes: Aclaraciones<\/u><\/strong><\/p>\n\n\n\n<p><strong><u>PEI<\/u><\/strong><\/p>\n\n\n\n<ul>\n<li>1<sup>er.<\/sup> PEDAGOG\u00cdA&nbsp; 04\/12\/2023 \u2013 18\/12\/2023<\/li>\n<\/ul>\n\n\n\n<p><strong><u>BIOLOG\u00cdA<\/u><\/strong><\/p>\n\n\n\n<ul>\n<li>3<sup>ero. <\/sup>&nbsp;SUJETOS DE LA EDUCACI\u00d3N SECUNDARIA 29\/11\/2023 \u2013 13\/12\/2023<\/li>\n<\/ul>\n\n\n\n<p><strong><u>MATEM\u00c1TICA<\/u><\/strong><\/p>\n\n\n\n<ul>\n<li>2<sup>do. <\/sup>INSTITUCIONES EDUCATIVAS 17\/11\/2023 \u2013 01\/12\/2023<\/li>\n\n\n\n<li>2<sup>do. <\/sup>PSICOLOG\u00cdA Y EDUCACI\u00d3N 23\/11\/2023 \u2013 07\/12\/2023<\/li>\n\n\n\n<li>3<sup>ero. <\/sup>SUJETOS DE LA EDUCACI\u00d3N SECUNDARIA 29\/11\/2023 \u2013 13\/12\/2023<\/li>\n\n\n\n<li>3<sup>ero. <\/sup>TALLER III 22\/11\/2023<\/li>\n\n\n\n<li>4<sup>to. <\/sup>TALLER IV<\/li>\n<\/ul>\n\n\n\n<p><strong><u>TSDS<\/u><\/strong><\/p>\n\n\n\n<ul>\n<li>1<sup>ero. <\/sup>INGL\u00c9S T\u00c9CNICO 29\/11\/2023 \u2013 13\/12\/2023&nbsp;&nbsp;&nbsp;&nbsp;&nbsp;&nbsp;&nbsp;&nbsp;&nbsp;&nbsp;&nbsp;&nbsp;&nbsp;&nbsp;&nbsp;&nbsp;&nbsp;&nbsp;&nbsp;&nbsp;&nbsp;&nbsp;&nbsp;&nbsp;&nbsp;&nbsp;&nbsp;&nbsp;&nbsp;&nbsp;&nbsp;&nbsp;&nbsp;&nbsp;&nbsp;&nbsp;&nbsp;&nbsp;&nbsp;&nbsp;&nbsp;&nbsp;&nbsp;&nbsp;&nbsp;&nbsp;&nbsp;&nbsp;&nbsp;&nbsp;&nbsp;&nbsp;&nbsp;&nbsp;&nbsp;&nbsp;&nbsp;&nbsp;&nbsp;&nbsp;&nbsp;&nbsp;&nbsp;&nbsp;&nbsp;&nbsp;&nbsp;&nbsp;&nbsp;&nbsp;&nbsp;&nbsp;&nbsp;&nbsp;&nbsp;&nbsp;&nbsp;&nbsp;&nbsp;&nbsp;&nbsp;&nbsp;&nbsp;&nbsp;&nbsp;&nbsp;&nbsp;&nbsp;&nbsp;&nbsp;&nbsp;&nbsp;&nbsp;&nbsp;&nbsp;&nbsp;&nbsp;&nbsp;&nbsp;&nbsp;&nbsp;&nbsp;&nbsp;&nbsp;&nbsp;&nbsp;&nbsp;&nbsp;&nbsp;&nbsp;&nbsp;&nbsp;&nbsp;&nbsp;&nbsp;&nbsp;&nbsp;&nbsp;&nbsp;&nbsp;&nbsp;&nbsp;&nbsp;&nbsp;&nbsp;&nbsp;&nbsp;&nbsp;&nbsp;&nbsp;&nbsp;&nbsp;&nbsp;&nbsp;&nbsp;&nbsp;&nbsp;&nbsp;&nbsp;&nbsp;&nbsp;&nbsp;&nbsp;&nbsp;&nbsp;&nbsp;&nbsp;&nbsp;&nbsp;&nbsp;&nbsp;&nbsp;&nbsp;&nbsp;&nbsp;&nbsp;&nbsp;&nbsp;&nbsp;&nbsp;&nbsp;&nbsp;&nbsp;&nbsp;&nbsp;&nbsp;&nbsp;&nbsp;&nbsp;&nbsp;&nbsp;&nbsp;&nbsp;&nbsp;&nbsp;&nbsp;&nbsp;&nbsp;&nbsp;&nbsp;&nbsp;&nbsp;&nbsp;&nbsp;&nbsp;&nbsp;&nbsp;&nbsp;&nbsp;&nbsp;&nbsp;&nbsp;&nbsp;&nbsp;&nbsp;&nbsp;&nbsp;&nbsp;&nbsp;&nbsp;&nbsp;&nbsp;&nbsp;&nbsp;&nbsp;&nbsp;&nbsp;&nbsp;&nbsp;&nbsp;&nbsp;&nbsp;&nbsp;&nbsp;&nbsp;&nbsp;&nbsp;&nbsp;&nbsp;&nbsp;&nbsp;&nbsp;&nbsp;&nbsp;&nbsp;&nbsp;&nbsp;&nbsp;&nbsp;&nbsp;&nbsp;&nbsp;&nbsp;&nbsp;&nbsp;&nbsp;&nbsp;&nbsp;&nbsp;&nbsp;&nbsp;&nbsp;&nbsp;&nbsp;&nbsp;&nbsp;&nbsp;&nbsp;&nbsp;&nbsp;&nbsp;&nbsp;&nbsp;&nbsp;&nbsp;&nbsp;&nbsp;&nbsp;&nbsp;&nbsp;&nbsp;&nbsp;&nbsp;&nbsp;&nbsp;&nbsp;&nbsp;&nbsp;&nbsp;&nbsp;&nbsp;&nbsp;&nbsp;&nbsp;&nbsp;&nbsp;&nbsp;&nbsp;&nbsp;&nbsp;&nbsp;&nbsp;&nbsp;&nbsp;&nbsp;&nbsp;&nbsp;&nbsp;&nbsp;&nbsp;&nbsp;&nbsp;&nbsp;&nbsp;&nbsp;&nbsp;&nbsp;&nbsp;&nbsp;&nbsp;&nbsp;&nbsp;&nbsp;&nbsp;&nbsp;&nbsp;&nbsp;&nbsp;&nbsp;&nbsp;&nbsp;&nbsp;&nbsp;&nbsp;&nbsp;&nbsp;&nbsp;&nbsp;&nbsp;&nbsp;&nbsp;&nbsp;&nbsp;&nbsp;&nbsp;&nbsp;&nbsp;&nbsp;&nbsp;&nbsp;&nbsp;&nbsp;&nbsp;&nbsp;&nbsp;&nbsp;&nbsp;&nbsp;&nbsp;&nbsp;&nbsp;&nbsp;&nbsp;&nbsp;&nbsp;&nbsp;&nbsp;&nbsp;&nbsp;&nbsp;&nbsp;&nbsp;&nbsp;&nbsp;&nbsp;&nbsp;&nbsp;&nbsp;&nbsp;&nbsp;&nbsp;&nbsp;&nbsp;&nbsp;&nbsp;&nbsp;&nbsp;&nbsp;&nbsp;&nbsp;&nbsp;&nbsp;&nbsp;&nbsp;&nbsp;&nbsp;&nbsp;&nbsp;&nbsp;&nbsp;&nbsp;&nbsp;&nbsp;&nbsp;&nbsp;&nbsp;&nbsp;&nbsp;&nbsp;&nbsp;&nbsp;&nbsp;&nbsp;&nbsp;&nbsp;&nbsp;&nbsp;&nbsp;&nbsp;&nbsp;&nbsp;&nbsp;&nbsp;&nbsp;&nbsp;&nbsp;&nbsp;&nbsp;&nbsp;&nbsp;&nbsp;&nbsp;&nbsp;&nbsp;&nbsp;&nbsp;&nbsp;&nbsp;&nbsp;&nbsp;&nbsp;&nbsp;&nbsp;&nbsp;&nbsp;&nbsp;&nbsp;&nbsp;&nbsp;&nbsp;&nbsp;&nbsp;&nbsp;&nbsp;&nbsp;&nbsp;&nbsp;&nbsp;&nbsp;&nbsp;&nbsp;&nbsp;&nbsp;&nbsp;&nbsp;&nbsp;&nbsp;&nbsp;<\/li>\n<\/ul>\n\n\n\n<p><\/p>\n\n\n\n<div class=\"wp-block-file\"><object class=\"wp-block-file__embed\" data=\"https:\/\/isp23-sfe.infd.edu.ar\/sitio\/wp-content\/uploads\/2023\/10\/Permisos-de-examenes-1-1.pdf\" type=\"application\/pdf\" style=\"width:100%;height:600px\" aria-label=\"Incrustado de Permisos-de-examenes-1-1.\"><\/object><a id=\"wp-block-file--media-ed9500df-7a65-4949-adf7-c16b9a4a3714\" href=\"https:\/\/isp23-sfe.infd.edu.ar\/sitio\/wp-content\/uploads\/2023\/10\/Permisos-de-examenes-1-1.pdf\">Permisos-de-examenes-1-1<\/a><a href=\"https:\/\/isp23-sfe.infd.edu.ar\/sitio\/wp-content\/uploads\/2023\/10\/Permisos-de-examenes-1-1.pdf\" class=\"wp-block-file__button wp-element-button\" download aria-describedby=\"wp-block-file--media-ed9500df-7a65-4949-adf7-c16b9a4a3714\">Descarga<\/a><\/div>\n\n\n\n<p><\/p>\n\n\n\n<p><\/p>\n\n\n\n<p class=\"has-large-font-size\"><strong><mark style=\"background-color:rgba(0, 0, 0, 0)\" class=\"has-inline-color has-accent-color\">MESAS DE EX\u00c1MENES NOVIEMBRE -DICIEMBRE 2023<\/mark><\/strong><\/p>\n\n\n\n<p>Semana del 17\/11 al 18\/12<\/p>\n\n\n\n<p>En caso que haya una mesa que no tenga fecha designada, enviar al mail del Instituto el espacio curricular que se solicite. isp23elisadamiano@gmail.com<\/p>\n\n\n\n<p>Per\u00edodo de inscripci\u00f3n a mesas de ex\u00e1menes del 30\/10 al 02\/11.<\/p>\n\n\n\n<div class=\"wp-block-file\"><object class=\"wp-block-file__embed\" data=\"https:\/\/isp23-sfe.infd.edu.ar\/sitio\/wp-content\/uploads\/2023\/10\/MESAS-nov-dic-2023-1.pdf\" type=\"application\/pdf\" style=\"width:100%;height:600px\" aria-label=\"Incrustado de MESAS-nov-dic-2023-1.\"><\/object><a id=\"wp-block-file--media-e81469d1-0d99-46c3-bd6d-a10ea20f62ea\" href=\"https:\/\/isp23-sfe.infd.edu.ar\/sitio\/wp-content\/uploads\/2023\/10\/MESAS-nov-dic-2023-1.pdf\">MESAS-nov-dic-2023-1<\/a><a href=\"https:\/\/isp23-sfe.infd.edu.ar\/sitio\/wp-content\/uploads\/2023\/10\/MESAS-nov-dic-2023-1.pdf\" class=\"wp-block-file__button wp-element-button\" download aria-describedby=\"wp-block-file--media-e81469d1-0d99-46c3-bd6d-a10ea20f62ea\">Descarga<\/a><\/div>\n\n\n\n<p><\/p>\n\n\n\n<p>En caso que haya una mesa que no tenga fecha designada, enviar al mail del Instituto el espacio curricular que se solicite<\/p>\n\n\n\n<div class=\"wp-block-file\"><object class=\"wp-block-file__embed\" data=\"https:\/\/isp23-sfe.infd.edu.ar\/sitio\/wp-content\/uploads\/2023\/06\/MESAS_Jul_Ago-2023-9.pdf\" type=\"application\/pdf\" style=\"width:100%;height:600px\" aria-label=\"Incrustado de MESAS_Jul_Ago-2023-9.\"><\/object><a id=\"wp-block-file--media-0775e7da-0069-43df-b930-8aae65d681cc\" href=\"https:\/\/isp23-sfe.infd.edu.ar\/sitio\/wp-content\/uploads\/2023\/06\/MESAS_Jul_Ago-2023-9.pdf\">MESAS_Jul_Ago-2023-9<\/a><a href=\"https:\/\/isp23-sfe.infd.edu.ar\/sitio\/wp-content\/uploads\/2023\/06\/MESAS_Jul_Ago-2023-9.pdf\" class=\"wp-block-file__button wp-element-button\" download aria-describedby=\"wp-block-file--media-0775e7da-0069-43df-b930-8aae65d681cc\">Descarga<\/a><\/div>\n\n\n\n<p><\/p>\n\n\n\n<div class=\"wp-block-file\"><object class=\"wp-block-file__embed\" data=\"https:\/\/isp23-sfe.infd.edu.ar\/sitio\/wp-content\/uploads\/2023\/04\/CALENDARIO-ABRIL-AGOSTO-2023-1.pdf\" type=\"application\/pdf\" style=\"width:100%;height:600px\" aria-label=\"Incrustado de CALENDARIO-ABRIL-AGOSTO-2023-1.\"><\/object><a id=\"wp-block-file--media-5937b5a7-908f-4e1b-97d0-549e5dc52d69\" href=\"https:\/\/isp23-sfe.infd.edu.ar\/sitio\/wp-content\/uploads\/2023\/04\/CALENDARIO-ABRIL-AGOSTO-2023-1.pdf\">CALENDARIO-ABRIL-AGOSTO-2023-1<\/a><a href=\"https:\/\/isp23-sfe.infd.edu.ar\/sitio\/wp-content\/uploads\/2023\/04\/CALENDARIO-ABRIL-AGOSTO-2023-1.pdf\" class=\"wp-block-file__button wp-element-button\" download aria-describedby=\"wp-block-file--media-5937b5a7-908f-4e1b-97d0-549e5dc52d69\">Descarga<\/a><\/div>\n\n\n\n<p class=\"has-base-3-background-color has-background has-large-font-size\"><strong><mark style=\"background-color:rgba(0, 0, 0, 0)\" class=\"has-inline-color has-accent-color\">INICIO DE CLASES LUNES 10 DE ABRIL<\/mark><\/strong><\/p>\n\n\n\n<p class=\"has-medium-font-size\"><strong>HORARIOS<\/strong><\/p>\n\n\n\n<ul class=\"has-medium-font-size\">\n<li><strong>PROFESORADOS: 18:45 hs.<\/strong><\/li>\n\n\n\n<li><strong>TECNICATURAS: 19:25 hs<\/strong><\/li>\n<\/ul>\n\n\n\n<div class=\"wp-block-file\"><object class=\"wp-block-file__embed\" data=\"https:\/\/isp23-sfe.infd.edu.ar\/sitio\/wp-content\/uploads\/2023\/04\/HORARIO_2023-ISP.pdf\" type=\"application\/pdf\" style=\"width:100%;height:600px\" aria-label=\"Incrustado de HORARIO_2023-ISP.\"><\/object><a id=\"wp-block-file--media-e1ba7f4c-7ceb-4c00-b451-8a80d1c4b256\" href=\"https:\/\/isp23-sfe.infd.edu.ar\/sitio\/wp-content\/uploads\/2023\/04\/HORARIO_2023-ISP.pdf\">HORARIO_2023-ISP<\/a><a href=\"https:\/\/isp23-sfe.infd.edu.ar\/sitio\/wp-content\/uploads\/2023\/04\/HORARIO_2023-ISP.pdf\" class=\"wp-block-file__button wp-element-button\" download aria-describedby=\"wp-block-file--media-e1ba7f4c-7ceb-4c00-b451-8a80d1c4b256\">Descarga<\/a><\/div>\n\n\n\n<p class=\"has-base-3-background-color has-background\"><\/p>\n\n\n\n<p><\/p>\n\n\n\n<p><\/p>\n\n\n\n<p><\/p>\n\n\n\n<p><\/p>\n\n\n\n<p><\/p>\n\n\n\n<p><\/p>\n\n\n\n<p class=\"has-accent-color has-text-color has-medium-font-size\"><strong>MESAS  DE EX\u00c1MENES REPROGRAMADAS SEMANA DEL 20\/03 AL 23\/03<\/strong><\/p>\n\n\n\n<div class=\"wp-block-file\"><object class=\"wp-block-file__embed\" data=\"https:\/\/isp23-sfe.infd.edu.ar\/sitio\/wp-content\/uploads\/2023\/03\/MESAS-REPROGRAMADAS-1.pdf\" type=\"application\/pdf\" style=\"width:100%;height:600px\" aria-label=\"Incrustado de MESAS-REPROGRAMADAS-1.\"><\/object><a id=\"wp-block-file--media-2e04bfd3-5539-4b4e-828a-f4a40109a6d6\" href=\"https:\/\/isp23-sfe.infd.edu.ar\/sitio\/wp-content\/uploads\/2023\/03\/MESAS-REPROGRAMADAS-1.pdf\">MESAS-REPROGRAMADAS-1<\/a><a href=\"https:\/\/isp23-sfe.infd.edu.ar\/sitio\/wp-content\/uploads\/2023\/03\/MESAS-REPROGRAMADAS-1.pdf\" class=\"wp-block-file__button wp-element-button\" download aria-describedby=\"wp-block-file--media-2e04bfd3-5539-4b4e-828a-f4a40109a6d6\">Descarga<\/a><\/div>\n\n\n\n<p><\/p>\n\n\n\n<p><\/p>\n\n\n\n<p><strong><mark style=\"background-color:rgba(0, 0, 0, 0)\" class=\"has-inline-color has-vivid-cyan-blue-color\">Mesas de Ex\u00e1menes: Turno FEBRERO\/MARZO 2023<\/mark><\/strong><\/p>\n\n\n\n<p>Fecha de Inscripci\u00f3n<strong>: 06\/02\/2023 al 10\/02\/2023<\/strong><\/p>\n\n\n\n<p style=\"font-size:19px\"><strong>Listado de Mesas (Formato PDF):&nbsp;<\/strong><\/p>\n\n\n\n<p><\/p>\n\n\n\n<div class=\"wp-block-file\"><object class=\"wp-block-file__embed\" data=\"https:\/\/isp23-sfe.infd.edu.ar\/sitio\/wp-content\/uploads\/2023\/02\/MESAS_FEBRERO_MARZO2023.pdf\" type=\"application\/pdf\" style=\"width:100%;height:600px\" aria-label=\"Incrustado de MESAS_FEBRERO_MARZO2023.\"><\/object><a id=\"wp-block-file--media-29ad0826-2940-4574-b08a-1c63c9e82bb7\" href=\"https:\/\/isp23-sfe.infd.edu.ar\/sitio\/wp-content\/uploads\/2023\/02\/MESAS_FEBRERO_MARZO2023.pdf\">MESAS_FEBRERO_MARZO2023<\/a><a href=\"https:\/\/isp23-sfe.infd.edu.ar\/sitio\/wp-content\/uploads\/2023\/02\/MESAS_FEBRERO_MARZO2023.pdf\" class=\"wp-block-file__button wp-element-button\" download aria-describedby=\"wp-block-file--media-29ad0826-2940-4574-b08a-1c63c9e82bb7\">Descarga<\/a><\/div>\n\n\n\n<p>Permiso de Examen (Formato Hoja de C\u00e1lculo):<strong>&nbsp; <a href=\"https:\/\/isp23-sfe.infd.edu.ar\/sitio\/wp-content\/uploads\/2019\/01\/Permiso_Examen.xlsx\">Permiso_Examen<\/a><br><\/strong><br>Cada estudiante deber\u00e1 bajar el Permiso de Examen, completarlo y enviarlo al email:<mark style=\"background-color:rgba(0, 0, 0, 0)\" class=\"has-inline-color has-vivid-red-color\"><strong> isp23elisadamiano@gmail.com&nbsp;<\/strong><br><\/mark><strong><mark style=\"background-color:rgba(0, 0, 0, 0)\" class=\"has-inline-color has-black-color\"><code>Deber\u00e1 consignar:<\/code><\/mark><\/strong><br>Asunto: <em>INSCRIPCI\u00d3N MESAS FEBRERO\/MARZO 202<\/em>3<br>Y en el cuerpo del mensaje indicar:<br><em>APELLIDO Y NOMBRE:<\/em><br><em>TEL\u00c9FONO DE CONTACTO:<\/em><br><em>Tambi\u00e9n, podr\u00e1 describir otra inquietud o solicitar mesa no publicada. Secretar\u00eda se pondr\u00e1 en contacto a la brevedad posible.<\/em><\/p>\n\n\n\n<p>&#8212;&#8212;&#8212;&#8212;&#8212;&#8212;&#8212;&#8212;&#8212;&#8212;&#8212;&#8212;&#8212;&#8212;&#8212;&#8212;&#8212;&#8212;&#8212;&#8212;&#8212;&#8212;&#8212;&#8212;&#8212;&#8212;&#8212;&#8212;&#8212;&#8212;&#8212;&#8212;&#8212;&#8212;&#8212;&#8212;&#8212;&#8212;&#8212;&#8212;&#8212;-<\/p>\n\n\n\n<div class=\"wp-block-file\"><a id=\"wp-block-file--media-cdd7697e-f4cb-4714-86ee-75c649e55177\" href=\"https:\/\/isp23-sfe.infd.edu.ar\/sitio\/wp-content\/uploads\/2022\/04\/HORARIO_2022_Version1-4.pdf\"> 11 de Abril &#8211; <strong>HORARIOS POR CARRERA Ciclo Lectivo 2022<\/strong> &#8211; (HORARIO_2022_Version1.pdf)<\/a><a href=\"https:\/\/isp23-sfe.infd.edu.ar\/sitio\/wp-content\/uploads\/2022\/04\/HORARIO_2022_Version1-4.pdf\" class=\"wp-block-file__button wp-element-button\" download aria-describedby=\"wp-block-file--media-cdd7697e-f4cb-4714-86ee-75c649e55177\">Descarga<\/a><\/div>\n\n\n\n<div class=\"wp-block-file\"><a id=\"wp-block-file--media-b88eff28-87ae-434d-84d4-4e4664ee9b6e\" href=\"https:\/\/isp23-sfe.infd.edu.ar\/sitio\/wp-content\/uploads\/2022\/03\/Horario_CursoIngresantes2022_Prof_Inicial.pdf\"><img decoding=\"async\" class=\"wp-image-1301\" style=\"width: NaNpx;\" src=\"https:\/\/isp23-sfe.infd.edu.ar\/sitio\/wp-content\/uploads\/2022\/04\/HORARIO_2022_Version1-3.pdf\" alt=\"\">&#8212;&#8212;&#8212;&#8212;&#8212;&#8212;&#8212;&#8212;&#8212;&#8212;&#8212;&#8212;&#8212;&#8212;&#8212;&#8212;&#8212;&#8212;&#8212;&#8212;&#8212;&#8212;&#8212;&#8212;&#8212;&#8212;&#8212;&#8212;&#8212;&#8212;&#8212;&#8212;&#8212;&#8212;&#8212;&#8212;&#8212;&#8212;&#8212;&#8212;&#8212;-<br>28 de Marzo &#8211; <strong>CRONOGRAMAS CURSO INGRESANTES 2022 <\/strong>(Formato PDF)<br><br>Horario_CursoIngresantes2022_Prof_Inicial<\/a><a href=\"https:\/\/isp23-sfe.infd.edu.ar\/sitio\/wp-content\/uploads\/2022\/03\/Horario_CursoIngresantes2022_Prof_Inicial.pdf\" class=\"wp-block-file__button wp-element-button\" download aria-describedby=\"wp-block-file--media-b88eff28-87ae-434d-84d4-4e4664ee9b6e\">Descarga<\/a><\/div>\n\n\n\n<div class=\"wp-block-file\"><a id=\"wp-block-file--media-413cff8e-6fe5-4bf9-aaa4-f74c9b1f1f26\" href=\"https:\/\/isp23-sfe.infd.edu.ar\/sitio\/wp-content\/uploads\/2022\/03\/Horario_CursoIngresantes2022_Prof_Primaria.pdf\">Horario_CursoIngresantes2022_Prof_Primaria<\/a><a href=\"https:\/\/isp23-sfe.infd.edu.ar\/sitio\/wp-content\/uploads\/2022\/03\/Horario_CursoIngresantes2022_Prof_Primaria.pdf\" class=\"wp-block-file__button wp-element-button\" download aria-describedby=\"wp-block-file--media-413cff8e-6fe5-4bf9-aaa4-f74c9b1f1f26\">Descarga<\/a><\/div>\n\n\n\n<p><\/p>\n\n\n\n<div class=\"wp-block-file\"><a id=\"wp-block-file--media-1bc150e1-f43e-46fd-987f-2077e2c8cbec\" href=\"https:\/\/isp23-sfe.infd.edu.ar\/sitio\/wp-content\/uploads\/2022\/03\/Horario_CursoIngresantes2022_Prof_Biologia.pdf\">Horario_CursoIngresantes2022_Prof_Biologia<\/a><a href=\"https:\/\/isp23-sfe.infd.edu.ar\/sitio\/wp-content\/uploads\/2022\/03\/Horario_CursoIngresantes2022_Prof_Biologia.pdf\" class=\"wp-block-file__button wp-element-button\" download aria-describedby=\"wp-block-file--media-1bc150e1-f43e-46fd-987f-2077e2c8cbec\">Descarga<\/a><\/div>\n\n\n\n<div class=\"wp-block-file\"><a id=\"wp-block-file--media-dd3e4df3-18f1-4c7a-acaa-c553e8b1468b\" href=\"https:\/\/isp23-sfe.infd.edu.ar\/sitio\/wp-content\/uploads\/2022\/03\/Horario_Curso-Introductorio2022_Software.pdf\">Horario_Curso-Introductorio2022_Software<\/a><a href=\"https:\/\/isp23-sfe.infd.edu.ar\/sitio\/wp-content\/uploads\/2022\/03\/Horario_Curso-Introductorio2022_Software.pdf\" class=\"wp-block-file__button wp-element-button\" download aria-describedby=\"wp-block-file--media-dd3e4df3-18f1-4c7a-acaa-c553e8b1468b\">Descarga<\/a><\/div>\n\n\n\n<div class=\"wp-block-file\"><a id=\"wp-block-file--media-49bc4162-f105-45ec-bbdd-b39b43b06ec9\" href=\"https:\/\/isp23-sfe.infd.edu.ar\/sitio\/wp-content\/uploads\/2022\/03\/Horario_Curso-Introductorio-2022_TGO.pdf\">Horario_Curso-Introductorio-2022_TGO<\/a><a href=\"https:\/\/isp23-sfe.infd.edu.ar\/sitio\/wp-content\/uploads\/2022\/03\/Horario_Curso-Introductorio-2022_TGO.pdf\" class=\"wp-block-file__button wp-element-button\" download aria-describedby=\"wp-block-file--media-49bc4162-f105-45ec-bbdd-b39b43b06ec9\">Descarga<\/a><\/div>\n\n\n\n<p>&#8212;&#8212;&#8212;&#8212;&#8212;&#8212;&#8212;&#8212;&#8212;&#8212;&#8212;&#8212;&#8212;&#8212;&#8212;&#8212;&#8212;&#8212;&#8212;&#8212;&#8212;&#8212;&#8212;&#8212;&#8212;&#8212;&#8212;&#8212;&#8212;&#8212;&#8212;&#8212;&#8212;&#8212;&#8212;&#8212;&#8212;&#8212;&#8212;&#8212;&#8212;&#8212;&#8212;&#8212;&#8212;&#8212;&#8212;&#8212;&#8212;&#8212;&#8212;&#8212;&#8212;&#8212;&#8212;&#8212;&#8212;&#8212;&#8212;&#8212;&#8212;&#8212;&#8212;&#8212;-<\/p>\n\n\n\n<p><strong>INGRESANTES 2022<\/strong><\/p>\n\n\n\n<p>Se informa a todos los estudiantes de primer a\u00f1o que del 28\/03 al 08\/04 se desarrollar\u00e1 el curso introductorio con modalidad&nbsp;<strong>presencial<\/strong> de 19,00 a 21,00 hs.<\/p>\n\n\n\n<p>E<strong>l cronograma se les comunicar\u00e1 el d\u00eda de inicio de las jornadas.<\/strong><\/p>\n\n\n<p><strong>Marzo 2022 &#8211; REPROGRAMACI\u00d3N DE MESAS DE EX\u00c1MENES<\/strong><\/p>\n<p>En virtud de las medidas de fuerza programadas por AMSAFE para los d\u00edas 8 y 9 de marzo 2022, las mesas de ex\u00e1menes citadas se reprogramaron (archivo en formato pdf):&nbsp; &nbsp;<a style=\"font-family: inherit; font-size: 16px; font-weight: bold;\" tabindex=\"-1\" href=\"https:\/\/isp23-sfe.infd.edu.ar\/sitio\/wp-content\/uploads\/2022\/03\/MESAS_REPROGRAMADAS_08y09_MARZO2022.pdf\">MESAS_REPROGRAMADAS_08y09_MARZO2022<\/a><\/p>\n<h4>&#8212;&#8212;&#8212;&#8212;&#8212;&#8212;&#8212;&#8212;&#8212;&#8212;&#8212;&#8212;&#8212;&#8212;&#8212;&#8212;&#8212;&#8212;&#8212;&#8212;&#8212;&#8212;&#8212;&#8212;&#8212;&#8212;&#8212;&#8212;&#8212;&#8212;&#8212;<\/h4>\n<h4><strong>Mesas de Ex\u00e1menes: Turno FEBRERO\/MARZO&nbsp; 2022<br><\/strong><\/h4>\n<h4><strong>Fecha de Inscripci\u00f3n:&nbsp; 07\/02\/2022&nbsp; al&nbsp; 11\/02\/2022.<\/strong><\/h4>\n<p><strong>Horario de Atenci\u00f3n Secretar\u00eda y Biblioteca (Tel\u00e9f. 03401-421072):<\/strong> Lunes a&nbsp; Viernes de 18 a 21 hs.<\/p>\n<p><strong>Listado de Mesas (Formato PDF):&nbsp; <a style=\"pointer-events: none;\" tabindex=\"-1\" href=\"https:\/\/isp23-sfe.infd.edu.ar\/sitio\/wp-content\/uploads\/2022\/02\/MESAS_FEBRERO_2022_Version2.pdf\">MESAS_FEBRERO_2022_Version2<\/a><\/strong><strong><br><\/strong><\/p>\n<p>Permiso de Examen (Formato Hoja de C\u00e1lculo):<strong>&nbsp; <a style=\"pointer-events: none;\" tabindex=\"-1\" href=\"https:\/\/isp23-sfe.infd.edu.ar\/sitio\/wp-content\/uploads\/2019\/01\/Permiso_Examen.xlsx\">Permiso_Examen<\/a><br><\/strong><\/p>\n<h5>Cada estudiante deber\u00e1 bajar el Permiso de Examen, completarlo y enviarlo al email:<span style=\"color: #ff0000;\"><strong> <span class=\"qu\" tabindex=\"-1\" role=\"gridcell\"><span class=\"go\">isp23elisadamiano@gmail.com&nbsp;<\/span><\/span><\/strong><\/span><\/h5>\n<h5 class=\"iw\"><strong>Deber\u00e1 consignar:<\/strong><\/h5>\n<ul>\n<li>Asunto: <em>INSCRIPCI\u00d3N MESAS FEBRERO 2022<\/em><\/li>\n<\/ul>\n<p>Y en el cuerpo del mensaje indicar:<\/p>\n<p><em>APELLIDO Y NOMBRE:<\/em><br><em>TEL\u00c9FONO DE CONTACTO:<\/em><\/p>\n<h6><em>Tambi\u00e9n, podr\u00e1 describir otra inquietud o solicitar mesa no publicada. Secretar\u00eda se pondr\u00e1 en contacto a la brevedad posible.<\/em><\/h6>\n<h5>&#8212;&#8212;&#8212;&#8212;&#8212;&#8212;&#8212;&#8212;&#8212;&#8212;&#8212;&#8212;&#8212;&#8212;&#8212;&#8212;&#8212;&#8212;&#8212;&#8212;&#8212;&#8212;&#8212;&#8212;&#8212;&#8212;&#8212;&#8212;&#8212;&#8212;&#8212;&#8212;&#8212;&#8212;&#8212;&#8212;&#8212;&#8211;<\/h5>\n<h5>HORARIOS CICLO LECTIVO 2021 &#8211; 09\/08\/2021 Inicio 2do. Cuatrimestre- Modalidad Presencial<\/h5>\n<h5>Descargue archivo conteniendo los HORARIOS por carrera (formato PDF): <a style=\"pointer-events: none;\" tabindex=\"-1\" href=\"https:\/\/isp23-sfe.infd.edu.ar\/sitio\/wp-content\/uploads\/2021\/08\/HORARIO_2021_Version2-1.pdf\">HORARIO_2021_Versi\u00f3n2<\/a><\/h5>\n<h4>&#8212;&#8212;&#8212;&#8212;&#8212;&#8212;&#8212;&#8212;&#8212;&#8212;&#8212;&#8212;&#8212;&#8212;&#8212;&#8212;&#8212;&#8212;&#8212;&#8212;&#8212;&#8212;&#8212;&#8212;&#8212;&#8212;&#8212;&#8212;&#8212;&#8212;&#8212;&#8212;-<\/h4>\n<h4>Informamos <strong>reprogramaci\u00f3n mesas de ex\u00e1menes afectadas por el paro docente (de los d\u00edas 15 y 16 de marzo 2021):<\/strong><\/h4>\n<p>Se publican con los alumnos inscriptos y si existe alguna superposici\u00f3n avisar al correo electr\u00f3nico:&nbsp; <strong><span class=\"qu\" style=\"color: #ff6600;\" tabindex=\"-1\" role=\"gridcell\"><span class=\"go\">isp23elisadamiano@gmail.com&nbsp;<\/span><\/span><\/strong><\/p>\n<h5><strong>Listado de Mesas con reprogramaci\u00f3n (Formato PDF):&nbsp;&nbsp;&nbsp; <a style=\"pointer-events: none;\" tabindex=\"-1\" href=\"https:\/\/isp23-sfe.infd.edu.ar\/sitio\/wp-content\/uploads\/2021\/03\/MESAS_FEBRERO_MARZO_2021_SEMANA_CUATRO_CONREPROGRAMACI\u00d3N.pdf\">MESAS_FEBRERO_MARZO_2021_SEMANA_CUATRO_CONREPROGRAMACI\u00d3N<\/a><\/strong><\/h5>\n<h4>&#8212;&#8212;&#8212;&#8212;&#8212;&#8212;&#8212;&#8212;&#8212;&#8212;&#8212;&#8212;&#8212;&#8212;&#8212;&#8212;&#8212;&#8212;&#8212;&#8212;&#8212;&#8212;&#8212;&#8212;&#8212;&#8212;&#8212;&#8212;&#8212;&#8212;&#8212;&#8212;-<\/h4>\n<h4><strong>INGRESANTES 2021<\/strong><\/h4>\n<p>Se informa a todos los estudiantes de primer a\u00f1o que del 22\/03 al 09\/04 se desarrollar\u00e1n las jornadas proped\u00e9uticas introductorias con modalidad <strong>presencial. <\/strong><\/p>\n<ul>\n<li><strong>LUNES 22\/03<\/strong>&#8211; de 19 a 21 hs.<\/li>\n<\/ul>\n<p>&#8211; Profesorado de Educaci\u00f3n Inicial<\/p>\n<p>-Profesorado de Educaci\u00f3n Primaria<\/p>\n<p>-Profesorado de Educaci\u00f3n Secundaria en Biolog\u00eda<\/p>\n<ul>\n<li><strong>MARTES 23\/03<\/strong>&#8211; de 19 a 21 hs.<\/li>\n<\/ul>\n<p>&#8211; T\u00e9cnico Desarrollador de Software<\/p>\n<p>-T\u00e9cnico en Gesti\u00f3n de las Organizaciones<\/p>\n<p><strong>El cronograma se les comunicar\u00e1 el d\u00eda de inicio de las jornadas.<\/strong><\/p>\n<p>&#8212;&#8212;&#8212;&#8212;&#8212;&#8212;&#8212;&#8212;&#8212;&#8212;&#8212;&#8212;&#8212;&#8212;&#8212;&#8212;&#8212;&#8212;&#8212;&#8212;&#8212;&#8212;&#8212;&#8212;&#8212;&#8212;&#8212;&#8212;&#8212;&#8212;&#8212;&#8212;&#8212;&#8212;&#8212;&#8212;&#8212;&#8212;&#8212;&#8212;&#8212;<\/p>\n<div dir=\"ltr\">\n<div class=\"texto titulo_news\">\n<p>&#8212;&#8212;&#8212;&#8212;&#8212;&#8212;&#8212;&#8212;&#8212;&#8212;&#8212;&#8212;&#8212;&#8212;&#8212;&#8212;&#8212;&#8212;&#8212;&#8212;&#8212;&#8212;&#8212;&#8212;&#8212;&#8212;&#8212;&#8212;&#8212;&#8212;&#8212;&#8212;&#8212;&#8212;&#8212;&#8212;&#8212;&#8212;&#8212;&#8212;&#8212;&#8212;&#8211;<\/p>\n<\/div>\n<div dir=\"ltr\">\n<div class=\"texto titulo_news\"><span style=\"font-size: 8pt;\"><strong style=\"mso-bidi-font-weight: normal;\"><span style=\"line-height: 115%;\">COMUNICADO REFERIDO A LOS BLOQUEOS Y\/O CERTIFICADOS DE LAS NETBOOKS DE CONECTAR IGUALDAD (SERVIDOR I.S.N\u00ba 23)<\/span><\/strong><\/span><\/div>\n<\/div>\n<p class=\"MsoNormal\" style=\"text-align: justify;\"><span style=\"font-size: 8pt;\"><strong style=\"mso-bidi-font-weight: normal;\"><span style=\"line-height: 115%;\">VERIFICAR<\/span><\/strong><span style=\"line-height: 115%;\"> EN LINUX EN LA BARRA DE HERRAMIENTAS DEL LADO DERECHO EL \u00cdCONO QUE PARECE UN CELULAR (ES AZUL Y GRIS), PUEDE TENER DIFERENTES S\u00cdMBOLOS ROJOS \u2013 ROJO CLARO CON ADMIRACI\u00d3N Y VERDE. <\/span><\/span><\/p>\n<p class=\"MsoNormal\" style=\"text-align: justify;\"><span style=\"font-size: 8pt; line-height: 115%;\">COLOCAR EL MOUSE ARRIBA DEL \u00cdCONO Y ESPERAR QUE APAREZCA LA LEYENDA Y MUESTRE LA FECHA DE EXPIRACI\u00d3N: POR EJEMPLO \u2013&gt; 15\u201311\u20132013. ESO LES INDICAR\u00c1 CUANDO SE BLOQUEA LA NETBOOK.<\/span><\/p>\n<p class=\"MsoNormal\" style=\"text-align: justify;\"><span style=\"font-size: 8pt;\"><strong style=\"mso-bidi-font-weight: normal;\"><span style=\"text-decoration: underline;\"><span style=\"line-height: 115%;\">LO QUE HAY QUE HACER:<\/span><\/span><\/strong><\/span><\/p>\n<p class=\"MsoNormal\" style=\"text-align: justify;\"><span style=\"font-size: 8pt;\"><span style=\"line-height: 115%;\">30 O 15 D\u00cdAS ANTES DE ESE PER\u00cdODO DEJARLA EN SECRETAR\u00cdA DEL INSTITUTO CON NOMBRE Y ESPECIFICACI\u00d3N DEL PROBLEMA, POR EJEMPLO: JUAN PEREZ \u2013 \u201cPROLONGAR CERTIFICADO\u201d<\/span>, (o cualquiera que sea el problema) DE LO CONTRARIO NO SER\u00c1 REVISADA A LA BREVEDAD.<\/span><\/p>\n<p class=\"MsoNormal\" style=\"text-align: justify;\"><span style=\"font-size: 8pt;\"><strong style=\"mso-bidi-font-weight: normal;\"><span style=\"text-decoration: underline;\"><span style=\"line-height: 115%;\">DESDE EL 01\/11\/ 2013<\/span><\/span><\/strong><\/span><\/p>\n<p class=\"MsoListParagraphCxSpFirst\" style=\"text-align: justify; text-indent: -18.0pt; mso-list: l0 level1 lfo1;\"><span style=\"font-size: 8pt;\"><span style=\"line-height: 115%; font-family: Wingdings; color: black;\">\u00fc<\/span><span style=\"line-height: 115%;\">DEBEN SABER QUE LAS CONEXIONES WIFI DEL <span style=\"text-decoration: underline;\">SERVIDOR DEL INSTITUTO<\/span> SON TODOS LOS <strong style=\"mso-bidi-font-weight: normal;\">AP<\/strong> QUE APAREZCAN EN <strong style=\"mso-bidi-font-weight: normal;\">MAY\u00daSCULAS<\/strong>, POR EJEMPLO: <strong style=\"mso-bidi-font-weight: normal;\">AP13, AP11<\/strong> Y OTROS M\u00c1S.<\/span><\/span><\/p>\n<p class=\"MsoListParagraphCxSpMiddle\" style=\"text-align: justify; text-indent: -18.0pt; mso-list: l1 level1 lfo2;\"><span style=\"font-size: 8pt;\"><span style=\"line-height: 115%; font-family: Wingdings; color: black;\">\u00fc<\/span><span style=\"line-height: 115%;\">AL CONECTARSE A ESTOS AP EN MAY\u00daSCULAS PUEDEN RECIBIR EL CERTIFICADO DE EXPIRACI\u00d3N CON TIEMPOS M\u00c1S PROLONGADOS.<\/span><\/span><\/p>\n<p class=\"MsoListParagraphCxSpLast\" style=\"text-align: justify; text-indent: -18.0pt; mso-list: l0 level1 lfo1;\"><span style=\"font-size: 8pt;\"><span style=\"line-height: 115%; font-family: Wingdings; color: black;\">\u00fc<\/span><span style=\"line-height: 115%; color: black;\">LOS QUE EST\u00c1N EN MIN\u00daSCULAS Y&nbsp; OTROS COMO MEDIA Y SALA DE INFORM\u00c1TICA, ETC <span style=\"text-decoration: underline;\">NO PERTENECEN A LA RED DEL SERVIDOR<\/span> DE CONECTAR IGUALDAD DEL INSTITUTO.<\/span><\/span><\/p>\n<p class=\"MsoNormal\" style=\"text-align: justify; line-height: normal;\"><span style=\"font-size: 8pt;\"><strong style=\"mso-bidi-font-weight: normal;\"><span style=\"text-decoration: underline;\">IMPORTANTE: <\/span><\/strong><\/span><\/p>\n<div style=\"mso-element: para-border-div; border: solid windowtext 1.0pt; mso-border-alt: solid windowtext .5pt; padding: 1.0pt 4.0pt 1.0pt 4.0pt;\">\n<p class=\"MsoNormal\" style=\"margin-top: 12.0pt; text-align: justify; line-height: normal; border: none; mso-border-alt: solid windowtext .5pt; padding: 0cm; mso-padding-alt: 1.0pt 4.0pt 1.0pt 4.0pt;\"><span style=\"font-size: 8pt;\">CONECTARSE AL MENOS CADA 15 D\u00cdAS EN ALGUNOS DE LOS AP EN MAY\u00daSCULAS MENCIONADOS ANTERIORMENTE PARA VERIFICAR LA FECHA DE EXPIRACION, EN LINUX ES M\u00c1S SEGURO COMPROBARLO SIGUIENDO LOS PASOS MENCIONADOS AL PRINCIPIO.<\/span><\/p>\n<\/div>\n<p class=\"MsoNormal\" style=\"text-align: justify;\"><span style=\"mso-tab-count: 9;\">Administraci\u00f3n de Red del I.S.N\u00ba 23<br><\/span><\/p>\n<\/div>\n\n\n<p><\/p>\n\n\n\n\n\n\n\n\n\n\n\n\n\n\n\n\n\n\n\n\n\n\n\n\n\n\n\n\n\n\n\n\n\n\n\n\n<ul class=\"wp-block-archives-list wp-block-archives\">\t<li><a href='https:\/\/isp23-sfe.infd.edu.ar\/sitio\/2026\/03\/'>marzo 2026<\/a><\/li>\n\t<li><a href='https:\/\/isp23-sfe.infd.edu.ar\/sitio\/2026\/02\/'>febrero 2026<\/a><\/li>\n\t<li><a href='https:\/\/isp23-sfe.infd.edu.ar\/sitio\/2024\/11\/'>noviembre 2024<\/a><\/li>\n\t<li><a href='https:\/\/isp23-sfe.infd.edu.ar\/sitio\/2024\/06\/'>junio 2024<\/a><\/li>\n\t<li><a href='https:\/\/isp23-sfe.infd.edu.ar\/sitio\/2023\/10\/'>octubre 2023<\/a><\/li>\n\t<li><a href='https:\/\/isp23-sfe.infd.edu.ar\/sitio\/2023\/06\/'>junio 2023<\/a><\/li>\n\t<li><a href='https:\/\/isp23-sfe.infd.edu.ar\/sitio\/2023\/04\/'>abril 2023<\/a><\/li>\n\t<li><a href='https:\/\/isp23-sfe.infd.edu.ar\/sitio\/2023\/03\/'>marzo 2023<\/a><\/li>\n\t<li><a href='https:\/\/isp23-sfe.infd.edu.ar\/sitio\/2018\/03\/'>marzo 2018<\/a><\/li>\n<\/ul>\n\n<ul class=\"wp-block-archives-list wp-block-archives\">\t<li><a href='https:\/\/isp23-sfe.infd.edu.ar\/sitio\/2026\/03\/'>marzo 2026<\/a><\/li>\n\t<li><a href='https:\/\/isp23-sfe.infd.edu.ar\/sitio\/2026\/02\/'>febrero 2026<\/a><\/li>\n\t<li><a href='https:\/\/isp23-sfe.infd.edu.ar\/sitio\/2024\/11\/'>noviembre 2024<\/a><\/li>\n\t<li><a href='https:\/\/isp23-sfe.infd.edu.ar\/sitio\/2024\/06\/'>junio 2024<\/a><\/li>\n\t<li><a href='https:\/\/isp23-sfe.infd.edu.ar\/sitio\/2023\/10\/'>octubre 2023<\/a><\/li>\n\t<li><a href='https:\/\/isp23-sfe.infd.edu.ar\/sitio\/2023\/06\/'>junio 2023<\/a><\/li>\n\t<li><a href='https:\/\/isp23-sfe.infd.edu.ar\/sitio\/2023\/04\/'>abril 2023<\/a><\/li>\n\t<li><a href='https:\/\/isp23-sfe.infd.edu.ar\/sitio\/2023\/03\/'>marzo 2023<\/a><\/li>\n\t<li><a href='https:\/\/isp23-sfe.infd.edu.ar\/sitio\/2018\/03\/'>marzo 2018<\/a><\/li>\n<\/ul>\n\n\n\n\n\n<ul class=\"wp-block-archives-list wp-block-archives\">\t<li><a href='https:\/\/isp23-sfe.infd.edu.ar\/sitio\/2026\/03\/'>marzo 2026<\/a><\/li>\n\t<li><a href='https:\/\/isp23-sfe.infd.edu.ar\/sitio\/2026\/02\/'>febrero 2026<\/a><\/li>\n\t<li><a href='https:\/\/isp23-sfe.infd.edu.ar\/sitio\/2024\/11\/'>noviembre 2024<\/a><\/li>\n\t<li><a href='https:\/\/isp23-sfe.infd.edu.ar\/sitio\/2024\/06\/'>junio 2024<\/a><\/li>\n\t<li><a href='https:\/\/isp23-sfe.infd.edu.ar\/sitio\/2023\/10\/'>octubre 2023<\/a><\/li>\n\t<li><a href='https:\/\/isp23-sfe.infd.edu.ar\/sitio\/2023\/06\/'>junio 2023<\/a><\/li>\n\t<li><a href='https:\/\/isp23-sfe.infd.edu.ar\/sitio\/2023\/04\/'>abril 2023<\/a><\/li>\n\t<li><a href='https:\/\/isp23-sfe.infd.edu.ar\/sitio\/2023\/03\/'>marzo 2023<\/a><\/li>\n\t<li><a href='https:\/\/isp23-sfe.infd.edu.ar\/sitio\/2018\/03\/'>marzo 2018<\/a><\/li>\n<\/ul>\n\n<ul class=\"wp-block-archives-list wp-block-archives\">\t<li><a href='https:\/\/isp23-sfe.infd.edu.ar\/sitio\/2026\/03\/'>marzo 2026<\/a><\/li>\n\t<li><a href='https:\/\/isp23-sfe.infd.edu.ar\/sitio\/2026\/02\/'>febrero 2026<\/a><\/li>\n\t<li><a href='https:\/\/isp23-sfe.infd.edu.ar\/sitio\/2024\/11\/'>noviembre 2024<\/a><\/li>\n\t<li><a href='https:\/\/isp23-sfe.infd.edu.ar\/sitio\/2024\/06\/'>junio 2024<\/a><\/li>\n\t<li><a href='https:\/\/isp23-sfe.infd.edu.ar\/sitio\/2023\/10\/'>octubre 2023<\/a><\/li>\n\t<li><a href='https:\/\/isp23-sfe.infd.edu.ar\/sitio\/2023\/06\/'>junio 2023<\/a><\/li>\n\t<li><a href='https:\/\/isp23-sfe.infd.edu.ar\/sitio\/2023\/04\/'>abril 2023<\/a><\/li>\n\t<li><a href='https:\/\/isp23-sfe.infd.edu.ar\/sitio\/2023\/03\/'>marzo 2023<\/a><\/li>\n\t<li><a href='https:\/\/isp23-sfe.infd.edu.ar\/sitio\/2018\/03\/'>marzo 2018<\/a><\/li>\n<\/ul>\n\n<ul class=\"wp-block-archives-list wp-block-archives\">\t<li><a href='https:\/\/isp23-sfe.infd.edu.ar\/sitio\/2026\/03\/'>marzo 2026<\/a><\/li>\n\t<li><a href='https:\/\/isp23-sfe.infd.edu.ar\/sitio\/2026\/02\/'>febrero 2026<\/a><\/li>\n\t<li><a href='https:\/\/isp23-sfe.infd.edu.ar\/sitio\/2024\/11\/'>noviembre 2024<\/a><\/li>\n\t<li><a href='https:\/\/isp23-sfe.infd.edu.ar\/sitio\/2024\/06\/'>junio 2024<\/a><\/li>\n\t<li><a href='https:\/\/isp23-sfe.infd.edu.ar\/sitio\/2023\/10\/'>octubre 2023<\/a><\/li>\n\t<li><a href='https:\/\/isp23-sfe.infd.edu.ar\/sitio\/2023\/06\/'>junio 2023<\/a><\/li>\n\t<li><a href='https:\/\/isp23-sfe.infd.edu.ar\/sitio\/2023\/04\/'>abril 2023<\/a><\/li>\n\t<li><a href='https:\/\/isp23-sfe.infd.edu.ar\/sitio\/2023\/03\/'>marzo 2023<\/a><\/li>\n\t<li><a href='https:\/\/isp23-sfe.infd.edu.ar\/sitio\/2018\/03\/'>marzo 2018<\/a><\/li>\n<\/ul>\n\n<ul class=\"wp-block-archives-list wp-block-archives\">\t<li><a href='https:\/\/isp23-sfe.infd.edu.ar\/sitio\/2026\/03\/'>marzo 2026<\/a><\/li>\n\t<li><a href='https:\/\/isp23-sfe.infd.edu.ar\/sitio\/2026\/02\/'>febrero 2026<\/a><\/li>\n\t<li><a href='https:\/\/isp23-sfe.infd.edu.ar\/sitio\/2024\/11\/'>noviembre 2024<\/a><\/li>\n\t<li><a href='https:\/\/isp23-sfe.infd.edu.ar\/sitio\/2024\/06\/'>junio 2024<\/a><\/li>\n\t<li><a href='https:\/\/isp23-sfe.infd.edu.ar\/sitio\/2023\/10\/'>octubre 2023<\/a><\/li>\n\t<li><a href='https:\/\/isp23-sfe.infd.edu.ar\/sitio\/2023\/06\/'>junio 2023<\/a><\/li>\n\t<li><a href='https:\/\/isp23-sfe.infd.edu.ar\/sitio\/2023\/04\/'>abril 2023<\/a><\/li>\n\t<li><a href='https:\/\/isp23-sfe.infd.edu.ar\/sitio\/2023\/03\/'>marzo 2023<\/a><\/li>\n\t<li><a href='https:\/\/isp23-sfe.infd.edu.ar\/sitio\/2018\/03\/'>marzo 2018<\/a><\/li>\n<\/ul>\n\n<ul class=\"wp-block-archives-list wp-block-archives\">\t<li><a href='https:\/\/isp23-sfe.infd.edu.ar\/sitio\/2026\/03\/'>marzo 2026<\/a><\/li>\n\t<li><a href='https:\/\/isp23-sfe.infd.edu.ar\/sitio\/2026\/02\/'>febrero 2026<\/a><\/li>\n\t<li><a href='https:\/\/isp23-sfe.infd.edu.ar\/sitio\/2024\/11\/'>noviembre 2024<\/a><\/li>\n\t<li><a href='https:\/\/isp23-sfe.infd.edu.ar\/sitio\/2024\/06\/'>junio 2024<\/a><\/li>\n\t<li><a href='https:\/\/isp23-sfe.infd.edu.ar\/sitio\/2023\/10\/'>octubre 2023<\/a><\/li>\n\t<li><a href='https:\/\/isp23-sfe.infd.edu.ar\/sitio\/2023\/06\/'>junio 2023<\/a><\/li>\n\t<li><a href='https:\/\/isp23-sfe.infd.edu.ar\/sitio\/2023\/04\/'>abril 2023<\/a><\/li>\n\t<li><a href='https:\/\/isp23-sfe.infd.edu.ar\/sitio\/2023\/03\/'>marzo 2023<\/a><\/li>\n\t<li><a href='https:\/\/isp23-sfe.infd.edu.ar\/sitio\/2018\/03\/'>marzo 2018<\/a><\/li>\n<\/ul>\n\n<ul class=\"wp-block-archives-list wp-block-archives\">\t<li><a href='https:\/\/isp23-sfe.infd.edu.ar\/sitio\/2026\/03\/'>marzo 2026<\/a><\/li>\n\t<li><a href='https:\/\/isp23-sfe.infd.edu.ar\/sitio\/2026\/02\/'>febrero 2026<\/a><\/li>\n\t<li><a href='https:\/\/isp23-sfe.infd.edu.ar\/sitio\/2024\/11\/'>noviembre 2024<\/a><\/li>\n\t<li><a href='https:\/\/isp23-sfe.infd.edu.ar\/sitio\/2024\/06\/'>junio 2024<\/a><\/li>\n\t<li><a href='https:\/\/isp23-sfe.infd.edu.ar\/sitio\/2023\/10\/'>octubre 2023<\/a><\/li>\n\t<li><a href='https:\/\/isp23-sfe.infd.edu.ar\/sitio\/2023\/06\/'>junio 2023<\/a><\/li>\n\t<li><a href='https:\/\/isp23-sfe.infd.edu.ar\/sitio\/2023\/04\/'>abril 2023<\/a><\/li>\n\t<li><a href='https:\/\/isp23-sfe.infd.edu.ar\/sitio\/2023\/03\/'>marzo 2023<\/a><\/li>\n\t<li><a href='https:\/\/isp23-sfe.infd.edu.ar\/sitio\/2018\/03\/'>marzo 2018<\/a><\/li>\n<\/ul>\n\n<ul class=\"wp-block-archives-list wp-block-archives\">\t<li><a href='https:\/\/isp23-sfe.infd.edu.ar\/sitio\/2026\/03\/'>marzo 2026<\/a><\/li>\n\t<li><a href='https:\/\/isp23-sfe.infd.edu.ar\/sitio\/2026\/02\/'>febrero 2026<\/a><\/li>\n\t<li><a href='https:\/\/isp23-sfe.infd.edu.ar\/sitio\/2024\/11\/'>noviembre 2024<\/a><\/li>\n\t<li><a href='https:\/\/isp23-sfe.infd.edu.ar\/sitio\/2024\/06\/'>junio 2024<\/a><\/li>\n\t<li><a href='https:\/\/isp23-sfe.infd.edu.ar\/sitio\/2023\/10\/'>octubre 2023<\/a><\/li>\n\t<li><a href='https:\/\/isp23-sfe.infd.edu.ar\/sitio\/2023\/06\/'>junio 2023<\/a><\/li>\n\t<li><a href='https:\/\/isp23-sfe.infd.edu.ar\/sitio\/2023\/04\/'>abril 2023<\/a><\/li>\n\t<li><a href='https:\/\/isp23-sfe.infd.edu.ar\/sitio\/2023\/03\/'>marzo 2023<\/a><\/li>\n\t<li><a href='https:\/\/isp23-sfe.infd.edu.ar\/sitio\/2018\/03\/'>marzo 2018<\/a><\/li>\n<\/ul>\n\n\n<p><\/p>\n\n\n\n<p><\/p>\n\n\n\n\n\n\n\n\n\n\n\n<figure class=\"wp-block-image\"><img alt=\"\"\/><\/figure>\n\n\n\n<figure class=\"wp-block-image\"><img alt=\"\"\/><\/figure>\n\n\n\n<figure class=\"wp-block-image\"><img alt=\"\"\/><\/figure>\n\n\n\n<figure class=\"wp-block-image\"><img decoding=\"async\" loading=\"lazy\" width=\"1024\" height=\"645\" src=\"https:\/\/isp23-sfe.infd.edu.ar\/sitio\/wp-content\/uploads\/2026\/03\/WhatsApp-Image-2026-03-09-at-18.27.54-7.jpeg\" alt=\"\" class=\"wp-image-1858\" srcset=\"https:\/\/isp23-sfe.infd.edu.ar\/sitio\/wp-content\/uploads\/2026\/03\/WhatsApp-Image-2026-03-09-at-18.27.54-7.jpeg 1024w, https:\/\/isp23-sfe.infd.edu.ar\/sitio\/wp-content\/uploads\/2026\/03\/WhatsApp-Image-2026-03-09-at-18.27.54-7-1000x630.jpeg 1000w, https:\/\/isp23-sfe.infd.edu.ar\/sitio\/wp-content\/uploads\/2026\/03\/WhatsApp-Image-2026-03-09-at-18.27.54-7-768x484.jpeg 768w\" sizes=\"(max-width: 1024px) 100vw, 1024px\" \/><\/figure>\n\n\n\n<figure class=\"wp-block-image\"><img decoding=\"async\" loading=\"lazy\" width=\"1024\" height=\"645\" src=\"https:\/\/isp23-sfe.infd.edu.ar\/sitio\/wp-content\/uploads\/2026\/03\/WhatsApp-Image-2026-03-09-at-18.27.54-7.jpeg\" alt=\"\" class=\"wp-image-1858\" srcset=\"https:\/\/isp23-sfe.infd.edu.ar\/sitio\/wp-content\/uploads\/2026\/03\/WhatsApp-Image-2026-03-09-at-18.27.54-7.jpeg 1024w, https:\/\/isp23-sfe.infd.edu.ar\/sitio\/wp-content\/uploads\/2026\/03\/WhatsApp-Image-2026-03-09-at-18.27.54-7-1000x630.jpeg 1000w, https:\/\/isp23-sfe.infd.edu.ar\/sitio\/wp-content\/uploads\/2026\/03\/WhatsApp-Image-2026-03-09-at-18.27.54-7-768x484.jpeg 768w\" sizes=\"(max-width: 1024px) 100vw, 1024px\" \/><\/figure>\n\n\n\n<figure class=\"wp-block-image\"><img decoding=\"async\" loading=\"lazy\" width=\"1024\" height=\"645\" src=\"https:\/\/isp23-sfe.infd.edu.ar\/sitio\/wp-content\/uploads\/2026\/03\/WhatsApp-Image-2026-03-09-at-18.27.54-7.jpeg\" alt=\"\" class=\"wp-image-1858\" srcset=\"https:\/\/isp23-sfe.infd.edu.ar\/sitio\/wp-content\/uploads\/2026\/03\/WhatsApp-Image-2026-03-09-at-18.27.54-7.jpeg 1024w, https:\/\/isp23-sfe.infd.edu.ar\/sitio\/wp-content\/uploads\/2026\/03\/WhatsApp-Image-2026-03-09-at-18.27.54-7-1000x630.jpeg 1000w, https:\/\/isp23-sfe.infd.edu.ar\/sitio\/wp-content\/uploads\/2026\/03\/WhatsApp-Image-2026-03-09-at-18.27.54-7-768x484.jpeg 768w\" sizes=\"(max-width: 1024px) 100vw, 1024px\" \/><\/figure>\n\n\n\n<figure class=\"wp-block-image\"><img decoding=\"async\" loading=\"lazy\" width=\"1024\" height=\"645\" src=\"https:\/\/isp23-sfe.infd.edu.ar\/sitio\/wp-content\/uploads\/2026\/03\/WhatsApp-Image-2026-03-09-at-18.27.54-7.jpeg\" alt=\"\" class=\"wp-image-1858\" srcset=\"https:\/\/isp23-sfe.infd.edu.ar\/sitio\/wp-content\/uploads\/2026\/03\/WhatsApp-Image-2026-03-09-at-18.27.54-7.jpeg 1024w, https:\/\/isp23-sfe.infd.edu.ar\/sitio\/wp-content\/uploads\/2026\/03\/WhatsApp-Image-2026-03-09-at-18.27.54-7-1000x630.jpeg 1000w, https:\/\/isp23-sfe.infd.edu.ar\/sitio\/wp-content\/uploads\/2026\/03\/WhatsApp-Image-2026-03-09-at-18.27.54-7-768x484.jpeg 768w\" sizes=\"(max-width: 1024px) 100vw, 1024px\" \/><\/figure>\n\n\n","protected":false},"excerpt":{"rendered":"<p>HORARIO CICLO LECTIVO 2026 CICLO LECTIVO 2026 &#8211; FORMULARIO DE INSCRIPCI\u00d3N A MATERIAS: 17\/03\/2026 al 25\/03\/2026 Per\u00edodo de inscripci\u00f3n: 03\/11\/2025 al 14\/11\/2025 En caso que haya una mesa que no tenga fecha designada, enviar al mail del Instituto el Espacio Curricular que se solicite. Mail: isp23elisadamiano@gmail.com Horario de inicio de los ex\u00e1menes finales: 19:15 hs. &#8230; <a title=\"\" class=\"read-more\" href=\"https:\/\/isp23-sfe.infd.edu.ar\/sitio\/informacion-para-alumnos\/\" aria-label=\"More on \">[+]<\/a><\/p>\n","protected":false},"author":243,"featured_media":0,"parent":0,"menu_order":0,"comment_status":"closed","ping_status":"closed","template":"","meta":[],"acf":[],"_links":{"self":[{"href":"https:\/\/isp23-sfe.infd.edu.ar\/sitio\/wp-json\/wp\/v2\/pages\/798"}],"collection":[{"href":"https:\/\/isp23-sfe.infd.edu.ar\/sitio\/wp-json\/wp\/v2\/pages"}],"about":[{"href":"https:\/\/isp23-sfe.infd.edu.ar\/sitio\/wp-json\/wp\/v2\/types\/page"}],"author":[{"embeddable":true,"href":"https:\/\/isp23-sfe.infd.edu.ar\/sitio\/wp-json\/wp\/v2\/users\/243"}],"replies":[{"embeddable":true,"href":"https:\/\/isp23-sfe.infd.edu.ar\/sitio\/wp-json\/wp\/v2\/comments?post=798"}],"version-history":[{"count":172,"href":"https:\/\/isp23-sfe.infd.edu.ar\/sitio\/wp-json\/wp\/v2\/pages\/798\/revisions"}],"predecessor-version":[{"id":1895,"href":"https:\/\/isp23-sfe.infd.edu.ar\/sitio\/wp-json\/wp\/v2\/pages\/798\/revisions\/1895"}],"wp:attachment":[{"href":"https:\/\/isp23-sfe.infd.edu.ar\/sitio\/wp-json\/wp\/v2\/media?parent=798"}],"curies":[{"name":"wp","href":"https:\/\/api.w.org\/{rel}","templated":true}]}}