{"id":811,"date":"2018-08-31T16:15:30","date_gmt":"2018-08-31T19:15:30","guid":{"rendered":"https:\/\/isp23-sfe.infd.edu.ar\/sitio\/postitulos-tics-oferta-educativa-cursos\/"},"modified":"2019-12-02T22:50:43","modified_gmt":"2019-12-03T01:50:43","slug":"postitulos-tics-oferta-educativa-cursos","status":"publish","type":"page","link":"https:\/\/isp23-sfe.infd.edu.ar\/sitio\/postitulos-tics-oferta-educativa-cursos\/","title":{"rendered":"Post\u00edtulos TICs &#8211; Sede El Tr\u00e9bol"},"content":{"rendered":"<p><strong>Setiembre 2019<\/strong><\/p>\n<p>Recibieron sus certificaciones en el Acto Acad\u00e9mico.<\/p>\n<p><img decoding=\"async\" loading=\"lazy\" class=\"alignnone wp-image-965\" src=\"https:\/\/isp23-sfe.infd.edu.ar\/sitio\/wp-content\/uploads\/2019\/12\/img034-1000x699.jpg\" alt=\"\" width=\"597\" height=\"417\" srcset=\"https:\/\/isp23-sfe.infd.edu.ar\/sitio\/wp-content\/uploads\/2019\/12\/img034-1000x699.jpg 1000w, https:\/\/isp23-sfe.infd.edu.ar\/sitio\/wp-content\/uploads\/2019\/12\/img034-768x537.jpg 768w, https:\/\/isp23-sfe.infd.edu.ar\/sitio\/wp-content\/uploads\/2019\/12\/img034.jpg 1636w\" sizes=\"(max-width: 597px) 100vw, 597px\" \/><\/p>\n<p>&#8212;&#8212;&#8212;&#8212;&#8212;&#8212;&#8212;&#8212;&#8212;&#8212;&#8212;&#8212;&#8212;&#8212;&#8212;&#8212;&#8212;&#8212;&#8212;&#8212;&#8212;&#8212;&#8212;&#8212;&#8212;&#8212;&#8212;&#8212;&#8212;&#8212;&#8212;&#8212;&#8212;&#8212;&#8212;&#8212;&#8212;&#8212;&#8212;&#8212;&#8212;&#8212;&#8212;&#8211;<\/p>\n<p><strong>El Director del I.S.N\u00b0 23 \u201cElisa Damiano\u201d<\/strong><br \/>\n<strong>Prof. Jos\u00e9 Picatto<\/strong><\/p>\n<p>Tiene el agrado de invitar a Ud.\/es., al <strong><em>Acto Acad\u00e9mico <\/em><\/strong>a realizarse el d\u00eda 27 de Setiembre de 2019, a las 19,30hs., en el Centro Cultural Cervantes, sito en calle Rosario 780.<\/p>\n<p>El Tr\u00e9bol, Setiembre de 2019.<\/p>\n<pre style=\"text-align: center;\">T\u00cdTULOS DE ESPECIALIZACIONES 2019\r\n\r\nESPECIALIZACI\u00d3N DOCENTE DE NIVEL SUPERIOR EN ALFABETIZACI\u00d3N INICIAL:\u00a0 Arduino\u00a0 Julieta, Pettinari\u00a0 Luisina Valeria\r\nESPECIALIZACI\u00d3N DOCENTE DE NIVEL SUPERIOR EN ESCRITURA Y LITERATURA: Ber\u00f3n Mar\u00eda Beatriz, Cabo Mar\u00eda Soledad, Girolami\u00a0 Virginia\r\nESPECIALIZACI\u00d3N DOCENTE DE NIVEL SUPERIOR EN CIENCIAS NATURALES NIVEL SECUNDARIA: Bella\u00a0 Pablo Francisco; Stremel \u00a0 Flavia Vanina\r\nESPECIALIZACI\u00d3N DOCENTE DE NIVEL SUPERIOR CIENCIAS SOCIALES NIVEL PRIMARIO: Aichino\u00a0\u00a0 Mar\u00eda Rosa, Luque\u00a0 Susana Griselda, Retamosa\u00a0\u00a0 Jorgelina Andrea\r\nESPECIALIZACI\u00d3N DOCENTE DE NIVEL SUPERIOR EN EDUCACI\u00d3N MATERNAL: Balansino\u00a0\u00a0 Carolina Susana, Castro\u00a0 Mar\u00eda Fernanda, Chuard\u00a0\u00a0 Judit Virginia, \r\n           Cocchio G\u00f3mez Ver\u00f3nica Bel\u00e9n, Cravero\u00a0\u00a0\u00a0 Mar\u00eda Fernanda, Fedele Vanesa Roxana, Gelso Melisa Andrea, Izfran\u00a0 Mar\u00eda Luz, Moiso Mar\u00eda del Pilar, Orellano Paola Andrea, \r\nPascual\u00f3n Lorena Paola, Trucchia Fernandez Tania Raquel, Vagliente Noelia\r\nESPECIALIZACI\u00d3N DOCENTE DE NIVEL SUPERIOR EN EDUCACI\u00d3N PRIMARIA: Ceroli\u00a0 Daniel Jos\u00e9, Degano\u00a0 Cecilia, Ponzano\u00a0 Norma Beatriz\r\nESPECIALIZACI\u00d3N DOCENTE DE NIVEL SUPERIOR EN ENSE\u00d1ANZA DE LA MATEMATICA EDUCACI\u00d3N PRIMARIA: Fusta\u00a0 Claudia Alejandra\r\nESPECIALIZACI\u00d3N DOCENTE DE NIVEL SUPERIOR EN ENSE\u00d1ANZA DE LA MATEMATICA EDUCACI\u00d3N SECUNDARIA: Maggi\u00a0\u00a0 Marcelo Gustavo\r\nESPECIALIZACI\u00d3N DOCENTE DE NIVEL SUPERIOR EN PROGRAMAS Y POLITICAS SOCIOEDUCATIVAS: Basualdo M\u00f3nica Andrea, Bergero Lorena\r\nESPECIALIZACI\u00d3N DOCENTE DE NIVEL SUPERIOR EN EDUCACI\u00d3N SECUNDARIA Y TIC: Dhetier\u00a0 Mar\u00eda Soledad ESPECIALIZACI\u00d3N DOCENTE DE NIVEL SUPERIOR EN DERECHOS HUMANOS: Bonino Mar\u00eda Daniela\r\nESPECIALIZACI\u00d3N DOCENTE DE NIVEL SUPERIOR EN CIENCIAS NATURALES PARA EDUCACI\u00d3N SECUNDARIA: Brugiafreddo\u00a0 Mar\u00eda Laura, Casas Caren, D\u2019 Andrea\u00a0 Anabel, Giecco Estefan\u00eda Loreley, Gozzi Pecci<\/pre>\n<h6>&#8212;&#8212;&#8212;&#8212;&#8212;&#8212;&#8212;&#8212;&#8212;&#8212;&#8212;&#8212;&#8212;&#8212;&#8212;&#8212;&#8212;&#8212;&#8212;&#8212;&#8212;&#8212;&#8212;&#8212;&#8212;&#8212;&#8212;&#8212;&#8212;&#8212;&#8212;&#8212;&#8212;&#8212;&#8212;&#8212;&#8212;&#8212;&#8212;&#8212;&#8212;&#8212;&#8212;&#8212;&#8212;&#8212;&#8212;&#8212;&#8212;<\/h6>\n<h6><span style=\"font-size: 8pt;\">S\u00e1bado 10 de Setiembre de 2016 cumplimentaron la etapa de \u00abActualizaci\u00f3n Docente en\u00a0 Educaci\u00f3n y TIC\u00bb<\/span><\/h6>\n<h6><span style=\"font-size: 8pt;\">Boasso Vanina (El Tr\u00e9bol), Bonino Mar\u00eda Daniela (Piamonte), Bringas Mirna Beatriz (San Jorge), Brugiafreddo Mar\u00eda Laura (Ma Susana), Casas Caren (Ca\u00f1ada Rosqu\u00edn), Cruz Joya Ma de los Milagros (El Tr\u00e9bol), Degano Fabricio (El Tr\u00e9bol), Mazzini Anal\u00eda (El Tr\u00e9bol), Moiso Silvina (El Tr\u00e9bol), Mendoza, Julio C\u00e9sar (El Tr\u00e9bol), Mungu\u00eda Patricia (Ma. Susana)<\/span><\/h6>\n<p><img decoding=\"async\" loading=\"lazy\" src=\"https:\/\/isp23-sfe.infd.edu.ar\/sitio\/wp-content\/uploads\/2018\/08\/2irNoZLffS0Dyimagen_incrustada1.png\" alt=\"\" width=\"441\" height=\"331\" border=\"0\" \/><\/p>\n<p>&#8212;&#8212;&#8212;&#8212;&#8212;&#8212;&#8212;&#8212;&#8212;&#8212;&#8212;&#8212;&#8212;&#8212;&#8212;&#8212;&#8212;&#8212;&#8212;&#8212;&#8212;&#8212;&#8212;&#8212;&#8212;&#8212;&#8212;&#8212;&#8212;&#8212;-<\/p>\n<p><img decoding=\"async\" loading=\"lazy\" src=\"https:\/\/isp23-sfe.infd.edu.ar\/sitio\/wp-content\/uploads\/2018\/08\/23W4lKTZVsByaimagen_incrustada1.png\" alt=\"\" width=\"379\" height=\"304\" border=\"0\" \/><\/p>\n<p style=\"text-align: justify;\"><span style=\"font-size: 8pt;\">Como <strong>Instituto Sede de las Especializaciones de Formaci\u00f3n Docente a nivel nacional<\/strong>\u00a0queremos comunicarles que se halla abierta la inscripci\u00f3n a una nueva cohorte de los<strong>\u00a0post\u00edtulos de formaci\u00f3n docente.<\/strong><\/span><\/p>\n<p><span style=\"font-size: 8pt;\">Estas propuestas espec\u00edficas son de car\u00e1cter <strong>semipresencial y gratuito<\/strong>.<\/span><\/p>\n<p><span style=\"font-size: 8pt;\">Para orientaci\u00f3n\/consultas:\u00a0\u00a0\u00a0\u00a0\u00a0\u00a0 <a href=\"mailto:patriciafaverzani@gmail.com\">patriciafaverzani@gmail.com<\/a><\/span><\/p>\n<p>&#8212;&#8212;&#8212;&#8212;&#8212;&#8212;&#8212;&#8212;&#8212;&#8212;&#8212;&#8212;&#8212;&#8212;&#8212;&#8212;&#8212;&#8212;&#8212;&#8212;&#8212;&#8212;&#8212;&#8212;&#8212;&#8212;&#8212;&#8212;&#8211;<img decoding=\"async\" loading=\"lazy\" src=\"https:\/\/isp23-sfe.infd.edu.ar\/sitio\/wp-content\/uploads\/2018\/08\/1XOE5mGw4vU1aimagen_incrustada1.png\" alt=\"\" width=\"514\" height=\"235\" border=\"0\" \/><\/p>\n<p><strong><span style=\"font-size: 10pt; font-family: arial,helvetica,sans-serif;\">&#8212;&#8212;&#8212;&#8212;&#8212;&#8212;&#8212;&#8212;&#8212;&#8212;&#8212;&#8212;&#8212;&#8212;&#8212;&#8212;&#8212;&#8212;&#8212;&#8212;&#8212;&#8212;&#8212;&#8212;&#8212;&#8212;&#8212;&#8212;&#8212;&#8212;&#8212;&#8212;&#8212;&#8212;&#8212;-<img decoding=\"async\" loading=\"lazy\" src=\"https:\/\/isp23-sfe.infd.edu.ar\/sitio\/wp-content\/uploads\/2018\/08\/2flnde0c7b3zfimagen_incrustada1.png\" alt=\"\" width=\"529\" height=\"264\" border=\"0\" \/><\/span><\/strong><\/p>\n<p><strong><span style=\"font-size: 10pt; font-family: arial,helvetica,sans-serif;\">&#8212;&#8212;&#8212;&#8212;&#8212;&#8212;&#8212;&#8212;&#8212;&#8212;&#8212;&#8212;&#8212;&#8212;&#8212;&#8212;&#8212;&#8212;&#8212;&#8212;&#8212;&#8212;&#8212;&#8212;&#8212;&#8212;&#8212;&#8212;&#8212;&#8212;&#8212;&#8212;&#8212;&#8212;&#8212;&#8212;<\/span><\/strong><\/p>\n<p><strong><span style=\"font-size: 10pt; font-family: arial,helvetica,sans-serif;\">Octubre 2015 &#8211; Presenciales<\/span><\/strong><\/p>\n<p><strong><span style=\"font-size: 10pt; font-family: arial,helvetica,sans-serif;\"><img decoding=\"async\" loading=\"lazy\" src=\"https:\/\/isp23-sfe.infd.edu.ar\/sitio\/wp-content\/uploads\/2018\/08\/21OgISGmMUBzGimagen_incrustada1.png\" alt=\"\" width=\"534\" height=\"399\" border=\"0\" \/><\/span><\/strong><\/p>\n<p>&nbsp;<\/p>\n<p>&nbsp;<\/p>\n<p><strong><span style=\"font-size: 10pt; font-family: arial,helvetica,sans-serif;\">Julio 2015 &#8211; Egresada: Cecilia Michelotti<br \/>\n<\/span><\/strong><\/p>\n<p><span style=\"font-size: 10pt; font-family: arial,helvetica,sans-serif;\"><strong><img decoding=\"async\" loading=\"lazy\" style=\"display: block; margin-left: auto; margin-right: auto;\" src=\"https:\/\/isp23-sfe.infd.edu.ar\/sitio\/wp-content\/uploads\/2018\/08\/MnFyUBXNerk2imagen_incrustada1.png\" alt=\"\" width=\"326\" height=\"174\" border=\"0\" \/><\/strong><\/span><\/p>\n<p style=\"text-align: justify;\"><span style=\"font-size: 10pt; font-family: arial,helvetica,sans-serif;\"><strong>Egresados de la Especializaci\u00f3n Docente en Educaci\u00f3n y TIC &#8211; <\/strong>Coloquio Final 06 de junio de 2015 en Sede Rafaela.<\/span><\/p>\n<p>&nbsp;<\/p>\n<p style=\"text-align: justify;\"><img decoding=\"async\" loading=\"lazy\" src=\"https:\/\/isp23-sfe.infd.edu.ar\/sitio\/wp-content\/uploads\/2018\/08\/8aetuL6KmPZximagen_incrustada1.png\" alt=\"\" width=\"513\" height=\"384\" border=\"0\" \/><\/p>\n<p style=\"text-align: justify;\">&#8212;&#8212;&#8212;&#8212;&#8212;&#8212;&#8212;&#8212;&#8212;&#8212;&#8212;&#8212;&#8212;&#8212;&#8212;&#8212;&#8212;&#8212;&#8212;&#8212;&#8212;&#8212;&#8212;&#8212;&#8212;&#8212;&#8212;&#8212;&#8212;&#8212;&#8211;<\/p>\n<p style=\"text-align: justify;\"><span style=\"font-size: 10pt; font-family: arial,helvetica,sans-serif;\">Tercer Encuentro Presencial de Educaci\u00f3n y TIC del Nivel Secundario, Especial y Formaci\u00f3n Docente \u2013 Educaci\u00f3n y Tic de Nivel Primario y Formaci\u00f3n Docente en la Sede de nuestro instituto llevado a cabo el <strong>09 de mayo de 2015<\/strong>.<\/span><\/p>\n<p style=\"text-align: justify;\"><span style=\"font-family: arial,helvetica,sans-serif; font-size: 8pt;\">Bienvenidos! los docentes de nivel primario que tuvieron su primera\u00a0 experiencia en la instancia presencial de la Especializaci\u00f3n en Educaci\u00f3n TIC.\u00a0 Contamos con asistencia masiva de docentes que se suman al desaf\u00edo de ense\u00f1ar y aprender con TIC.\u00a0 Excelente jornada de trabajo, de producci\u00f3n, reflexi\u00f3n e intercambio de experiencias.<\/span><\/p>\n<p><img decoding=\"async\" loading=\"lazy\" src=\"https:\/\/isp23-sfe.infd.edu.ar\/sitio\/wp-content\/uploads\/2018\/08\/2blmVSBqhkJeKimagen_incrustada1.png\" alt=\"\" width=\"521\" height=\"390\" border=\"0\" \/><\/p>\n<p>&#8212;&#8212;&#8212;&#8212;&#8212;&#8212;&#8212;&#8212;&#8212;&#8212;&#8212;&#8212;&#8212;&#8212;&#8212;&#8212;&#8212;&#8212;&#8212;&#8212;&#8212;&#8212;&#8212;&#8212;&#8212;&#8212;&#8212;&#8212;&#8212;&#8212;-<\/p>\n<p style=\"text-align: justify;\"><span style=\"font-family: arial,helvetica,sans-serif; font-size: 10pt;\">El INSTITUTO SUPERIOR N\u00b023 de EL TREBOL conjuntamente con el Ministerio de Educaci\u00f3n de la Naci\u00f3n invita a\u00a0 <strong>profesores, directivos, supervisores, tutores, preceptores, bibliotecarios y otros actores con funciones docentes<\/strong>, de todas las jurisdicciones del pa\u00eds,\u00a0 de <strong>educaci\u00f3n\u00a0 secundaria,\u00a0 especial\u00a0 y\u00a0 formaci\u00f3n\u00a0 docente<\/strong>, incluso a <strong>estudiantes del \u00faltimo a\u00f1o de carreras de educaci\u00f3n secundaria<\/strong>\u00a0 a participar de\u00a0 la\u00a0 Especializaci\u00f3n docente de Nivel Superior en Educaci\u00f3n y TIC.<\/span><\/p>\n<p style=\"text-align: justify;\"><span style=\"font-size: 8pt;\">La propuesta, destinada al uso pedag\u00f3gico de las tecnolog\u00edas de la informaci\u00f3n y la comunicaci\u00f3n \u2014TIC\u2014,\u00a0 tiene\u00a0 como\u00a0 prop\u00f3sito\u00a0 contribuir\u00a0 al\u00a0 fortalecimiento\u00a0 y\u00a0 enriquecimiento\u00a0 de\u00a0 las\u00a0 pr\u00e1cticas educativas,\u00a0 brindando\u00a0 herramientas\u00a0 te\u00f3rico-conceptuales,\u00a0 metodol\u00f3gicas\u00a0 y\u00a0 pr\u00e1cticas.\u00a0 En\u00a0 la especializaci\u00f3n,\u00a0 se\u00a0 presentan\u00a0 m\u00faltiples\u00a0 recursos\u00a0 para\u00a0 que\u00a0 los\u00a0 docentes\u00a0 puedan\u00a0 trabajar\u00a0 en\u00a0 la producci\u00f3n\u00a0 e\u00a0 intercambio\u00a0 de\u00a0 experiencias\u00a0 relacionadas\u00a0 con\u00a0 los\u00a0 aprendizajes\u00a0 mediados\u00a0 por\u00a0 las TIC, as\u00ed como tambi\u00e9n avanzar en su registro y sistematizaci\u00f3n<\/span><\/p>\n<p><span style=\"font-size: 8pt;\">Es de car\u00e1cter gratuito, semipresencial y tiene dos a\u00f1os de duraci\u00f3n.<\/span><\/p>\n<p><span style=\"font-size: 8pt;\"><strong>La inscripci\u00f3n se lleva a cabo desde el 02 de febrero al 20 de febrero de 2015<\/strong><\/span><\/p>\n<p><span style=\"font-size: 8pt;\">Para inscribirse ingresar a:<a href=\"http:\/\/postitulo.educacion.gob.ar\/\" target=\"_blank\" rel=\"noopener\">http:\/\/postitulo.educacion.gob.ar\/<\/a><\/span><\/p>\n<p><span style=\"font-size: 8pt;\">Para informaci\u00f3n\/consultas:\u00a0 <a href=\"http:\/\/postitulo.educacion.gob.ar\/\" target=\"_blank\" rel=\"noopener\">http:\/\/postitulo.educacion.gob.ar\/<\/a><\/span><\/p>\n<p><span style=\"font-size: 8pt;\"><a href=\"mailto:patriciafaverzani@gmail.com\">Coordinadora I.S.N\u00ba 23:\u00a0 patriciafaverzani@gmail.com<\/a><\/span><\/p>\n<p><span style=\"font-size: 8pt; font-family: arial,helvetica,sans-serif;\"><strong>&#8212;&#8212;&#8212;&#8212;&#8212;&#8212;&#8212;&#8212;&#8212;&#8212;&#8212;&#8212;&#8212;&#8212;&#8212;&#8212;&#8212;&#8212;&#8212;&#8212;&#8212;&#8212;&#8212;&#8212;&#8212;&#8212;&#8212;&#8212;&#8212;&#8212;&#8212;&#8212;&#8212;&#8212;&#8212;&#8212;&#8212;&#8212;&#8212;&#8212;&#8212;&#8212;&#8212;&#8212;&#8212;&#8212;&#8212;&#8212;&#8212;&#8212;&#8212;&#8212;-<\/strong><\/span><\/p>\n<p><span style=\"font-size: 10pt; font-family: arial,helvetica,sans-serif;\"><strong>Primeros egresados de la Especializaci\u00f3n Docente en Educaci\u00f3n y TIC<\/strong><\/span><\/p>\n<p style=\"text-align: justify;\"><span style=\"font-size: 8pt;\">Tras dos a\u00f1os de intenso aprendizaje y de fruct\u00edferos intercambios en el campus virtual y en los encuentros presenciales, la Especializaci\u00f3n Docente de Nivel Superior en Educaci\u00f3n y TIC ya cuenta con su primera cohorte de egresados. Alrededor de 4.500 cursantes de todo el pa\u00eds finalizaron sus estudios y con orgullo queremos mencionar\u00a0 a los docentes de esta instituci\u00f3n que recibieron el t\u00edtulo de <strong><em>ESPECIALISTAS EN EDUCACI\u00d3N Y TECNOLOG\u00cdAS DE LA INFORMACI\u00d3N Y COMUNICACI\u00d3N .<\/em><\/strong><\/span><\/p>\n<p><span style=\"font-size: 8pt;\">CARIGNANO ILEANA, DEGANO CECILIA, DEL PINO SILVIA, FAVERZANI\u00a0 PATRICIA, FORTE MARIELA, PICATTO JOS\u00c9, PIETRANI CARINA, TESSORE MARIA LAURA.<\/span><\/p>\n<p style=\"text-align: justify;\"><span style=\"font-size: 8pt;\">Alentamos a los docentes que recibir\u00e1n su titulaci\u00f3n el a\u00f1o que viene y les adelantamos que se abri\u00f3 una <strong>nueva inscripci\u00f3n<\/strong> a la Especializaci\u00f3n Docente de Secundaria &#8211; cohorte 2015.\u00a0\u00a0 <strong>Desde el 02 de Diciembre de 2014 al 20 de Febrero de 2015<\/strong>: <a href=\"http:\/\/postitulo.educacion.gob.ar\/\" target=\"_blank\" rel=\"noopener\">http:\/\/postitulo.educacion.gob.ar\/<\/a><\/span><\/p>\n<p><span style=\"font-family: arial,helvetica,sans-serif;\"><strong>&#8212;&#8212;&#8212;&#8212;&#8212;&#8212;&#8212;&#8212;&#8212;&#8212;&#8212;&#8212;&#8212;&#8212;&#8212;&#8212;&#8212;&#8212;&#8212;&#8212;&#8212;&#8212;&#8212;&#8212;&#8212;&#8212;&#8212;&#8212;&#8212;&#8212;&#8212;&#8212;&#8212;&#8212;&#8212;&#8212;&#8212;&#8212;&#8212;&#8212;&#8212;&#8212;&#8212;&#8212;&#8212;&#8212;&#8212;&#8212;&#8212;&#8212;&#8212;&#8211;<\/strong><\/span><\/p>\n<p><span style=\"font-size: 10pt; font-family: arial,helvetica,sans-serif;\">El 18 de octubre se llev\u00f3 a cabo en este instituto, el <strong>Primer Encuentro Presencial<\/strong> del Post\u00edtulo en Educaci\u00f3n y TIC.<\/span><\/p>\n<p style=\"text-align: justify;\"><span style=\"font-family: arial,helvetica,sans-serif;\">\u00a0\u00a0\u00a0\u00a0\u00a0<\/span><span style=\"font-size: 8pt;\"> Nuestra instituci\u00f3n es Sede de dos post\u00edtulos de nivel nacional de modalidad\u00a0 virtual y semipresencial:\u00a0\u00a0<\/span><\/p>\n<p style=\"text-align: justify;\"><span style=\"font-size: 8pt;\">\u00a0\u00a0\u00a0\u00a0\u00a0\u00a0\u00a0 . <strong><em>Especializaci\u00f3n Docente en Educaci\u00f3n y Tic<\/em><\/strong><\/span><\/p>\n<p style=\"text-align: justify;\"><span style=\"font-size: 8pt;\">\u00a0\u00a0\u00a0\u00a0\u00a0\u00a0\u00a0 . <strong><em>Especializaci\u00f3n Docente en Educaci\u00f3n Primaria y Tic.<\/em><\/strong><\/span><\/p>\n<p style=\"text-align: justify;\"><span style=\"font-size: 8pt;\">Las propuestas de aprendizaje se enmarcan dentro del Plan Conectar Igualdad del Ministerio de Educaci\u00f3n de la Naci\u00f3n y el desaf\u00edo que representan las nuevas formas de producir saberes, de circular y compartir la informaci\u00f3n.<\/span><\/p>\n<p style=\"text-align: justify;\"><span style=\"font-size: 8pt;\">En el encuentro se <strong>intercambiaron experiencias<\/strong> entre colegas cursantes para retroalimentar y enriquecer el proceso de formaci\u00f3n estimulando\u00a0 la\u00a0 <strong>reflexi\u00f3n<\/strong> y la proyecci\u00f3n de acciones pedag\u00f3gicas repensando las propias pr\u00e1cticas.<\/span><\/p>\n<p style=\"text-align: justify;\"><span style=\"font-size: 8pt;\"><img decoding=\"async\" loading=\"lazy\" src=\"https:\/\/isp23-sfe.infd.edu.ar\/sitio\/wp-content\/uploads\/2018\/08\/26PWFOQSITN7Simagen_incrustada1.png\" alt=\"\" width=\"514\" height=\"385\" border=\"0\" \/><\/span><\/p>\n","protected":false},"excerpt":{"rendered":"<p>Setiembre 2019 Recibieron sus certificaciones en el Acto Acad\u00e9mico. &#8212;&#8212;&#8212;&#8212;&#8212;&#8212;&#8212;&#8212;&#8212;&#8212;&#8212;&#8212;&#8212;&#8212;&#8212;&#8212;&#8212;&#8212;&#8212;&#8212;&#8212;&#8212;&#8212;&#8212;&#8212;&#8212;&#8212;&#8212;&#8212;&#8212;&#8212;&#8212;&#8212;&#8212;&#8212;&#8212;&#8212;&#8212;&#8212;&#8212;&#8212;&#8212;&#8212;&#8211; El Director del I.S.N\u00b0 23 \u201cElisa Damiano\u201d Prof. Jos\u00e9 Picatto Tiene el agrado de invitar a Ud.\/es., al Acto Acad\u00e9mico a realizarse el d\u00eda 27 de Setiembre de 2019, a las 19,30hs., en el Centro Cultural Cervantes, sito en calle Rosario 780. El Tr\u00e9bol, Setiembre &#8230; <a title=\"Post\u00edtulos TICs &#8211; Sede El Tr\u00e9bol\" class=\"read-more\" href=\"https:\/\/isp23-sfe.infd.edu.ar\/sitio\/postitulos-tics-oferta-educativa-cursos\/\" aria-label=\"More on Post\u00edtulos TICs &#8211; Sede El Tr\u00e9bol\">[+]<\/a><\/p>\n","protected":false},"author":243,"featured_media":0,"parent":0,"menu_order":0,"comment_status":"closed","ping_status":"closed","template":"","meta":[],"acf":[],"_links":{"self":[{"href":"https:\/\/isp23-sfe.infd.edu.ar\/sitio\/wp-json\/wp\/v2\/pages\/811"}],"collection":[{"href":"https:\/\/isp23-sfe.infd.edu.ar\/sitio\/wp-json\/wp\/v2\/pages"}],"about":[{"href":"https:\/\/isp23-sfe.infd.edu.ar\/sitio\/wp-json\/wp\/v2\/types\/page"}],"author":[{"embeddable":true,"href":"https:\/\/isp23-sfe.infd.edu.ar\/sitio\/wp-json\/wp\/v2\/users\/243"}],"replies":[{"embeddable":true,"href":"https:\/\/isp23-sfe.infd.edu.ar\/sitio\/wp-json\/wp\/v2\/comments?post=811"}],"version-history":[{"count":11,"href":"https:\/\/isp23-sfe.infd.edu.ar\/sitio\/wp-json\/wp\/v2\/pages\/811\/revisions"}],"predecessor-version":[{"id":970,"href":"https:\/\/isp23-sfe.infd.edu.ar\/sitio\/wp-json\/wp\/v2\/pages\/811\/revisions\/970"}],"wp:attachment":[{"href":"https:\/\/isp23-sfe.infd.edu.ar\/sitio\/wp-json\/wp\/v2\/media?parent=811"}],"curies":[{"name":"wp","href":"https:\/\/api.w.org\/{rel}","templated":true}]}}