{"id":813,"date":"2018-08-31T16:15:31","date_gmt":"2018-08-31T19:15:31","guid":{"rendered":"https:\/\/isp23-sfe.infd.edu.ar\/sitio\/noticias-del-instituto\/"},"modified":"2024-09-16T23:46:25","modified_gmt":"2024-09-17T02:46:25","slug":"noticias-del-instituto","status":"publish","type":"page","link":"https:\/\/isp23-sfe.infd.edu.ar\/sitio\/noticias-del-instituto\/","title":{"rendered":"Noticias del Instituto"},"content":{"rendered":"\n<p><strong>Acto de Colaci\u00f3n 2024<\/strong><\/p>\n\n\n\n<p>Tenemos el agrado de invitar a Ud. al<strong> Acto de Colaci\u00f3n de Grado <\/strong>de las Promociones 2023 \/ 2024. <br><br>La ceremonia se llevar\u00e1 a cabo el d\u00eda viernes 20 de septiembre de 2024 a las 19:45 horas Centro Cultural Cervantes.<br><em>&#8211; Rosario 780 &#8211; El Tr\u00e9bol (Sta. Fe)<\/em><br><\/p>\n\n\n\n<div class=\"wp-block-file\"><object class=\"wp-block-file__embed\" data=\"https:\/\/isp23-sfe.infd.edu.ar\/sitio\/wp-content\/uploads\/2024\/09\/Acto-de-Colacion-2024.pdf\" type=\"application\/pdf\" style=\"width:100%;height:600px\" aria-label=\"Incrustado de Acto-de-Colacion-2024.\"><\/object><a id=\"wp-block-file--media-e26c2230-cdc8-4194-b8ab-802f6b7ba05f\" href=\"https:\/\/isp23-sfe.infd.edu.ar\/sitio\/wp-content\/uploads\/2024\/09\/Acto-de-Colacion-2024.pdf\">Acto-de-Colacion-2024<\/a><a href=\"https:\/\/isp23-sfe.infd.edu.ar\/sitio\/wp-content\/uploads\/2024\/09\/Acto-de-Colacion-2024.pdf\" class=\"wp-block-file__button wp-element-button\" download aria-describedby=\"wp-block-file--media-e26c2230-cdc8-4194-b8ab-802f6b7ba05f\">Descarga<\/a><\/div>\n\n\n\n<p><br><\/p>\n\n\n\n<p><strong>FORMULARIO DE INSCRIPCI\u00d3N<\/strong><\/p>\n\n\n\n<p>Se adjunta PLANILLA DE INSCRIPCI\u00d3N A PRIMER A\u00d1O 2024<\/p>\n\n\n\n<div class=\"wp-block-file\"><a id=\"wp-block-file--media-69a057fa-a55f-49e4-aa3d-a05c7494d571\" href=\"https:\/\/isp23-sfe.infd.edu.ar\/sitio\/wp-content\/uploads\/2023\/11\/ISP23_FORMULARIO_INSCRIPCION.2024.doc\">ISP23_FORMULARIO_INSCRIPCION.2024<\/a><a href=\"https:\/\/isp23-sfe.infd.edu.ar\/sitio\/wp-content\/uploads\/2023\/11\/ISP23_FORMULARIO_INSCRIPCION.2024.doc\" class=\"wp-block-file__button wp-element-button\" download aria-describedby=\"wp-block-file--media-69a057fa-a55f-49e4-aa3d-a05c7494d571\">Descarga<\/a><\/div>\n\n\n\n<p><\/p>\n\n\n\n<p><strong>ACTO DE COLACI\u00d3N 2023<\/strong><\/p>\n\n\n\n<figure class=\"wp-block-image size-full\"><img decoding=\"async\" loading=\"lazy\" width=\"1600\" height=\"1236\" src=\"https:\/\/isp23-sfe.infd.edu.ar\/sitio\/wp-content\/uploads\/2023\/10\/INVITACION-ACTO-COLACION2023-1.jpeg\" alt=\"\" class=\"wp-image-1504\" srcset=\"https:\/\/isp23-sfe.infd.edu.ar\/sitio\/wp-content\/uploads\/2023\/10\/INVITACION-ACTO-COLACION2023-1.jpeg 1600w, https:\/\/isp23-sfe.infd.edu.ar\/sitio\/wp-content\/uploads\/2023\/10\/INVITACION-ACTO-COLACION2023-1-1000x773.jpeg 1000w, https:\/\/isp23-sfe.infd.edu.ar\/sitio\/wp-content\/uploads\/2023\/10\/INVITACION-ACTO-COLACION2023-1-768x593.jpeg 768w, https:\/\/isp23-sfe.infd.edu.ar\/sitio\/wp-content\/uploads\/2023\/10\/INVITACION-ACTO-COLACION2023-1-1536x1187.jpeg 1536w\" sizes=\"(max-width: 1600px) 100vw, 1600px\" \/><\/figure>\n\n\n\n<figure class=\"wp-block-image size-full\"><img decoding=\"async\" loading=\"lazy\" width=\"1236\" height=\"1600\" src=\"https:\/\/isp23-sfe.infd.edu.ar\/sitio\/wp-content\/uploads\/2023\/10\/acto-colacion2023-1-rotated.jpeg\" alt=\"\" class=\"wp-image-1505\" srcset=\"https:\/\/isp23-sfe.infd.edu.ar\/sitio\/wp-content\/uploads\/2023\/10\/acto-colacion2023-1-rotated.jpeg 1236w, https:\/\/isp23-sfe.infd.edu.ar\/sitio\/wp-content\/uploads\/2023\/10\/acto-colacion2023-1-773x1000.jpeg 773w, https:\/\/isp23-sfe.infd.edu.ar\/sitio\/wp-content\/uploads\/2023\/10\/acto-colacion2023-1-768x994.jpeg 768w, https:\/\/isp23-sfe.infd.edu.ar\/sitio\/wp-content\/uploads\/2023\/10\/acto-colacion2023-1-1187x1536.jpeg 1187w\" sizes=\"(max-width: 1236px) 100vw, 1236px\" \/><\/figure>\n\n\n\n<p><\/p>\n\n\n\n<p><strong>MESAS DE EX\u00c1MENES REPROGRAMADAS DEL 20 AL 23 \/03<\/strong><\/p>\n\n\n\n<p><\/p>\n\n\n\n<div class=\"wp-block-file\"><object class=\"wp-block-file__embed\" data=\"https:\/\/isp23-sfe.infd.edu.ar\/sitio\/wp-content\/uploads\/2023\/03\/MESAS-REPROGRAMADAS.pdf\" type=\"application\/pdf\" style=\"width:100%;height:600px\" aria-label=\"Incrustado de MESAS-REPROGRAMADAS.\"><\/object><a id=\"wp-block-file--media-d69a9034-98da-4db6-b668-12df32e40c9b\" href=\"https:\/\/isp23-sfe.infd.edu.ar\/sitio\/wp-content\/uploads\/2023\/03\/MESAS-REPROGRAMADAS.pdf\">MESAS-REPROGRAMADAS<\/a><a href=\"https:\/\/isp23-sfe.infd.edu.ar\/sitio\/wp-content\/uploads\/2023\/03\/MESAS-REPROGRAMADAS.pdf\" class=\"wp-block-file__button wp-element-button\" download aria-describedby=\"wp-block-file--media-d69a9034-98da-4db6-b668-12df32e40c9b\">Descarga<\/a><\/div>\n\n\n\n<p><strong>JORNADAS PROPED\u00c9UTICAS<\/strong><\/p>\n\n\n\n<p>El curso introductorio obligatorio para ingresantes se extiende desde el <strong>20\/03 al 31\/03<\/strong> y el horario es de <strong>19 a 21hs.<\/strong><\/p>\n\n\n\n<p>Se informa a los alumnos ingresantes que en el aula <strong>ALUMNOS,<\/strong> en la secci\u00f3n <strong>ARCHIVOS<\/strong>, se van a ir publicando los materiales que deben traer para Proped\u00e9uticas.&nbsp;<\/p>\n\n\n\n<p>Se visualiza como <strong>JORNADAS PROPED\u00c9UTICAS 2023<\/strong> y debajo aparece la denominaci\u00f3n de cada carrera, con sus archivos correspondientes.<\/p>\n\n\n\n<figure class=\"wp-block-image size-full\"><img decoding=\"async\" loading=\"lazy\" width=\"1080\" height=\"1080\" src=\"https:\/\/isp23-sfe.infd.edu.ar\/sitio\/wp-content\/uploads\/2023\/03\/WhatsApp-Image-2023-03-15-at-21.45.01-2.jpeg\" alt=\"\" class=\"wp-image-1432\" srcset=\"https:\/\/isp23-sfe.infd.edu.ar\/sitio\/wp-content\/uploads\/2023\/03\/WhatsApp-Image-2023-03-15-at-21.45.01-2.jpeg 1080w, https:\/\/isp23-sfe.infd.edu.ar\/sitio\/wp-content\/uploads\/2023\/03\/WhatsApp-Image-2023-03-15-at-21.45.01-2-1000x1000.jpeg 1000w, https:\/\/isp23-sfe.infd.edu.ar\/sitio\/wp-content\/uploads\/2023\/03\/WhatsApp-Image-2023-03-15-at-21.45.01-2-500x500.jpeg 500w, https:\/\/isp23-sfe.infd.edu.ar\/sitio\/wp-content\/uploads\/2023\/03\/WhatsApp-Image-2023-03-15-at-21.45.01-2-768x768.jpeg 768w\" sizes=\"(max-width: 1080px) 100vw, 1080px\" \/><\/figure>\n\n\n<p><\/p>\n<p><img decoding=\"async\" loading=\"lazy\" class=\"alignnone  wp-image-1396\" src=\"https:\/\/isp23-sfe.infd.edu.ar\/sitio\/wp-content\/uploads\/2023\/02\/WhatsApp-Image-2023-02-27-at-21.24.23-1000x1000.jpeg\" alt=\"\" width=\"445\" height=\"445\" srcset=\"https:\/\/isp23-sfe.infd.edu.ar\/sitio\/wp-content\/uploads\/2023\/02\/WhatsApp-Image-2023-02-27-at-21.24.23-1000x1000.jpeg 1000w, https:\/\/isp23-sfe.infd.edu.ar\/sitio\/wp-content\/uploads\/2023\/02\/WhatsApp-Image-2023-02-27-at-21.24.23-500x500.jpeg 500w, https:\/\/isp23-sfe.infd.edu.ar\/sitio\/wp-content\/uploads\/2023\/02\/WhatsApp-Image-2023-02-27-at-21.24.23-768x768.jpeg 768w, https:\/\/isp23-sfe.infd.edu.ar\/sitio\/wp-content\/uploads\/2023\/02\/WhatsApp-Image-2023-02-27-at-21.24.23.jpeg 1080w\" sizes=\"(max-width: 445px) 100vw, 445px\" \/><\/p>\n<h5>&#8212;&#8212;&#8212;&#8212;&#8212;&#8212;&#8212;&#8212;&#8212;&#8212;&#8212;&#8212;&#8212;&#8212;&#8212;&#8212;&#8212;&#8212;&#8212;&#8212;&#8212;&#8212;&#8212;&#8212;&#8212;&#8212;&#8212;&#8212;&#8212;&#8212;&#8212;&#8212;&#8212;&#8212;&#8212;&#8212;&#8212;&#8212;&#8212;&#8212;&#8212;<\/h5>\n<p><strong>Febrero 2023 &#8211; <\/strong>Egresado <em>T\u00e9cnico Superior en Desarrollo de Software<\/em><\/p>\n<p><img decoding=\"async\" loading=\"lazy\" class=\"alignnone  wp-image-1400\" src=\"https:\/\/isp23-sfe.infd.edu.ar\/sitio\/wp-content\/uploads\/2023\/02\/WhatsApp-Image-2023-02-28-at-21.56.49-1000x451.jpeg\" alt=\"\" width=\"541\" height=\"244\" srcset=\"https:\/\/isp23-sfe.infd.edu.ar\/sitio\/wp-content\/uploads\/2023\/02\/WhatsApp-Image-2023-02-28-at-21.56.49-1000x451.jpeg 1000w, https:\/\/isp23-sfe.infd.edu.ar\/sitio\/wp-content\/uploads\/2023\/02\/WhatsApp-Image-2023-02-28-at-21.56.49-768x346.jpeg 768w, https:\/\/isp23-sfe.infd.edu.ar\/sitio\/wp-content\/uploads\/2023\/02\/WhatsApp-Image-2023-02-28-at-21.56.49-1536x692.jpeg 1536w, https:\/\/isp23-sfe.infd.edu.ar\/sitio\/wp-content\/uploads\/2023\/02\/WhatsApp-Image-2023-02-28-at-21.56.49.jpeg 1600w\" sizes=\"(max-width: 541px) 100vw, 541px\" \/><\/p>\n<h5>&#8212;&#8212;&#8212;&#8212;&#8212;&#8212;&#8212;&#8212;&#8212;&#8212;&#8212;&#8212;&#8212;&#8212;&#8212;&#8212;&#8212;&#8212;&#8212;&#8212;&#8212;&#8212;&#8212;&#8212;&#8212;&#8212;&#8212;&#8212;&#8212;&#8212;&#8212;&#8212;&#8212;&#8212;&#8212;&#8212;&#8212;&#8212;&#8212;<\/h5>\n<h5><strong>INSCRIPCI\u00d3N ALUMNOS INGRESANTES 2023 <\/strong>(2da. Convocatoria)<\/h5>\n<p>Desde el <strong>17 de FEBRERO<\/strong> hasta el <strong>24 de FEBRERO 2023<\/strong>, se encuentra abierta la pre inscripci\u00f3n de estudiantes aspirantes a 1er. a\u00f1o de las siguientes carreras:<\/p>\n<p><span style=\"color: #008000;\"><strong>+ <em>PROFESORADO DE EDUCACI\u00d3N INICIAL<\/em><\/strong><\/span><br><span style=\"color: #008000;\"><em><strong>+<\/strong> <strong>PROFESORADO DE EDUCACI\u00d3N PRIMARIA<\/strong><\/em><\/span><br><span style=\"color: #008000;\"><em><strong>+<\/strong> <strong>PROFESORADO DE EDUCACI\u00d3N SECUNDARIA EN MATEM\u00c1TICA<\/strong><\/em><\/span><br><span style=\"color: #000080;\"><em><strong>&#8211; T\u00c9CNICO SUPERIOR EN DESARROLLO DE SOFTWARE<\/strong><\/em><\/span><br><span style=\"color: #000080;\"><strong>&#8211;<\/strong> <strong style=\"font-style: italic;\">T\u00c9CNICO SUPERIOR EN GESTI\u00d3N DE LAS ORGANIZACIONES<\/strong><\/span><\/p>\n<p>La misma se efectivizar\u00e1 presentando el formulario de inscripci\u00f3n que deber\u00e1 bajarlo, completarlo y acompa\u00f1arlo de la documentaci\u00f3n requerida al final del formulario.<\/p>\n<p><strong>Formulario de Inscripci\u00f3n <\/strong>(Formato.DOC)<strong>: <a href=\"https:\/\/isp23-sfe.infd.edu.ar\/sitio\/wp-content\/uploads\/2022\/11\/ISP23_FORMULARIO_INSCRIPCION2023.doc\">ISP23_FORMULARIO_INSCRIPCION2023<\/a><\/strong><\/p>\n<p><strong>Horario de atenci\u00f3n Secretar\u00eda<\/strong>: 18 a 22 hs.<\/p>\n<pre>Consultas: Tel\u00e9fono 03401-421072 o email: isp23elisadamiano@gmail.com<\/pre>\n<p>&#8212;&#8212;&#8212;&#8212;&#8212;&#8212;&#8212;&#8212;&#8212;&#8212;&#8212;&#8212;&#8212;&#8212;&#8212;&#8212;&#8212;&#8212;&#8212;&#8212;&#8212;&#8212;&#8212;&#8212;&#8212;&#8212;&#8212;&#8212;&#8212;&#8212;&#8212;&#8212;&#8212;&#8212;&#8212;&#8212;&#8212;&#8212;&#8212;&#8212;&#8212;&#8212;&#8212;&#8212;&#8212;&#8212;&#8212;&#8212;&#8212;&#8212;&#8212;&#8212;&#8212;&#8212;&#8212;&#8212;&#8212;&#8212;&#8212;&#8212;&#8212;&#8212;&#8212;&#8212;&#8212;&#8212;&#8212;&#8212;&#8212;-<\/p>\n<p><strong>Diciembre 2022 &#8211; <\/strong>Egresado <em>Profesorado de Educaci\u00f3n Primaria: <\/em>Guzm\u00e1n Florencia<\/p>\n<p><img decoding=\"async\" loading=\"lazy\" class=\"alignnone  wp-image-1382\" src=\"https:\/\/isp23-sfe.infd.edu.ar\/sitio\/wp-content\/uploads\/2023\/01\/WhatsApp-Image-2022-12-21-at-19.44.31-1000x451.jpeg\" alt=\"\" width=\"548\" height=\"247\" srcset=\"https:\/\/isp23-sfe.infd.edu.ar\/sitio\/wp-content\/uploads\/2023\/01\/WhatsApp-Image-2022-12-21-at-19.44.31-1000x451.jpeg 1000w, https:\/\/isp23-sfe.infd.edu.ar\/sitio\/wp-content\/uploads\/2023\/01\/WhatsApp-Image-2022-12-21-at-19.44.31-768x346.jpeg 768w, https:\/\/isp23-sfe.infd.edu.ar\/sitio\/wp-content\/uploads\/2023\/01\/WhatsApp-Image-2022-12-21-at-19.44.31-1536x692.jpeg 1536w, https:\/\/isp23-sfe.infd.edu.ar\/sitio\/wp-content\/uploads\/2023\/01\/WhatsApp-Image-2022-12-21-at-19.44.31.jpeg 1600w\" sizes=\"(max-width: 548px) 100vw, 548px\" \/><\/p>\n<p>Egresados <em>Profesorado de Educaci\u00f3n Inicial: <\/em>Carrera Mar\u00eda Luz, Hetzer Camila, Manasseri Roc\u00edo, Molina Karen, Pairetti Yanet, Rodr\u00edguez Daiana<\/p>\n<p><img decoding=\"async\" loading=\"lazy\" class=\"alignnone  wp-image-1378\" src=\"https:\/\/isp23-sfe.infd.edu.ar\/sitio\/wp-content\/uploads\/2022\/12\/WhatsApp-Image-2022-12-15-at-21.21.00-1000x461.jpeg\" alt=\"\" width=\"556\" height=\"256\" srcset=\"https:\/\/isp23-sfe.infd.edu.ar\/sitio\/wp-content\/uploads\/2022\/12\/WhatsApp-Image-2022-12-15-at-21.21.00-1000x461.jpeg 1000w, https:\/\/isp23-sfe.infd.edu.ar\/sitio\/wp-content\/uploads\/2022\/12\/WhatsApp-Image-2022-12-15-at-21.21.00-768x354.jpeg 768w, https:\/\/isp23-sfe.infd.edu.ar\/sitio\/wp-content\/uploads\/2022\/12\/WhatsApp-Image-2022-12-15-at-21.21.00.jpeg 1280w\" sizes=\"(max-width: 556px) 100vw, 556px\" \/><\/p>\n<p>Egresados <em>T\u00e9cnico Superior en Gesti\u00f3n de las Organizaciones<\/em>: C\u00e1ceres Mar\u00eda Fernanda, C\u00f3rdoba Cielo, Leroyer Virginia, Maier Yanina, Moreno Camila, Piedi Cristian, Reigert Camila, Fabro Fiorela.<\/p>\n<p><img decoding=\"async\" loading=\"lazy\" class=\"wp-image-1377 aligncenter\" src=\"https:\/\/isp23-sfe.infd.edu.ar\/sitio\/wp-content\/uploads\/2022\/12\/WhatsApp-Image-2022-12-16-at-19.46.17-1000x451.jpeg\" alt=\"\" width=\"521\" height=\"235\" srcset=\"https:\/\/isp23-sfe.infd.edu.ar\/sitio\/wp-content\/uploads\/2022\/12\/WhatsApp-Image-2022-12-16-at-19.46.17-1000x451.jpeg 1000w, https:\/\/isp23-sfe.infd.edu.ar\/sitio\/wp-content\/uploads\/2022\/12\/WhatsApp-Image-2022-12-16-at-19.46.17-768x346.jpeg 768w, https:\/\/isp23-sfe.infd.edu.ar\/sitio\/wp-content\/uploads\/2022\/12\/WhatsApp-Image-2022-12-16-at-19.46.17-1536x692.jpeg 1536w, https:\/\/isp23-sfe.infd.edu.ar\/sitio\/wp-content\/uploads\/2022\/12\/WhatsApp-Image-2022-12-16-at-19.46.17.jpeg 1600w\" sizes=\"(max-width: 521px) 100vw, 521px\" \/><\/p>\n<p><strong>Diciembre 2022<\/strong> &#8211; Director y alumnas egresadas del Prof. de Educaci\u00f3n Primaria estuvieron presentes plantando un \u00e1rbol aut\u00f3ctono en \u00abEl Bosque de los egresados\u00bb ubicado en calle Palermo, entre Av. Libertad y Av. Pellegrini. Los invitamos a visitarlo y a actualizar informaci\u00f3n a trav\u00e9s del c\u00f3digo QR.<\/p>\n<p><img decoding=\"async\" loading=\"lazy\" class=\"alignnone  wp-image-1385\" src=\"https:\/\/isp23-sfe.infd.edu.ar\/sitio\/wp-content\/uploads\/2023\/01\/Egresado_BosqueEgresados.png\" alt=\"\" width=\"460\" height=\"296\"><img decoding=\"async\" loading=\"lazy\" class=\"alignnone  wp-image-1386\" src=\"https:\/\/isp23-sfe.infd.edu.ar\/sitio\/wp-content\/uploads\/2023\/01\/WhatsApp-Image-2022-12-06-at-10.11.43-1000x563.jpeg\" alt=\"\" width=\"525\" height=\"296\" srcset=\"https:\/\/isp23-sfe.infd.edu.ar\/sitio\/wp-content\/uploads\/2023\/01\/WhatsApp-Image-2022-12-06-at-10.11.43-1000x563.jpeg 1000w, https:\/\/isp23-sfe.infd.edu.ar\/sitio\/wp-content\/uploads\/2023\/01\/WhatsApp-Image-2022-12-06-at-10.11.43-768x432.jpeg 768w, https:\/\/isp23-sfe.infd.edu.ar\/sitio\/wp-content\/uploads\/2023\/01\/WhatsApp-Image-2022-12-06-at-10.11.43-1536x864.jpeg 1536w, https:\/\/isp23-sfe.infd.edu.ar\/sitio\/wp-content\/uploads\/2023\/01\/WhatsApp-Image-2022-12-06-at-10.11.43.jpeg 1600w\" sizes=\"(max-width: 525px) 100vw, 525px\" \/><\/p>\n<p><strong>Noviembre 2022<\/strong> &#8211; Egresados Profesorado de <em>Educaci\u00f3n Primaria<\/em>: ACU\u00d1A, Ludmila, ALLEGRANZA, Mar\u00eda Cecilia, DOVIO, Erika, FARIAS, Cinta, FENOGLIO, Julieta, HERNANDEZ, Florencia, LEITES, Bel\u00e9n, PANSA, Cecilia, QUEZADA, Liset, RUBEN, Mariela, TOLEDO, Milagros, STRUMIA, Martina.<\/p>\n<p><img decoding=\"async\" loading=\"lazy\" class=\"wp-image-1374 aligncenter\" src=\"https:\/\/isp23-sfe.infd.edu.ar\/sitio\/wp-content\/uploads\/2022\/11\/WhatsApp-Image-2022-11-24-at-12.09.30-1000x584.jpeg\" alt=\"\" width=\"562\" height=\"328\" srcset=\"https:\/\/isp23-sfe.infd.edu.ar\/sitio\/wp-content\/uploads\/2022\/11\/WhatsApp-Image-2022-11-24-at-12.09.30-1000x584.jpeg 1000w, https:\/\/isp23-sfe.infd.edu.ar\/sitio\/wp-content\/uploads\/2022\/11\/WhatsApp-Image-2022-11-24-at-12.09.30-768x449.jpeg 768w, https:\/\/isp23-sfe.infd.edu.ar\/sitio\/wp-content\/uploads\/2022\/11\/WhatsApp-Image-2022-11-24-at-12.09.30.jpeg 1280w\" sizes=\"(max-width: 562px) 100vw, 562px\" \/><\/p>\n<p><strong>Octubre 2022<\/strong> &#8211; Invitaci\u00f3n Acto Acad\u00e9mico&nbsp;<\/p>\n<p><strong>El Director del I.S.P. N\u00b0 23 \u201cElisa Damiano\u201d<\/strong><br><strong>Prof. Jos\u00e9 Picatto<\/strong><\/p>\n<p>&nbsp; &nbsp; &nbsp; &nbsp; &nbsp; &nbsp; &nbsp; &nbsp; &nbsp; &nbsp; &nbsp; &nbsp; &nbsp; &nbsp; &nbsp; &nbsp; Tiene el agrado de invitar a Ud.\/es., al <strong><em>Acto Acad\u00e9mico de Colaci\u00f3n de Grado<\/em><\/strong> a realizarse el d\u00eda 21 de Octubre de 2022, a las 19,30hs., en el Centro Cultural Cervantes, sito en calle Rosario 780.<br>&nbsp; &nbsp; &nbsp; &nbsp; &nbsp; &nbsp; &nbsp; &nbsp; &nbsp; &nbsp; &nbsp; &nbsp; &nbsp; &nbsp; &nbsp; &nbsp; Su distinguida presencia honrar\u00e1 este acto.<\/p>\n<p>&nbsp; &nbsp; &nbsp; &nbsp; &nbsp; &nbsp; &nbsp; &nbsp; &nbsp; &nbsp; &nbsp; &nbsp; &nbsp; &nbsp; &nbsp; &nbsp;Atte. Director.<\/p>\n<pre><em>Tarjetas<\/em> de Egresados (Archivo <em>PDF<\/em>)&nbsp;<\/pre>\n<p><a href=\"https:\/\/isp23-sfe.infd.edu.ar\/sitio\/wp-content\/uploads\/2022\/10\/TARJETA_EGRESADOS_PROMOCION_2020-1.pdf\">TARJETA_EGRESADOS_PROMOCI\u00d3N_2020<\/a><\/p>\n<p><a href=\"https:\/\/isp23-sfe.infd.edu.ar\/sitio\/wp-content\/uploads\/2022\/10\/TARJETA_EGRESADOS_PROMOCION_2021_2022-1.pdf\">TARJETA_EGRESADOS_PROMOCI\u00d3N_2021_2022<\/a><\/p>\n<p>&#8212;&#8212;&#8212;&#8212;&#8212;&#8212;&#8212;&#8212;&#8212;&#8212;&#8212;&#8212;&#8212;&#8212;&#8212;&#8212;&#8212;&#8212;&#8212;&#8212;&#8212;&#8212;&#8212;&#8212;&#8212;&#8212;&#8212;&#8212;&#8212;&#8212;&#8212;&#8212;&#8212;&#8212;&#8212;&#8212;&#8212;&#8212;&#8212;&#8212;&#8212;&#8212;&#8212;&#8212;&#8212;&#8212;&#8212;&#8212;&#8212;&#8212;&#8212;&#8212;&#8212;&#8212;&#8212;&#8212;&#8212;&#8212;&#8212;&#8212;&#8212;&#8212;-<\/p>\n<p><strong>Octubre 2022<\/strong> \u2013 El Prof. Claudio Moro acompa\u00f1ado por estudiantes del Prof. de Educaci\u00f3n Secundaria en Biolog\u00eda y del Prof. de Educaci\u00f3n Inicial estuvieron presente con un stand en la<em> Expo Carreras 2022 Sastre<\/em>, para dar a conocer la oferta educativa de la instituci\u00f3n 2023.<\/p>\n<p><img decoding=\"async\" loading=\"lazy\" class=\"alignnone  wp-image-1356\" src=\"https:\/\/isp23-sfe.infd.edu.ar\/sitio\/wp-content\/uploads\/2022\/10\/WhatsApp-Image-2022-10-14-at-12.15.42.jpeg\" alt=\"\" width=\"420\" height=\"315\" srcset=\"https:\/\/isp23-sfe.infd.edu.ar\/sitio\/wp-content\/uploads\/2022\/10\/WhatsApp-Image-2022-10-14-at-12.15.42.jpeg 800w, https:\/\/isp23-sfe.infd.edu.ar\/sitio\/wp-content\/uploads\/2022\/10\/WhatsApp-Image-2022-10-14-at-12.15.42-768x576.jpeg 768w\" sizes=\"(max-width: 420px) 100vw, 420px\" \/><img decoding=\"async\" loading=\"lazy\" class=\"alignnone  wp-image-1357\" src=\"https:\/\/isp23-sfe.infd.edu.ar\/sitio\/wp-content\/uploads\/2022\/10\/WhatsApp-Image-2022-10-14-at-11.05.39.jpeg\" alt=\"\" width=\"412\" height=\"309\"><\/p>\n<p><strong>Agosto 2022<\/strong> &#8211; Egresados <em>T\u00e9cnico Superior en Desarrollo de Software:<\/em>&nbsp;Martinatto Juan, Gallo Leonel.<\/p>\n<p><img decoding=\"async\" loading=\"lazy\" class=\"alignnone  wp-image-1339\" src=\"https:\/\/isp23-sfe.infd.edu.ar\/sitio\/wp-content\/uploads\/2022\/08\/Foto_Egresados_Agosto22.png\" alt=\"\" width=\"429\" height=\"302\" srcset=\"https:\/\/isp23-sfe.infd.edu.ar\/sitio\/wp-content\/uploads\/2022\/08\/Foto_Egresados_Agosto22.png 925w, https:\/\/isp23-sfe.infd.edu.ar\/sitio\/wp-content\/uploads\/2022\/08\/Foto_Egresados_Agosto22-768x540.png 768w\" sizes=\"(max-width: 429px) 100vw, 429px\" \/><\/p>\n<p>Egresada <em>Profesorado de Educaci\u00f3n Primaria<\/em>: Pereyra Violetta<\/p>\n<p><img decoding=\"async\" loading=\"lazy\" class=\"wp-image-1343 aligncenter\" src=\"https:\/\/isp23-sfe.infd.edu.ar\/sitio\/wp-content\/uploads\/2022\/08\/Egresados_Agosto2022_PEP-987x1000.jpg\" alt=\"\" width=\"425\" height=\"431\" srcset=\"https:\/\/isp23-sfe.infd.edu.ar\/sitio\/wp-content\/uploads\/2022\/08\/Egresados_Agosto2022_PEP-987x1000.jpg 987w, https:\/\/isp23-sfe.infd.edu.ar\/sitio\/wp-content\/uploads\/2022\/08\/Egresados_Agosto2022_PEP-768x779.jpg 768w, https:\/\/isp23-sfe.infd.edu.ar\/sitio\/wp-content\/uploads\/2022\/08\/Egresados_Agosto2022_PEP-1515x1536.jpg 1515w, https:\/\/isp23-sfe.infd.edu.ar\/sitio\/wp-content\/uploads\/2022\/08\/Egresados_Agosto2022_PEP.jpg 1536w\" sizes=\"(max-width: 425px) 100vw, 425px\" \/><\/p>\n<p><strong>Junio 2022<\/strong> &#8211; La Prof. Juliana Girotti y el Prof. Carlos Pairetti acompa\u00f1ados por alumnos del Centro de Estudiantes estuvieron presente con un stand en la Expo Carreras 2022 desarrollada en las instalaciones del <em>Colegio Sagrado Coraz\u00f3n de Jes\u00fas<\/em> de la ciudad de Las Rosas, para dar a conocer la oferta educativa de la instituci\u00f3n.<\/p>\n<p><img decoding=\"async\" loading=\"lazy\" class=\"wp-image-1331 aligncenter\" src=\"https:\/\/isp23-sfe.infd.edu.ar\/sitio\/wp-content\/uploads\/2022\/07\/WhatsApp-Image-2022-06-30-at-9.38.27-AM-1000x450.jpeg\" alt=\"\" width=\"478\" height=\"215\" srcset=\"https:\/\/isp23-sfe.infd.edu.ar\/sitio\/wp-content\/uploads\/2022\/07\/WhatsApp-Image-2022-06-30-at-9.38.27-AM-1000x450.jpeg 1000w, https:\/\/isp23-sfe.infd.edu.ar\/sitio\/wp-content\/uploads\/2022\/07\/WhatsApp-Image-2022-06-30-at-9.38.27-AM-768x346.jpeg 768w, https:\/\/isp23-sfe.infd.edu.ar\/sitio\/wp-content\/uploads\/2022\/07\/WhatsApp-Image-2022-06-30-at-9.38.27-AM.jpeg 1280w\" sizes=\"(max-width: 478px) 100vw, 478px\" \/> <img decoding=\"async\" loading=\"lazy\" class=\"alignnone  wp-image-1332\" src=\"https:\/\/isp23-sfe.infd.edu.ar\/sitio\/wp-content\/uploads\/2022\/07\/WhatsApp-Image-2022-06-30-at-10.11.45-AM-1000x563.jpeg\" alt=\"\" width=\"449\" height=\"253\" srcset=\"https:\/\/isp23-sfe.infd.edu.ar\/sitio\/wp-content\/uploads\/2022\/07\/WhatsApp-Image-2022-06-30-at-10.11.45-AM-1000x563.jpeg 1000w, https:\/\/isp23-sfe.infd.edu.ar\/sitio\/wp-content\/uploads\/2022\/07\/WhatsApp-Image-2022-06-30-at-10.11.45-AM-768x432.jpeg 768w, https:\/\/isp23-sfe.infd.edu.ar\/sitio\/wp-content\/uploads\/2022\/07\/WhatsApp-Image-2022-06-30-at-10.11.45-AM.jpeg 1280w\" sizes=\"(max-width: 449px) 100vw, 449px\" \/> <img decoding=\"async\" loading=\"lazy\" class=\"alignnone  wp-image-1333\" src=\"https:\/\/isp23-sfe.infd.edu.ar\/sitio\/wp-content\/uploads\/2022\/07\/WhatsApp-Image-2022-06-30-at-10.50.22-AM-1000x563.jpeg\" alt=\"\" width=\"448\" height=\"252\" srcset=\"https:\/\/isp23-sfe.infd.edu.ar\/sitio\/wp-content\/uploads\/2022\/07\/WhatsApp-Image-2022-06-30-at-10.50.22-AM-1000x563.jpeg 1000w, https:\/\/isp23-sfe.infd.edu.ar\/sitio\/wp-content\/uploads\/2022\/07\/WhatsApp-Image-2022-06-30-at-10.50.22-AM-768x432.jpeg 768w, https:\/\/isp23-sfe.infd.edu.ar\/sitio\/wp-content\/uploads\/2022\/07\/WhatsApp-Image-2022-06-30-at-10.50.22-AM.jpeg 1280w\" sizes=\"(max-width: 448px) 100vw, 448px\" \/><\/p>\n<p><strong>Junio 2022 &#8211; <\/strong>En la noche del 23 de junio, en el Predio Ecol\u00f3gico, se celebr\u00f3 <em>\u00abLa Fogarata de San Juan\u00bb.<\/em>&nbsp;Alumnos de 1er. a\u00f1o del Prof. de Educaci\u00f3n Inicial y de Educaci\u00f3n Primaria participaron con mu\u00f1ecos.<\/p>\n<p><img decoding=\"async\" loading=\"lazy\" class=\"wp-image-1327 alignleft\" src=\"https:\/\/isp23-sfe.infd.edu.ar\/sitio\/wp-content\/uploads\/2022\/07\/WhatsApp-Image-2022-06-24-at-6.14.48-PM-2-948x1000.jpeg\" alt=\"\" width=\"309\" height=\"326\" srcset=\"https:\/\/isp23-sfe.infd.edu.ar\/sitio\/wp-content\/uploads\/2022\/07\/WhatsApp-Image-2022-06-24-at-6.14.48-PM-2-948x1000.jpeg 948w, https:\/\/isp23-sfe.infd.edu.ar\/sitio\/wp-content\/uploads\/2022\/07\/WhatsApp-Image-2022-06-24-at-6.14.48-PM-2-768x810.jpeg 768w, https:\/\/isp23-sfe.infd.edu.ar\/sitio\/wp-content\/uploads\/2022\/07\/WhatsApp-Image-2022-06-24-at-6.14.48-PM-2.jpeg 971w\" sizes=\"(max-width: 309px) 100vw, 309px\" \/><img decoding=\"async\" loading=\"lazy\" class=\"wp-image-1328 alignnone\" src=\"https:\/\/isp23-sfe.infd.edu.ar\/sitio\/wp-content\/uploads\/2022\/07\/WhatsApp-Image-2022-06-24-at-6.14.48-PM-1000x750.jpeg\" alt=\"\" width=\"415\" height=\"312\" srcset=\"https:\/\/isp23-sfe.infd.edu.ar\/sitio\/wp-content\/uploads\/2022\/07\/WhatsApp-Image-2022-06-24-at-6.14.48-PM-1000x750.jpeg 1000w, https:\/\/isp23-sfe.infd.edu.ar\/sitio\/wp-content\/uploads\/2022\/07\/WhatsApp-Image-2022-06-24-at-6.14.48-PM-768x576.jpeg 768w, https:\/\/isp23-sfe.infd.edu.ar\/sitio\/wp-content\/uploads\/2022\/07\/WhatsApp-Image-2022-06-24-at-6.14.48-PM.jpeg 1024w\" sizes=\"(max-width: 415px) 100vw, 415px\" \/> <img decoding=\"async\" loading=\"lazy\" class=\"wp-image-1326 aligncenter\" src=\"https:\/\/isp23-sfe.infd.edu.ar\/sitio\/wp-content\/uploads\/2022\/07\/WhatsApp-Image-2022-06-24-at-6.14.47-PM-1-1000x750.jpeg\" alt=\"\" width=\"441\" height=\"331\" srcset=\"https:\/\/isp23-sfe.infd.edu.ar\/sitio\/wp-content\/uploads\/2022\/07\/WhatsApp-Image-2022-06-24-at-6.14.47-PM-1-1000x750.jpeg 1000w, https:\/\/isp23-sfe.infd.edu.ar\/sitio\/wp-content\/uploads\/2022\/07\/WhatsApp-Image-2022-06-24-at-6.14.47-PM-1-768x576.jpeg 768w, https:\/\/isp23-sfe.infd.edu.ar\/sitio\/wp-content\/uploads\/2022\/07\/WhatsApp-Image-2022-06-24-at-6.14.47-PM-1.jpeg 1024w\" sizes=\"(max-width: 441px) 100vw, 441px\" \/><\/p>\n<p><strong>Junio 2022<\/strong> &#8211; Alumnos de 4to. a\u00f1o del Prof. de Educaci\u00f3n Secundaria desde el espacio curricular ESI, en el marco de la Jornada \u00abNi Una Menos\u00bb, dise\u00f1aron carteles que se dispusieron en distintos espacios de la instituci\u00f3n.<\/p>\n<p><img decoding=\"async\" loading=\"lazy\" class=\"alignnone  wp-image-1336 aligncenter\" src=\"https:\/\/isp23-sfe.infd.edu.ar\/sitio\/wp-content\/uploads\/2022\/07\/4to_MAT_NIUNAMENOS_2-1000x750.jpg\" alt=\"\" width=\"439\" height=\"329\" srcset=\"https:\/\/isp23-sfe.infd.edu.ar\/sitio\/wp-content\/uploads\/2022\/07\/4to_MAT_NIUNAMENOS_2-1000x750.jpg 1000w, https:\/\/isp23-sfe.infd.edu.ar\/sitio\/wp-content\/uploads\/2022\/07\/4to_MAT_NIUNAMENOS_2-1900x1425.jpg 1900w, https:\/\/isp23-sfe.infd.edu.ar\/sitio\/wp-content\/uploads\/2022\/07\/4to_MAT_NIUNAMENOS_2-768x576.jpg 768w, https:\/\/isp23-sfe.infd.edu.ar\/sitio\/wp-content\/uploads\/2022\/07\/4to_MAT_NIUNAMENOS_2-1536x1152.jpg 1536w, https:\/\/isp23-sfe.infd.edu.ar\/sitio\/wp-content\/uploads\/2022\/07\/4to_MAT_NIUNAMENOS_2-2048x1536.jpg 2048w\" sizes=\"(max-width: 439px) 100vw, 439px\" \/><\/p>\n<p><strong>Marzo 2022<\/strong> &#8211; Egresado <em>T\u00e9cnico Superior en Desarrollo de Software<\/em>: Pagnone Joaqu\u00edn<\/p>\n<h5><img decoding=\"async\" loading=\"lazy\" class=\"alignnone  wp-image-1284\" src=\"https:\/\/isp23-sfe.infd.edu.ar\/sitio\/wp-content\/uploads\/2022\/03\/WhatsApp-Image-2022-03-23-at-20.19.34-1000x563.jpeg\" alt=\"\" width=\"488\" height=\"275\" srcset=\"https:\/\/isp23-sfe.infd.edu.ar\/sitio\/wp-content\/uploads\/2022\/03\/WhatsApp-Image-2022-03-23-at-20.19.34-1000x563.jpeg 1000w, https:\/\/isp23-sfe.infd.edu.ar\/sitio\/wp-content\/uploads\/2022\/03\/WhatsApp-Image-2022-03-23-at-20.19.34-768x432.jpeg 768w, https:\/\/isp23-sfe.infd.edu.ar\/sitio\/wp-content\/uploads\/2022\/03\/WhatsApp-Image-2022-03-23-at-20.19.34.jpeg 1280w\" sizes=\"(max-width: 488px) 100vw, 488px\" \/><\/h5>\n<p><strong>&nbsp;<\/strong>&#8212;&#8212;&#8212;&#8212;&#8212;&#8212;&#8212;&#8212;&#8212;&#8212;&#8212;&#8212;&#8212;&#8212;&#8212;&#8212;&#8212;&#8212;&#8212;&#8212;&#8212;&#8212;&#8212;&#8212;&#8212;&#8212;&#8212;&#8212;&#8212;&#8212;&#8212;&#8212;&#8212;&#8212;&#8212;&#8212;&#8212;&#8212;&#8212;&#8212;&#8212;&#8212;&#8212;&#8212;&#8212;&#8212;&#8212;&#8212;&#8212;&#8212;&#8212;&#8212;&#8212;&#8212;&#8212;&#8212;&#8212;&#8212;&#8212;&#8212;&#8212;&#8212;&#8212;&#8212;&#8212;&#8212;&#8212;&#8212;&#8212;&#8212;-<\/p>\n<p><strong>Diciembre 2021<\/strong> &#8211; Egresado <em>Profesorado de Educaci\u00f3n Secundaria en Matem\u00e1tica<\/em>: Buccino Franco<\/p>\n<p><img decoding=\"async\" loading=\"lazy\" class=\"alignnone  wp-image-1233 aligncenter\" src=\"https:\/\/isp23-sfe.infd.edu.ar\/sitio\/wp-content\/uploads\/2021\/12\/WhatsApp-Image-2021-12-28-at-19.48.20-1000x750.jpeg\" alt=\"\" width=\"445\" height=\"334\" srcset=\"https:\/\/isp23-sfe.infd.edu.ar\/sitio\/wp-content\/uploads\/2021\/12\/WhatsApp-Image-2021-12-28-at-19.48.20-1000x750.jpeg 1000w, https:\/\/isp23-sfe.infd.edu.ar\/sitio\/wp-content\/uploads\/2021\/12\/WhatsApp-Image-2021-12-28-at-19.48.20-768x576.jpeg 768w, https:\/\/isp23-sfe.infd.edu.ar\/sitio\/wp-content\/uploads\/2021\/12\/WhatsApp-Image-2021-12-28-at-19.48.20-1536x1152.jpeg 1536w, https:\/\/isp23-sfe.infd.edu.ar\/sitio\/wp-content\/uploads\/2021\/12\/WhatsApp-Image-2021-12-28-at-19.48.20.jpeg 1600w\" sizes=\"(max-width: 445px) 100vw, 445px\" \/><\/p>\n<p><strong>Diciembre 2021<\/strong> &#8211; Egresados <em>T\u00e9cnico Analista Programador: <\/em>Antinori Yamila, Baima Ezequiel, Lemos Gustavo, Morello Nicol\u00e0s.<\/p>\n<p>&nbsp;<img decoding=\"async\" loading=\"lazy\" class=\"alignnone  wp-image-1235\" src=\"https:\/\/isp23-sfe.infd.edu.ar\/sitio\/wp-content\/uploads\/2021\/12\/WhatsApp-Image-2021-12-28-at-21.25.44-1000x750.jpeg\" alt=\"\" width=\"426\" height=\"319\" srcset=\"https:\/\/isp23-sfe.infd.edu.ar\/sitio\/wp-content\/uploads\/2021\/12\/WhatsApp-Image-2021-12-28-at-21.25.44-1000x750.jpeg 1000w, https:\/\/isp23-sfe.infd.edu.ar\/sitio\/wp-content\/uploads\/2021\/12\/WhatsApp-Image-2021-12-28-at-21.25.44-768x576.jpeg 768w, https:\/\/isp23-sfe.infd.edu.ar\/sitio\/wp-content\/uploads\/2021\/12\/WhatsApp-Image-2021-12-28-at-21.25.44-1536x1152.jpeg 1536w, https:\/\/isp23-sfe.infd.edu.ar\/sitio\/wp-content\/uploads\/2021\/12\/WhatsApp-Image-2021-12-28-at-21.25.44.jpeg 1600w\" sizes=\"(max-width: 426px) 100vw, 426px\" \/><\/p>\n<p><img decoding=\"async\" loading=\"lazy\" class=\"wp-image-1234 aligncenter\" src=\"https:\/\/isp23-sfe.infd.edu.ar\/sitio\/wp-content\/uploads\/2021\/12\/WhatsApp-Image-2021-12-28-at-21.25.02-1000x750.jpeg\" alt=\"\" width=\"446\" height=\"334\" srcset=\"https:\/\/isp23-sfe.infd.edu.ar\/sitio\/wp-content\/uploads\/2021\/12\/WhatsApp-Image-2021-12-28-at-21.25.02-1000x750.jpeg 1000w, https:\/\/isp23-sfe.infd.edu.ar\/sitio\/wp-content\/uploads\/2021\/12\/WhatsApp-Image-2021-12-28-at-21.25.02-768x576.jpeg 768w, https:\/\/isp23-sfe.infd.edu.ar\/sitio\/wp-content\/uploads\/2021\/12\/WhatsApp-Image-2021-12-28-at-21.25.02-1536x1152.jpeg 1536w, https:\/\/isp23-sfe.infd.edu.ar\/sitio\/wp-content\/uploads\/2021\/12\/WhatsApp-Image-2021-12-28-at-21.25.02.jpeg 1600w\" sizes=\"(max-width: 446px) 100vw, 446px\" \/><\/p>\n<p><strong>Diciembre 2021<\/strong> &#8211; Egresados Profesorado de <em>Educaci\u00f3n Primaria<\/em>: Franichevich Melisa, Giordano Antonella, Levrand Karen, Mansilla Yanina, Reinaudo Vanina, Roldan Debora, Sola Claudia, Valles Laura.<\/p>\n<p><img decoding=\"async\" loading=\"lazy\" class=\"alignnone  wp-image-1228\" src=\"https:\/\/isp23-sfe.infd.edu.ar\/sitio\/wp-content\/uploads\/2021\/12\/WhatsApp-Image-2021-12-21-at-22.47.29-1000x750.jpeg\" alt=\"\" width=\"458\" height=\"343\" srcset=\"https:\/\/isp23-sfe.infd.edu.ar\/sitio\/wp-content\/uploads\/2021\/12\/WhatsApp-Image-2021-12-21-at-22.47.29-1000x750.jpeg 1000w, https:\/\/isp23-sfe.infd.edu.ar\/sitio\/wp-content\/uploads\/2021\/12\/WhatsApp-Image-2021-12-21-at-22.47.29-768x576.jpeg 768w, https:\/\/isp23-sfe.infd.edu.ar\/sitio\/wp-content\/uploads\/2021\/12\/WhatsApp-Image-2021-12-21-at-22.47.29-1536x1152.jpeg 1536w, https:\/\/isp23-sfe.infd.edu.ar\/sitio\/wp-content\/uploads\/2021\/12\/WhatsApp-Image-2021-12-21-at-22.47.29.jpeg 1600w\" sizes=\"(max-width: 458px) 100vw, 458px\" \/><\/p>\n<p><strong>Diciembre 2021<\/strong> &#8211; Egresados Profesorado de<em> Educaci\u00f3n Inicial<\/em>: Biancotti Soledad, Biol\u00e9 Micaela, Reigert Lucia, Repond Josefina, Rodriguez Melani, Rossetti Camila, Rosso Evelyn, Somer Paula, Sonego Tatiana.<\/p>\n<p><img decoding=\"async\" loading=\"lazy\" class=\"wp-image-1223 aligncenter\" src=\"https:\/\/isp23-sfe.infd.edu.ar\/sitio\/wp-content\/uploads\/2021\/12\/WhatsApp-Image-2021-12-16-at-21.30.58-1000x750.jpeg\" alt=\"\" width=\"506\" height=\"380\" srcset=\"https:\/\/isp23-sfe.infd.edu.ar\/sitio\/wp-content\/uploads\/2021\/12\/WhatsApp-Image-2021-12-16-at-21.30.58-1000x750.jpeg 1000w, https:\/\/isp23-sfe.infd.edu.ar\/sitio\/wp-content\/uploads\/2021\/12\/WhatsApp-Image-2021-12-16-at-21.30.58-768x576.jpeg 768w, https:\/\/isp23-sfe.infd.edu.ar\/sitio\/wp-content\/uploads\/2021\/12\/WhatsApp-Image-2021-12-16-at-21.30.58-1536x1152.jpeg 1536w, https:\/\/isp23-sfe.infd.edu.ar\/sitio\/wp-content\/uploads\/2021\/12\/WhatsApp-Image-2021-12-16-at-21.30.58.jpeg 1600w\" sizes=\"(max-width: 506px) 100vw, 506px\" \/><\/p>\n<p><strong>Diciembre 2021<\/strong> &#8211; Egresados Profesorado de <em>Educaci\u00f3n Secundaria en Biolog\u00eda:<\/em> Andreis Yesica, Bianciotto Sof\u00eda, D\u00edaz Melani, Laguardia Santiago, Martinez Jimena, Nicolino Natalia.<\/p>\n<p><img decoding=\"async\" loading=\"lazy\" class=\"alignnone  wp-image-1204\" src=\"https:\/\/isp23-sfe.infd.edu.ar\/sitio\/wp-content\/uploads\/2021\/12\/20211207_221628-1000x563.jpg\" alt=\"\" width=\"530\" height=\"298\" srcset=\"https:\/\/isp23-sfe.infd.edu.ar\/sitio\/wp-content\/uploads\/2021\/12\/20211207_221628-1000x563.jpg 1000w, https:\/\/isp23-sfe.infd.edu.ar\/sitio\/wp-content\/uploads\/2021\/12\/20211207_221628-1900x1069.jpg 1900w, https:\/\/isp23-sfe.infd.edu.ar\/sitio\/wp-content\/uploads\/2021\/12\/20211207_221628-768x432.jpg 768w, https:\/\/isp23-sfe.infd.edu.ar\/sitio\/wp-content\/uploads\/2021\/12\/20211207_221628-1536x864.jpg 1536w, https:\/\/isp23-sfe.infd.edu.ar\/sitio\/wp-content\/uploads\/2021\/12\/20211207_221628-2048x1152.jpg 2048w\" sizes=\"(max-width: 530px) 100vw, 530px\" \/><\/p>\n<p><strong>Noviembre 2021<\/strong> &#8211; Egresados <em>T\u00e9cnico Superior en Gesti\u00f3n de las Organizaciones:<\/em> Festa, Mart\u00edn &#8211; Garc\u00eda, Camila &#8211; Pedernera, Valeria &#8211; Mattal\u00eda, Luciana &#8211; Sopetto, Rodrigo &#8211; Torti, Juan &#8211; Fussero, Sol &#8211; Luna, Candela &#8211; Antinori, Yamila &#8211; Schefer, Gloria &#8211; B\u00edsaro, Ayl\u00e9n &#8211; Noriega Yamila.<\/p>\n<p><img decoding=\"async\" loading=\"lazy\" class=\"alignnone  wp-image-1193\" src=\"https:\/\/isp23-sfe.infd.edu.ar\/sitio\/wp-content\/uploads\/2021\/12\/IMG-20211202-WA0007-1000x750.jpg\" alt=\"\" width=\"468\" height=\"351\" srcset=\"https:\/\/isp23-sfe.infd.edu.ar\/sitio\/wp-content\/uploads\/2021\/12\/IMG-20211202-WA0007-1000x750.jpg 1000w, https:\/\/isp23-sfe.infd.edu.ar\/sitio\/wp-content\/uploads\/2021\/12\/IMG-20211202-WA0007-768x576.jpg 768w, https:\/\/isp23-sfe.infd.edu.ar\/sitio\/wp-content\/uploads\/2021\/12\/IMG-20211202-WA0007.jpg 1032w\" sizes=\"(max-width: 468px) 100vw, 468px\" \/><img decoding=\"async\" loading=\"lazy\" class=\"alignnone  wp-image-1209\" src=\"https:\/\/isp23-sfe.infd.edu.ar\/sitio\/wp-content\/uploads\/2021\/12\/WhatsApp-Image-2021-12-13-at-22.36.57-1000x750.jpeg\" alt=\"\" width=\"459\" height=\"344\" srcset=\"https:\/\/isp23-sfe.infd.edu.ar\/sitio\/wp-content\/uploads\/2021\/12\/WhatsApp-Image-2021-12-13-at-22.36.57-1000x750.jpeg 1000w, https:\/\/isp23-sfe.infd.edu.ar\/sitio\/wp-content\/uploads\/2021\/12\/WhatsApp-Image-2021-12-13-at-22.36.57-768x576.jpeg 768w, https:\/\/isp23-sfe.infd.edu.ar\/sitio\/wp-content\/uploads\/2021\/12\/WhatsApp-Image-2021-12-13-at-22.36.57.jpeg 1024w\" sizes=\"(max-width: 459px) 100vw, 459px\" \/><\/p>\n<p><strong>Octubre 2021<\/strong> &#8211; El d\u00eda 6 se realiz\u00f3 una charla a cargo del <em>Ing. Agr\u00f3nomo Mario Rosso<\/em>, basada en su \u00faltimo libro: <em><strong>\u201cEste peque\u00f1o planeta azul\u201d<\/strong><\/em>, donde el autor realiza un an\u00e1lisis ambiental tratando de revelar la estricta relaci\u00f3n que existe entre los desequilibrios ambientales producidos por el ser humano y brindando un aporte significativo hacia la toma de conciencia sobre el medio ambiente. En la misma estuvieron presentes alumnos de 4to. a\u00f1o del Prof de Educaci\u00f3n Primaria, 4to. a\u00f1o del Prof. de Educaci\u00f3n Inicial, 3er. a\u00f1o del Prof. de Educaci\u00f3n Secundaria en Matem\u00e1tica, 4to. a\u00f1o del Prof. de Educaci\u00f3n Secundaria en Biolog\u00eda y 3er. a\u00f1o de T\u00e9cnico Superior en Desarrollo de Software.<\/p>\n<p><img decoding=\"async\" loading=\"lazy\" class=\"wp-image-1173 alignright\" src=\"https:\/\/isp23-sfe.infd.edu.ar\/sitio\/wp-content\/uploads\/2021\/10\/WhatsApp-Image-2021-10-07-at-20.01.53-2-1000x461.jpeg\" alt=\"\" width=\"507\" height=\"234\" srcset=\"https:\/\/isp23-sfe.infd.edu.ar\/sitio\/wp-content\/uploads\/2021\/10\/WhatsApp-Image-2021-10-07-at-20.01.53-2-1000x461.jpeg 1000w, https:\/\/isp23-sfe.infd.edu.ar\/sitio\/wp-content\/uploads\/2021\/10\/WhatsApp-Image-2021-10-07-at-20.01.53-2-768x354.jpeg 768w, https:\/\/isp23-sfe.infd.edu.ar\/sitio\/wp-content\/uploads\/2021\/10\/WhatsApp-Image-2021-10-07-at-20.01.53-2.jpeg 1280w\" sizes=\"(max-width: 507px) 100vw, 507px\" \/><img decoding=\"async\" loading=\"lazy\" class=\"alignnone  wp-image-1174\" src=\"https:\/\/isp23-sfe.infd.edu.ar\/sitio\/wp-content\/uploads\/2021\/10\/WhatsApp-Image-2021-10-07-at-20.01.53-1000x461.jpeg\" alt=\"\" width=\"470\" height=\"217\" srcset=\"https:\/\/isp23-sfe.infd.edu.ar\/sitio\/wp-content\/uploads\/2021\/10\/WhatsApp-Image-2021-10-07-at-20.01.53-1000x461.jpeg 1000w, https:\/\/isp23-sfe.infd.edu.ar\/sitio\/wp-content\/uploads\/2021\/10\/WhatsApp-Image-2021-10-07-at-20.01.53-768x354.jpeg 768w, https:\/\/isp23-sfe.infd.edu.ar\/sitio\/wp-content\/uploads\/2021\/10\/WhatsApp-Image-2021-10-07-at-20.01.53.jpeg 1280w\" sizes=\"(max-width: 470px) 100vw, 470px\" \/><img decoding=\"async\" loading=\"lazy\" class=\"wp-image-1172 aligncenter\" src=\"https:\/\/isp23-sfe.infd.edu.ar\/sitio\/wp-content\/uploads\/2021\/10\/tapa-este-pequeno-planeta-azul.png\" alt=\"\" width=\"531\" height=\"249\" srcset=\"https:\/\/isp23-sfe.infd.edu.ar\/sitio\/wp-content\/uploads\/2021\/10\/tapa-este-pequeno-planeta-azul.png 960w, https:\/\/isp23-sfe.infd.edu.ar\/sitio\/wp-content\/uploads\/2021\/10\/tapa-este-pequeno-planeta-azul-768x360.png 768w\" sizes=\"(max-width: 531px) 100vw, 531px\" \/><\/p>\n<p><strong>Setiembre 2021 &#8211; <\/strong>Los maestros y docentes de El Tr\u00e9bol fueron homenajeados por el Gobierno Municipal.<\/p>\n<p>En la ma\u00f1ana de este viernes 17\/09, frente al Museo Municipal, en donde se encuentra el busto de Domingo Faustino Sarmiento, se llev\u00f3 a cabo el acto conmemorativo.<\/p>\n<p>El Instituto particip\u00f3 leyendo palabras alusivas a cargo de la alumna Micaela Cugat del Profesorado de Educaci\u00f3n Primaria, acompa\u00f1ada por la Prof. Carina Rasero docente del \u00e1rea.<\/p>\n<p><img decoding=\"async\" loading=\"lazy\" class=\"alignnone  wp-image-1165\" src=\"https:\/\/isp23-sfe.infd.edu.ar\/sitio\/wp-content\/uploads\/2021\/09\/WhatsApp-Image-2021-09-17-at-16.27.49-1000x750.jpeg\" alt=\"\" width=\"431\" height=\"323\" srcset=\"https:\/\/isp23-sfe.infd.edu.ar\/sitio\/wp-content\/uploads\/2021\/09\/WhatsApp-Image-2021-09-17-at-16.27.49-1000x750.jpeg 1000w, https:\/\/isp23-sfe.infd.edu.ar\/sitio\/wp-content\/uploads\/2021\/09\/WhatsApp-Image-2021-09-17-at-16.27.49-768x576.jpeg 768w, https:\/\/isp23-sfe.infd.edu.ar\/sitio\/wp-content\/uploads\/2021\/09\/WhatsApp-Image-2021-09-17-at-16.27.49-1536x1152.jpeg 1536w, https:\/\/isp23-sfe.infd.edu.ar\/sitio\/wp-content\/uploads\/2021\/09\/WhatsApp-Image-2021-09-17-at-16.27.49.jpeg 1600w\" sizes=\"(max-width: 431px) 100vw, 431px\" \/> <img decoding=\"async\" loading=\"lazy\" class=\"alignnone  wp-image-1166\" src=\"https:\/\/isp23-sfe.infd.edu.ar\/sitio\/wp-content\/uploads\/2021\/09\/WhatsApp-Image-2021-09-17-at-16.27.491-1000x750.jpeg\" alt=\"\" width=\"423\" height=\"317\" srcset=\"https:\/\/isp23-sfe.infd.edu.ar\/sitio\/wp-content\/uploads\/2021\/09\/WhatsApp-Image-2021-09-17-at-16.27.491-1000x750.jpeg 1000w, https:\/\/isp23-sfe.infd.edu.ar\/sitio\/wp-content\/uploads\/2021\/09\/WhatsApp-Image-2021-09-17-at-16.27.491-768x576.jpeg 768w, https:\/\/isp23-sfe.infd.edu.ar\/sitio\/wp-content\/uploads\/2021\/09\/WhatsApp-Image-2021-09-17-at-16.27.491-1536x1152.jpeg 1536w, https:\/\/isp23-sfe.infd.edu.ar\/sitio\/wp-content\/uploads\/2021\/09\/WhatsApp-Image-2021-09-17-at-16.27.491.jpeg 1600w\" sizes=\"(max-width: 423px) 100vw, 423px\" \/> <img decoding=\"async\" loading=\"lazy\" class=\"wp-image-1167 aligncenter\" src=\"https:\/\/isp23-sfe.infd.edu.ar\/sitio\/wp-content\/uploads\/2021\/09\/WhatsApp-Image-2021-09-17-at-16.27.492-1000x750.jpeg\" alt=\"\" width=\"418\" height=\"313\" srcset=\"https:\/\/isp23-sfe.infd.edu.ar\/sitio\/wp-content\/uploads\/2021\/09\/WhatsApp-Image-2021-09-17-at-16.27.492-1000x750.jpeg 1000w, https:\/\/isp23-sfe.infd.edu.ar\/sitio\/wp-content\/uploads\/2021\/09\/WhatsApp-Image-2021-09-17-at-16.27.492-768x576.jpeg 768w, https:\/\/isp23-sfe.infd.edu.ar\/sitio\/wp-content\/uploads\/2021\/09\/WhatsApp-Image-2021-09-17-at-16.27.492-1536x1152.jpeg 1536w, https:\/\/isp23-sfe.infd.edu.ar\/sitio\/wp-content\/uploads\/2021\/09\/WhatsApp-Image-2021-09-17-at-16.27.492.jpeg 1600w\" sizes=\"(max-width: 418px) 100vw, 418px\" \/><\/p>\n<p><strong>Agosto 2021<\/strong> &#8211; Participaci\u00f3n en la 7ma. Edici\u00f3n de Expo Carreras 2021organizada por la Municipalidad de El Tr\u00e9bol.<\/p>\n<p>Ingresar al sitio: <span style=\"color: #0000ff;\">https:\/\/eltrebol.gov.ar\/expocarreras\/isp23\/<\/span><\/p>\n<p><strong>Agosto 2021<\/strong> &#8211; Egresados: <em>T\u00e9cnico Superior en Gesti\u00f3n de las Organizaciones<\/em>: Cristian Alberto Cano &#8211; <em>T\u00e9cnico Superior en Administraci\u00f3n de Empresas: <\/em>Emilse Ail\u00e9n Ladner<\/p>\n<p><img decoding=\"async\" loading=\"lazy\" class=\"alignnone  wp-image-1152\" src=\"https:\/\/isp23-sfe.infd.edu.ar\/sitio\/wp-content\/uploads\/2021\/08\/20210804_202512-1000x563.jpg\" alt=\"\" width=\"506\" height=\"285\" srcset=\"https:\/\/isp23-sfe.infd.edu.ar\/sitio\/wp-content\/uploads\/2021\/08\/20210804_202512-1000x563.jpg 1000w, https:\/\/isp23-sfe.infd.edu.ar\/sitio\/wp-content\/uploads\/2021\/08\/20210804_202512-1900x1069.jpg 1900w, https:\/\/isp23-sfe.infd.edu.ar\/sitio\/wp-content\/uploads\/2021\/08\/20210804_202512-768x432.jpg 768w, https:\/\/isp23-sfe.infd.edu.ar\/sitio\/wp-content\/uploads\/2021\/08\/20210804_202512-1536x864.jpg 1536w, https:\/\/isp23-sfe.infd.edu.ar\/sitio\/wp-content\/uploads\/2021\/08\/20210804_202512-2048x1152.jpg 2048w\" sizes=\"(max-width: 506px) 100vw, 506px\" \/><\/p>\n<p>Egresado: <em>T\u00e9cnico Superior en Gesti\u00f3n de las Organizaciones<\/em>: Camila Acu\u00f1a.<\/p>\n<p><img decoding=\"async\" loading=\"lazy\" class=\"alignnone  wp-image-1153\" src=\"https:\/\/isp23-sfe.infd.edu.ar\/sitio\/wp-content\/uploads\/2021\/08\/IMG-20210805-WA0006-1000x563.jpg\" alt=\"\" width=\"497\" height=\"280\" srcset=\"https:\/\/isp23-sfe.infd.edu.ar\/sitio\/wp-content\/uploads\/2021\/08\/IMG-20210805-WA0006-1000x563.jpg 1000w, https:\/\/isp23-sfe.infd.edu.ar\/sitio\/wp-content\/uploads\/2021\/08\/IMG-20210805-WA0006-768x432.jpg 768w, https:\/\/isp23-sfe.infd.edu.ar\/sitio\/wp-content\/uploads\/2021\/08\/IMG-20210805-WA0006.jpg 1280w\" sizes=\"(max-width: 497px) 100vw, 497px\" \/><\/p>\n<p>Egresado: <em>T\u00e9cnico Superior en Desarrollo de Software:<\/em> Julio Santamaria.<\/p>\n<p><img decoding=\"async\" loading=\"lazy\" class=\"alignnone  wp-image-1156\" src=\"https:\/\/isp23-sfe.infd.edu.ar\/sitio\/wp-content\/uploads\/2021\/08\/IMG-20210804-WA0015-1000x563.jpg\" alt=\"\" width=\"501\" height=\"282\" srcset=\"https:\/\/isp23-sfe.infd.edu.ar\/sitio\/wp-content\/uploads\/2021\/08\/IMG-20210804-WA0015-1000x563.jpg 1000w, https:\/\/isp23-sfe.infd.edu.ar\/sitio\/wp-content\/uploads\/2021\/08\/IMG-20210804-WA0015-768x432.jpg 768w, https:\/\/isp23-sfe.infd.edu.ar\/sitio\/wp-content\/uploads\/2021\/08\/IMG-20210804-WA0015.jpg 1280w\" sizes=\"(max-width: 501px) 100vw, 501px\" \/><\/p>\n<p><strong>Mayo 2021<\/strong> &#8211; Egresados <em>Profesorado de Educaci\u00f3n Primaria<\/em>: Castro Jesica, Giusti Eugenia, Lucero Magal\u00ed, Molinas Brenda, Mu\u00f1oz Torres Sandra, Navarrete Ver\u00f3nica, Petrone Juan P., Vagliente Macarena.<\/p>\n<p><img decoding=\"async\" loading=\"lazy\" class=\"alignnone wp-image-1120\" src=\"https:\/\/isp23-sfe.infd.edu.ar\/sitio\/wp-content\/uploads\/2021\/05\/WhatsApp-Image-2021-05-18-at-20.44.35-1000x712.jpeg\" alt=\"\" width=\"499\" height=\"355\" srcset=\"https:\/\/isp23-sfe.infd.edu.ar\/sitio\/wp-content\/uploads\/2021\/05\/WhatsApp-Image-2021-05-18-at-20.44.35-1000x712.jpeg 1000w, https:\/\/isp23-sfe.infd.edu.ar\/sitio\/wp-content\/uploads\/2021\/05\/WhatsApp-Image-2021-05-18-at-20.44.35-768x547.jpeg 768w, https:\/\/isp23-sfe.infd.edu.ar\/sitio\/wp-content\/uploads\/2021\/05\/WhatsApp-Image-2021-05-18-at-20.44.35.jpeg 1280w\" sizes=\"(max-width: 499px) 100vw, 499px\" \/><\/p>\n<p><img decoding=\"async\" loading=\"lazy\" class=\"alignnone wp-image-1121\" src=\"https:\/\/isp23-sfe.infd.edu.ar\/sitio\/wp-content\/uploads\/2021\/05\/WhatsApp-Image-2021-05-18-at-20.44.08-1000x609.jpeg\" alt=\"\" width=\"533\" height=\"325\" srcset=\"https:\/\/isp23-sfe.infd.edu.ar\/sitio\/wp-content\/uploads\/2021\/05\/WhatsApp-Image-2021-05-18-at-20.44.08-1000x609.jpeg 1000w, https:\/\/isp23-sfe.infd.edu.ar\/sitio\/wp-content\/uploads\/2021\/05\/WhatsApp-Image-2021-05-18-at-20.44.08-768x467.jpeg 768w, https:\/\/isp23-sfe.infd.edu.ar\/sitio\/wp-content\/uploads\/2021\/05\/WhatsApp-Image-2021-05-18-at-20.44.08.jpeg 1280w\" sizes=\"(max-width: 533px) 100vw, 533px\" \/><\/p>\n<p><strong>Mayo 2021<\/strong> &#8211; Egresados <em>Profesorado de Educaci\u00f3n Inicial: <\/em>Depetris Micaela, Gieco Gilda<\/p>\n<p><img decoding=\"async\" loading=\"lazy\" class=\"alignnone wp-image-1116\" src=\"https:\/\/isp23-sfe.infd.edu.ar\/sitio\/wp-content\/uploads\/2021\/05\/20210514_193341-1000x563.jpg\" alt=\"\" width=\"540\" height=\"304\" srcset=\"https:\/\/isp23-sfe.infd.edu.ar\/sitio\/wp-content\/uploads\/2021\/05\/20210514_193341-1000x563.jpg 1000w, https:\/\/isp23-sfe.infd.edu.ar\/sitio\/wp-content\/uploads\/2021\/05\/20210514_193341-768x432.jpg 768w, https:\/\/isp23-sfe.infd.edu.ar\/sitio\/wp-content\/uploads\/2021\/05\/20210514_193341-1900x1069.jpg 1900w\" sizes=\"(max-width: 540px) 100vw, 540px\" \/><\/p>\n<p><strong>Mayo 2021<\/strong> &#8211; Egresados <em>Profesorado de Educaci\u00f3n Secundaria en Matem\u00e1tica:<\/em> Albaristo Camila, Balansino Gonzalo, Baravalle Sof\u00eda, Cuello Pamela.<\/p>\n<p><img decoding=\"async\" loading=\"lazy\" class=\"alignnone wp-image-1114\" src=\"https:\/\/isp23-sfe.infd.edu.ar\/sitio\/wp-content\/uploads\/2021\/05\/IMG-20210408-WA0010.jpg\" alt=\"\" width=\"529\" height=\"394\" srcset=\"https:\/\/isp23-sfe.infd.edu.ar\/sitio\/wp-content\/uploads\/2021\/05\/IMG-20210408-WA0010.jpg 787w, https:\/\/isp23-sfe.infd.edu.ar\/sitio\/wp-content\/uploads\/2021\/05\/IMG-20210408-WA0010-768x573.jpg 768w\" sizes=\"(max-width: 529px) 100vw, 529px\" \/><\/p>\n<p><strong>Abril 2021<\/strong> &#8211; Egresados <em>Profesorado de Educaci\u00f3n Secundaria en Biolog\u00eda<\/em>: Battagliotti Julia, Bernassani Anabella, Herrera Mar\u00eda de los \u00c1ngeles, Mignone Luisina, Pesce Mariana, Robledo Celeste<\/p>\n<p><img decoding=\"async\" loading=\"lazy\" class=\"alignnone wp-image-1111\" src=\"https:\/\/isp23-sfe.infd.edu.ar\/sitio\/wp-content\/uploads\/2021\/05\/20210430_203619-1000x563.jpg\" alt=\"\" width=\"535\" height=\"301\" srcset=\"https:\/\/isp23-sfe.infd.edu.ar\/sitio\/wp-content\/uploads\/2021\/05\/20210430_203619-1000x563.jpg 1000w, https:\/\/isp23-sfe.infd.edu.ar\/sitio\/wp-content\/uploads\/2021\/05\/20210430_203619-768x432.jpg 768w, https:\/\/isp23-sfe.infd.edu.ar\/sitio\/wp-content\/uploads\/2021\/05\/20210430_203619-1900x1069.jpg 1900w\" sizes=\"(max-width: 535px) 100vw, 535px\" \/><\/p>\n<hr>\n<p>&#8212;&#8212;&#8212;&#8212;&#8212;&#8212;&#8212;&#8212;&#8212;&#8212;&#8212;&#8212;&#8212;&#8212;&#8212;&#8212;&#8212;&#8212;&#8212;&#8212;&#8212;&#8212;&#8212;&#8212;&#8212;&#8212;&#8212;&#8212;&#8212;&#8212;&#8212;&#8212;&#8212;&#8212;&#8212;&#8212;&#8212;&#8212;&#8212;&#8212;&#8212;&#8212;&#8212;&#8212;&#8212;&#8212;&#8212;&#8212;&#8212;&#8212;&#8212;&#8212;&#8212;&#8212;&#8212;&#8212;&#8212;&#8211;<\/p>\n<h5>30\/12\/2020 &#8211; Sin dudas durante este a\u00f1o transitamos momentos, emociones, preocupaciones y sentimientos de la m\u00e1s diversa \u00edndole. Hemos iniciado el ciclo lectivo en la distancia para seguir construyendo aprendizajes y cargando de sue\u00f1os e ilusiones a los alumnos que iniciaron su carrera, a los que avanzaban y a los que conclu\u00edan sus estudios.<\/h5>\n<p>Hoy terminamos el 2020 y la comunidad educativa quiere <strong><em>felicitar a los Egresados Promoci\u00f3n 2019-2020<\/em><\/strong> que no tuvieron su acto de graduaci\u00f3n, momento \u00fanico e irrepetible en la instituci\u00f3n y en nuestras vidas, le deseamos el mayor de los \u00e9xitos en su carrera profesional.<\/p>\n<p>Comunidad Educativa I.S.N\u00b023 \u201cElisa Damiano\u201d<\/p>\n<h2 style=\"text-align: center;\"><u>EGRESADOS<\/u><\/h2>\n<p><strong>529\/2009 \u2013 PROFESORADO DE EDUCACI\u00d3N INICIAL<\/strong><\/p>\n<table style=\"height: 318px;\" width=\"837\">\n<tbody>\n<tr>\n<td width=\"288\">ALBORNOZ, J\u00c9SICA ALEJANDRA<\/td>\n<\/tr>\n<tr>\n<td width=\"288\">BIGLIA, \u00c1NGELES LUJ\u00c1N<\/td>\n<\/tr>\n<tr>\n<td width=\"288\">BONETTO, LUC\u00cdA<\/td>\n<\/tr>\n<tr>\n<td width=\"288\">CAGLIERO, LUC\u00cdA<\/td>\n<\/tr>\n<tr>\n<td width=\"288\">FIGUEROA, ANA CLAUDIA<\/td>\n<\/tr>\n<tr>\n<td width=\"288\">FRANCO, LUC\u00cdA BEL\u00c9N<\/td>\n<\/tr>\n<tr>\n<td width=\"288\">MENSA, VALENTINA<\/td>\n<\/tr>\n<\/tbody>\n<\/table>\n<p><strong>Estructura curricular: 528\/2009 \u2013 PROFESORADO DE EDUCACI\u00d3N PRIMARIA<\/strong><\/p>\n<table>\n<tbody>\n<tr>\n<td width=\"288\">ADAGIO, EBELYN NAIR<\/td>\n<\/tr>\n<tr>\n<td width=\"288\">DE DIEGO, TAMARA FABIANA<\/td>\n<\/tr>\n<tr>\n<td width=\"288\">DI SANTE, ROC\u00cdO MAGAL\u00cd<\/td>\n<\/tr>\n<tr>\n<td width=\"288\">ESP\u00cdNDOLA, MAR\u00cdA VICTORIA<\/td>\n<\/tr>\n<tr>\n<td width=\"288\">FERRERO, CECILIA ANTONELA<\/td>\n<\/tr>\n<tr>\n<td width=\"288\">HETZER, VALERIA SOLEDAD<\/td>\n<\/tr>\n<tr>\n<td width=\"288\">MANZANEL, VIVIANA ESTEFAN\u00cdA<\/td>\n<\/tr>\n<tr>\n<td width=\"288\">MARCHESE, MICAELA<\/td>\n<\/tr>\n<tr>\n<td width=\"288\">PANIAGUA, DAIANA SOLEDAD<\/td>\n<\/tr>\n<tr>\n<td width=\"288\">PEREZ, YAMILA SOLEDAD<\/td>\n<\/tr>\n<\/tbody>\n<\/table>\n<p><strong>&nbsp;<\/strong><strong>Estructura curricular: 5229\/1991 \u2013 T\u00c9CNICO ANALISTA PROGRAMADOR<\/strong><\/p>\n<table>\n<tbody>\n<tr>\n<td width=\"288\">DALMASSO, LEANDRO<\/td>\n<\/tr>\n<tr>\n<td width=\"288\">PEPINO, JIMENA<\/td>\n<\/tr>\n<\/tbody>\n<\/table>\n<p><strong>696\/2001 \u2013 PROFESORADO DE EDUCACI\u00d3N SECUNDARIA EN BIOLOG\u00cdA<\/strong><\/p>\n<table>\n<tbody>\n<tr>\n<td width=\"288\">RIPOSATI, JULIETA BEL\u00c9N<\/td>\n<\/tr>\n<\/tbody>\n<\/table>\n<p><strong>2090\/2015 \u2013 PROFESORADO DE EDUCACI\u00d3N SECUNDARIA EN MATEM\u00c1TICA.<\/strong><\/p>\n<table>\n<tbody>\n<tr>\n<td width=\"288\">BIANCOTTI, ANAH\u00cd BEATRIZ<\/td>\n<\/tr>\n<tr>\n<td width=\"288\">MARQUEZ, NOELIA ROC\u00cdO<\/td>\n<\/tr>\n<tr>\n<td width=\"288\">SOLLBERGER, AGUSTINA<\/td>\n<\/tr>\n<\/tbody>\n<\/table>\n<p><strong>378\/2016 \u2013 T\u00c9CNICO SUPERIOR EN GESTI\u00d3N DE LAS ORGANIZACIONES.<\/strong><\/p>\n<table>\n<tbody>\n<tr>\n<td width=\"288\">ACU\u00d1A, CARLA LEONELA<\/td>\n<\/tr>\n<tr>\n<td width=\"288\">MINA, PABLO<\/td>\n<\/tr>\n<tr>\n<td width=\"288\">PAEZ, XAVIER JULIAN<\/td>\n<\/tr>\n<\/tbody>\n<\/table>\n<p><strong>&#8212;&#8212;&#8212;&#8212;&#8212;&#8212;&#8212;&#8212;&#8212;&#8212;&#8212;&#8212;&#8212;&#8212;&#8212;&#8212;&#8212;&#8212;&#8212;&#8212;&#8212;&#8212;&#8212;&#8212;&#8212;&#8212;&#8212;&#8212;&#8212;&#8212;&#8212;&#8212;&#8212;&#8212;&#8212;&#8212;&#8212;&#8212;&#8212;&#8212;<\/strong><\/p>\n<p><strong>Febrero 2021<\/strong> &#8211; Nuevo horario de atenci\u00f3n en Secretar\u00eda y Biblioteca institucional:<\/p>\n<h4>LUNES a VIERNES de 18 a 20 hs. \/ Tel\u00e9f. 03401-421072<\/h4>\n<p>Tambi\u00e9n pueden solicitar certificados o realizar consultas al email&nbsp;<span style=\"color: #0000ff;\"> isp23elisadamiano@gmail.com<\/span> habilitado para esos fines y evitar la circulaci\u00f3n de las personas.<\/p>\n<p>&#8212;&#8212;&#8212;&#8212;&#8212;&#8212;&#8212;&#8212;&#8212;&#8212;&#8212;&#8212;&#8212;&#8212;&#8212;&#8212;&#8212;&#8212;&#8212;&#8212;&#8212;&#8212;&#8212;&#8212;&#8212;&#8212;&#8212;&#8212;&#8212;&#8212;&#8212;&#8212;&#8212;&#8211;<\/p>\n<p><strong>Diciembre 2020<\/strong> \u2013 Egresado <em>T\u00e9cnico Superior en Administraci\u00f3n de&nbsp; Empresas:<\/em> Tomassi Lorena<\/p>\n<p><img decoding=\"async\" loading=\"lazy\" class=\"alignnone wp-image-1107\" src=\"https:\/\/isp23-sfe.infd.edu.ar\/sitio\/wp-content\/uploads\/2021\/05\/adm_recibida1_dic2020-1000x597.png\" alt=\"\" width=\"674\" height=\"402\" srcset=\"https:\/\/isp23-sfe.infd.edu.ar\/sitio\/wp-content\/uploads\/2021\/05\/adm_recibida1_dic2020-1000x597.png 1000w, https:\/\/isp23-sfe.infd.edu.ar\/sitio\/wp-content\/uploads\/2021\/05\/adm_recibida1_dic2020-768x459.png 768w, https:\/\/isp23-sfe.infd.edu.ar\/sitio\/wp-content\/uploads\/2021\/05\/adm_recibida1_dic2020.png 1366w\" sizes=\"(max-width: 674px) 100vw, 674px\" \/><\/p>\n<p>&#8212;&#8212;&#8212;&#8212;&#8212;&#8212;&#8212;&#8212;&#8212;&#8212;&#8212;&#8212;&#8212;&#8212;&#8212;&#8212;&#8212;&#8212;&#8212;&#8212;&#8212;&#8212;&#8212;&#8212;&#8212;&#8212;&#8212;&#8212;&#8212;&#8212;&#8212;&#8212;&#8212;&#8212;&#8212;&#8212;&#8212;<\/p>\n<p><strong>Octubre 2020<\/strong> \u2013 Egresado <em>T\u00e9cnico Analista Programador: <\/em>Pepino Jimena<\/p>\n<p><img decoding=\"async\" loading=\"lazy\" class=\"alignnone wp-image-1047\" src=\"https:\/\/isp23-sfe.infd.edu.ar\/sitio\/wp-content\/uploads\/2020\/11\/20201022_195222-1000x563.jpg\" alt=\"\" width=\"534\" height=\"301\" srcset=\"https:\/\/isp23-sfe.infd.edu.ar\/sitio\/wp-content\/uploads\/2020\/11\/20201022_195222-1000x563.jpg 1000w, https:\/\/isp23-sfe.infd.edu.ar\/sitio\/wp-content\/uploads\/2020\/11\/20201022_195222-768x432.jpg 768w, https:\/\/isp23-sfe.infd.edu.ar\/sitio\/wp-content\/uploads\/2020\/11\/20201022_195222-1900x1069.jpg 1900w\" sizes=\"(max-width: 534px) 100vw, 534px\" \/><\/p>\n<p><strong>INVITACI\u00d3N ENTREGA DE T\u00cdTULOS DE ESPECIALIZACIONES 2019<\/strong> &#8211; <a href=\"https:\/\/isp23-sfe.infd.edu.ar\/sitio\/postitulos-tics-oferta-educativa-cursos\/\">https:\/\/isp23-sfe.infd.edu.ar\/sitio\/postitulos-tics-oferta-educativa-cursos\/<\/a><\/p>\n<p>&#8212;&#8212;&#8212;&#8212;&#8212;&#8212;&#8212;&#8212;&#8212;&#8212;&#8212;&#8212;&#8212;&#8212;&#8212;&#8212;&#8212;&#8212;&#8212;&#8212;&#8212;&#8212;&#8212;&#8212;&#8212;&#8212;&#8212;&#8212;&#8212;&#8212;&#8212;&#8212;&#8212;&#8212;&#8212;&#8212;&#8212;&#8212;&#8212;&#8212;&#8212;&#8212;&#8212;&#8212;&#8212;&#8212;&#8212;<\/p>\n<p><strong>SETIEMBRE 2019 &#8211; <\/strong>Recibieron sus t\u00edtulos en el Acto Acad\u00e9mico.<\/p>\n<p><img decoding=\"async\" loading=\"lazy\" class=\"alignnone wp-image-971\" src=\"https:\/\/isp23-sfe.infd.edu.ar\/sitio\/wp-content\/uploads\/2019\/12\/img029-1000x683.jpg\" alt=\"\" width=\"532\" height=\"363\" srcset=\"https:\/\/isp23-sfe.infd.edu.ar\/sitio\/wp-content\/uploads\/2019\/12\/img029-1000x683.jpg 1000w, https:\/\/isp23-sfe.infd.edu.ar\/sitio\/wp-content\/uploads\/2019\/12\/img029-768x524.jpg 768w, https:\/\/isp23-sfe.infd.edu.ar\/sitio\/wp-content\/uploads\/2019\/12\/img029.jpg 1635w\" sizes=\"(max-width: 532px) 100vw, 532px\" \/><\/p>\n<p><img decoding=\"async\" loading=\"lazy\" class=\"alignnone wp-image-972\" src=\"https:\/\/isp23-sfe.infd.edu.ar\/sitio\/wp-content\/uploads\/2019\/12\/img033-1000x702.jpg\" alt=\"\" width=\"484\" height=\"339\" srcset=\"https:\/\/isp23-sfe.infd.edu.ar\/sitio\/wp-content\/uploads\/2019\/12\/img033-1000x702.jpg 1000w, https:\/\/isp23-sfe.infd.edu.ar\/sitio\/wp-content\/uploads\/2019\/12\/img033-768x539.jpg 768w, https:\/\/isp23-sfe.infd.edu.ar\/sitio\/wp-content\/uploads\/2019\/12\/img033.jpg 1636w\" sizes=\"(max-width: 484px) 100vw, 484px\" \/> <img decoding=\"async\" loading=\"lazy\" class=\"alignnone wp-image-973\" src=\"https:\/\/isp23-sfe.infd.edu.ar\/sitio\/wp-content\/uploads\/2019\/12\/img032-1000x696.jpg\" alt=\"\" width=\"483\" height=\"336\" srcset=\"https:\/\/isp23-sfe.infd.edu.ar\/sitio\/wp-content\/uploads\/2019\/12\/img032-1000x696.jpg 1000w, https:\/\/isp23-sfe.infd.edu.ar\/sitio\/wp-content\/uploads\/2019\/12\/img032-768x534.jpg 768w, https:\/\/isp23-sfe.infd.edu.ar\/sitio\/wp-content\/uploads\/2019\/12\/img032.jpg 1644w\" sizes=\"(max-width: 483px) 100vw, 483px\" \/> <img decoding=\"async\" loading=\"lazy\" class=\"alignnone wp-image-974\" src=\"https:\/\/isp23-sfe.infd.edu.ar\/sitio\/wp-content\/uploads\/2019\/12\/img031-1000x709.jpg\" alt=\"\" width=\"483\" height=\"342\" srcset=\"https:\/\/isp23-sfe.infd.edu.ar\/sitio\/wp-content\/uploads\/2019\/12\/img031-1000x709.jpg 1000w, https:\/\/isp23-sfe.infd.edu.ar\/sitio\/wp-content\/uploads\/2019\/12\/img031-768x544.jpg 768w, https:\/\/isp23-sfe.infd.edu.ar\/sitio\/wp-content\/uploads\/2019\/12\/img031.jpg 1635w\" sizes=\"(max-width: 483px) 100vw, 483px\" \/> <img decoding=\"async\" loading=\"lazy\" class=\"alignnone wp-image-975\" src=\"https:\/\/isp23-sfe.infd.edu.ar\/sitio\/wp-content\/uploads\/2019\/12\/img030-1000x708.jpg\" alt=\"\" width=\"484\" height=\"343\" srcset=\"https:\/\/isp23-sfe.infd.edu.ar\/sitio\/wp-content\/uploads\/2019\/12\/img030-1000x708.jpg 1000w, https:\/\/isp23-sfe.infd.edu.ar\/sitio\/wp-content\/uploads\/2019\/12\/img030-768x544.jpg 768w, https:\/\/isp23-sfe.infd.edu.ar\/sitio\/wp-content\/uploads\/2019\/12\/img030.jpg 1632w\" sizes=\"(max-width: 484px) 100vw, 484px\" \/><\/p>\n<p>&#8212;&#8212;&#8212;&#8212;&#8212;&#8212;&#8212;&#8212;&#8212;&#8212;&#8212;&#8212;&#8212;&#8212;&#8212;&#8212;&#8212;&#8212;&#8212;&#8212;&#8212;&#8212;&#8212;&#8212;&#8212;&#8212;&#8212;&#8212;&#8212;&#8212;&#8212;&#8212;&#8212;&#8212;&#8212;&#8212;&#8212;&#8212;&#8212;&#8212;&#8212;&#8212;&#8212;&#8212;&#8212;<\/p>\n<p><strong>El Director del I.S.N\u00b0 23 \u201cElisa Damiano\u201d<\/strong><br><strong>Prof. Jos\u00e9 Picatto<\/strong><\/p>\n<p>Tiene el agrado de invitar a Ud.\/es., al <strong><em>Acto Acad\u00e9mico de Colaci\u00f3n de Grado<\/em><\/strong> a realizarse el d\u00eda 27 de Setiembre de 2019, a las 19,30hs., en el Centro Cultural Cervantes, sito en calle Rosario 780.<br>Su distinguida presencia honrar\u00e1 este acto.<\/p>\n<p>El Tr\u00e9bol, Setiembre de 2019.<\/p>\n<table style=\"height: 1494px;\" width=\"1107\">\n<tbody>\n<tr>\n<td width=\"464\">\n<h2 style=\"text-align: center;\"><strong>EGRESADOS 2019<\/strong><\/h2>\n<\/td>\n<\/tr>\n<tr>\n<td><strong>PROFESORADO DE EDUCACION INICIAL&nbsp;<\/strong><\/td>\n<\/tr>\n<tr>\n<td>BADARIOTTI, KAREN MARIA<\/td>\n<\/tr>\n<tr>\n<td>BARABUCCI, TANIA GABRIELA<\/td>\n<\/tr>\n<tr>\n<td>BRUSSA, NORALI SOF\u00cdA<\/td>\n<\/tr>\n<tr>\n<td>BRUSSA, YANINA SOLEDAD<\/td>\n<\/tr>\n<tr>\n<td>ENRIQUEZ, AGUSTINA DEL PILAR<\/td>\n<\/tr>\n<tr>\n<td>ROMEO, CAROLINA&nbsp; LUC\u00cdA<\/td>\n<\/tr>\n<tr>\n<td>SALAZAR, LUC\u00cdA MACARENA<\/td>\n<\/tr>\n<tr>\n<td>TRUCCOLO, LORENA PAULA<\/td>\n<\/tr>\n<tr>\n<td><strong>PROFESORADO DE EDUCACION PRIMARIA&nbsp;<\/strong><\/td>\n<\/tr>\n<tr>\n<td>CUTILLO MANA, LUC\u00cdA<\/td>\n<\/tr>\n<tr>\n<td>GARAY, MACARENA<\/td>\n<\/tr>\n<tr>\n<td>RODRIGUEZ, MICAELA PILAR<\/td>\n<\/tr>\n<tr>\n<td>RUIZ, B\u00c1RBARA CANDELA<\/td>\n<\/tr>\n<tr>\n<td>SCARAFONI, GIULIANA<\/td>\n<\/tr>\n<tr>\n<td>&nbsp;<\/td>\n<\/tr>\n<tr>\n<td><strong>PROFESORADO DE EDUCACI\u00d3N SECUNDARIA EN MATEM\u00c1TICA&nbsp;<\/strong><\/td>\n<\/tr>\n<tr>\n<td>FIGOSECO, FLAVIA RAQUEL<\/td>\n<\/tr>\n<tr>\n<td>MARCHEGIANI, BIANCA<\/td>\n<\/tr>\n<tr>\n<td>&nbsp;<\/td>\n<\/tr>\n<tr>\n<td><strong>T\u00c9CNICO ANALISTA PROGRAMADOR&nbsp;<\/strong><\/td>\n<\/tr>\n<tr>\n<td>ROLD\u00c1N, MAXIMILIANO<\/td>\n<\/tr>\n<tr>\n<td>&nbsp;<\/td>\n<\/tr>\n<tr>\n<td><strong>T\u00c9CNICO SUPERIOR EN ADMINISTRACI\u00d3N DE EMPRESAS<\/strong><\/td>\n<\/tr>\n<tr>\n<td>ABATEDAGA, CLARISA ANABEL<\/td>\n<\/tr>\n<tr>\n<td>D\u00cdAZ, ROSALIA DANIELA GUADALUPE<\/td>\n<\/tr>\n<tr>\n<td>FANTIN, IV\u00c1N<\/td>\n<\/tr>\n<tr>\n<td>HERNANDEZ, JESICA ETHEL<\/td>\n<\/tr>\n<tr>\n<td>HERRERA, MARIA JOS\u00c9<\/td>\n<\/tr>\n<tr>\n<td>HERRERA, MELINA ROSA<\/td>\n<\/tr>\n<tr>\n<td>LENTA, CAMILA MAR\u00cdA<\/td>\n<\/tr>\n<tr>\n<td>RAFFA, LUCRECIA BERENICE<\/td>\n<\/tr>\n<tr>\n<td>R\u00cdOS, TANIA DENISE<\/td>\n<\/tr>\n<tr>\n<td>YACHINI, DAMI\u00c1N EZEQUIEL<\/td>\n<\/tr>\n<\/tbody>\n<\/table>\n<p>&#8212;&#8212;&#8212;&#8212;&#8212;&#8212;&#8212;&#8212;&#8212;&#8212;&#8212;&#8212;&#8212;&#8212;&#8212;&#8212;&#8212;&#8212;&#8212;&#8212;&#8212;&#8212;&#8212;&#8212;&#8212;&#8212;&#8212;&#8212;&#8212;&#8212;&#8212;&#8212;&#8212;&#8212;&#8212;&#8212;&#8212;&#8212;&#8212;&#8212;&#8212;&#8212;&#8212;&#8212;&#8212;&#8212;&#8212;&#8212;&#8212;&#8212;&#8212;&#8212;&#8212;&#8212;&#8212;&#8212;&#8212;&#8212;&#8212;&#8212;&#8211;<\/p>\n<p><strong>06 DE SETIEMBRE DE 2019<\/strong><\/p>\n<p><strong>El viernes visitamos la Escuela Primaria N\u00ba 276 \u201cJ.J. Paso\u201d con las alumnas de 2\u00ba a\u00f1o de los profesorados de Educaci\u00f3n Inicial y Primaria de la c\u00e1tedra Movimiento y Cuerpo II.<\/strong><\/p>\n<p><img decoding=\"async\" loading=\"lazy\" class=\"wp-image-934 aligncenter\" src=\"https:\/\/isp23-sfe.infd.edu.ar\/sitio\/wp-content\/uploads\/2019\/09\/IMG-20190907-WA0000-1000x1000.jpg\" alt=\"\" width=\"442\" height=\"442\" srcset=\"https:\/\/isp23-sfe.infd.edu.ar\/sitio\/wp-content\/uploads\/2019\/09\/IMG-20190907-WA0000-1000x1000.jpg 1000w, https:\/\/isp23-sfe.infd.edu.ar\/sitio\/wp-content\/uploads\/2019\/09\/IMG-20190907-WA0000-500x500.jpg 500w, https:\/\/isp23-sfe.infd.edu.ar\/sitio\/wp-content\/uploads\/2019\/09\/IMG-20190907-WA0000-768x768.jpg 768w, https:\/\/isp23-sfe.infd.edu.ar\/sitio\/wp-content\/uploads\/2019\/09\/IMG-20190907-WA0000.jpg 1080w\" sizes=\"(max-width: 442px) 100vw, 442px\" \/><\/p>\n<p>Partiendo de las experiencias cercanas se propuso nuevas posibilidades de moverse y vincularse, poniendo en acci\u00f3n los contenidos del espacio, la convivencia, la creatividad, la capacidad de organizaci\u00f3n en funci\u00f3n de las posibilidades expresivas del cuerpo, en un proyecto libre acompa\u00f1ado por una instancia de reflexi\u00f3n y construcci\u00f3n grupal. Al finalizar compartimos la merienda con los alumnos y docentes de la instituci\u00f3n.<\/p>\n<p>&#8212;&#8212;&#8212;&#8212;&#8212;&#8212;&#8212;&#8212;&#8212;&#8212;&#8212;&#8212;&#8212;&#8212;&#8212;&#8212;&#8212;&#8212;&#8212;&#8212;&#8212;&#8212;&#8212;&#8212;&#8212;&#8212;&#8212;&#8212;&#8212;&#8212;&#8212;&#8212;&#8212;&#8212;&#8212;&#8212;&#8212;&#8212;&#8212;&#8212;&#8212;&#8212;&#8212;&#8212;&#8212;&#8212;&#8212;&#8212;&#8212;&#8212;&#8212;&#8212;&#8212;&#8212;&#8212;&#8212;&#8212;&#8212;&#8212;&#8212;&#8212;&#8212;&#8211;<\/p>\n<p><strong>30 DE JUNIO DE 2019.<\/strong><\/p>\n<p><strong>En la ciudad de El Tr\u00e9bol, durante la noche del domingo se celebr\u00f3 en el predio ecol\u00f3gico la tradicional FOGATA DE SAN JUAN.<\/strong><\/p>\n<p>La misma es una celebraci\u00f3n popular que se realiza en muchas partes del mundo y en nuestra localidad fue resignificada hace 12 a\u00f1os por los alumnos del Programa Educativo de Adultos Mayores de la Municipalidad de El Tr\u00e9bol.<\/p>\n<p>Cada a\u00f1o toda la comunidad se acerca para unirse en una ronda gigantesca, quemar lo malo y pedir que en la noche de San Juan los buenos deseos se hagan realidad. Ni\u00f1os, j\u00f3venes, adultos y adultos mayores se toman de las manos y giran alrededor del fuego al comp\u00e1s de canciones tradicionales como el \u201cAserr\u00edn, aserr\u00e1n\u2026\u201d<\/p>\n<p>Cada a\u00f1o, adem\u00e1s, muchas instituciones participan en la confecci\u00f3n de mu\u00f1ecos que desfilan por el predio y luego la gente vota el que m\u00e1s le gusta para que se salve del fuego.<\/p>\n<p>Nuestro Instituto particip\u00f3 de la misma y el mu\u00f1eco realizado por las alumnas de Primer a\u00f1o de los Profesorados de Educaci\u00f3n Primaria y Educaci\u00f3n Inicial&nbsp; fue elegido el ganador.<\/p>\n<p><img decoding=\"async\" loading=\"lazy\" class=\"alignnone wp-image-919\" src=\"https:\/\/isp23-sfe.infd.edu.ar\/sitio\/wp-content\/uploads\/2019\/07\/IMG-20190630-WA0019-750x1000.jpg\" alt=\"\" width=\"351\" height=\"468\" srcset=\"https:\/\/isp23-sfe.infd.edu.ar\/sitio\/wp-content\/uploads\/2019\/07\/IMG-20190630-WA0019-750x1000.jpg 750w, https:\/\/isp23-sfe.infd.edu.ar\/sitio\/wp-content\/uploads\/2019\/07\/IMG-20190630-WA0019-768x1024.jpg 768w, https:\/\/isp23-sfe.infd.edu.ar\/sitio\/wp-content\/uploads\/2019\/07\/IMG-20190630-WA0019.jpg 774w\" sizes=\"(max-width: 351px) 100vw, 351px\" \/><img decoding=\"async\" loading=\"lazy\" class=\"alignnone wp-image-920\" src=\"https:\/\/isp23-sfe.infd.edu.ar\/sitio\/wp-content\/uploads\/2019\/07\/IMG-20190630-WA0025-750x1000.jpg\" alt=\"\" width=\"362\" height=\"483\" srcset=\"https:\/\/isp23-sfe.infd.edu.ar\/sitio\/wp-content\/uploads\/2019\/07\/IMG-20190630-WA0025-750x1000.jpg 750w, https:\/\/isp23-sfe.infd.edu.ar\/sitio\/wp-content\/uploads\/2019\/07\/IMG-20190630-WA0025-768x1024.jpg 768w, https:\/\/isp23-sfe.infd.edu.ar\/sitio\/wp-content\/uploads\/2019\/07\/IMG-20190630-WA0025.jpg 774w\" sizes=\"(max-width: 362px) 100vw, 362px\" \/><\/p>\n<p><img decoding=\"async\" loading=\"lazy\" class=\"alignnone wp-image-918\" src=\"https:\/\/isp23-sfe.infd.edu.ar\/sitio\/wp-content\/uploads\/2019\/07\/IMG-20190701-WA0008-1000x750.jpg\" alt=\"\" width=\"528\" height=\"396\" srcset=\"https:\/\/isp23-sfe.infd.edu.ar\/sitio\/wp-content\/uploads\/2019\/07\/IMG-20190701-WA0008-1000x750.jpg 1000w, https:\/\/isp23-sfe.infd.edu.ar\/sitio\/wp-content\/uploads\/2019\/07\/IMG-20190701-WA0008-768x576.jpg 768w, https:\/\/isp23-sfe.infd.edu.ar\/sitio\/wp-content\/uploads\/2019\/07\/IMG-20190701-WA0008.jpg 1032w\" sizes=\"(max-width: 528px) 100vw, 528px\" \/><img decoding=\"async\" loading=\"lazy\" class=\"alignnone wp-image-921\" src=\"https:\/\/isp23-sfe.infd.edu.ar\/sitio\/wp-content\/uploads\/2019\/07\/IMG-20190701-WA0009.jpg\" alt=\"\" width=\"527\" height=\"349\" srcset=\"https:\/\/isp23-sfe.infd.edu.ar\/sitio\/wp-content\/uploads\/2019\/07\/IMG-20190701-WA0009.jpg 960w, https:\/\/isp23-sfe.infd.edu.ar\/sitio\/wp-content\/uploads\/2019\/07\/IMG-20190701-WA0009-768x509.jpg 768w\" sizes=\"(max-width: 527px) 100vw, 527px\" \/><\/p>\n<p><strong>\u00a1Felicitaciones a los que participaron de la confecci\u00f3n y la idea del mismo, alumnos y docentes! <\/strong><\/p>\n<p><strong>Cuidar nuestras tradiciones locales es una acci\u00f3n con fuerte carga identitaria que se seguir\u00e1 transmitiendo de generaci\u00f3n en generaci\u00f3n.<\/strong><\/p>\n<p>&#8212;&#8212;&#8212;&#8212;&#8212;&#8212;&#8212;&#8212;&#8212;&#8212;&#8212;&#8212;&#8212;&#8212;&#8212;&#8212;&#8212;&#8212;&#8212;&#8212;&#8212;&#8212;&#8212;&#8212;&#8212;&#8212;&#8212;&#8212;&#8212;&#8212;&#8212;&#8212;&#8212;&#8212;&#8212;&#8212;&#8212;&#8212;&#8212;&#8212;&#8212;&#8212;&#8212;&#8212;&#8212;&#8212;&#8212;&#8212;&#8212;&#8212;&#8212;&#8212;&#8212;&#8212;<\/p>\n<p><img decoding=\"async\" loading=\"lazy\" class=\"alignnone wp-image-900\" src=\"https:\/\/isp23-sfe.infd.edu.ar\/sitio\/wp-content\/uploads\/2019\/04\/IMG-20190410-WA0010-1000x563.jpg\" alt=\"\" width=\"565\" height=\"318\" srcset=\"https:\/\/isp23-sfe.infd.edu.ar\/sitio\/wp-content\/uploads\/2019\/04\/IMG-20190410-WA0010-1000x563.jpg 1000w, https:\/\/isp23-sfe.infd.edu.ar\/sitio\/wp-content\/uploads\/2019\/04\/IMG-20190410-WA0010-768x432.jpg 768w, https:\/\/isp23-sfe.infd.edu.ar\/sitio\/wp-content\/uploads\/2019\/04\/IMG-20190410-WA0010.jpg 1032w\" sizes=\"(max-width: 565px) 100vw, 565px\" \/> <img decoding=\"async\" loading=\"lazy\" class=\"alignnone wp-image-901\" src=\"https:\/\/isp23-sfe.infd.edu.ar\/sitio\/wp-content\/uploads\/2019\/04\/IMG-20190410-WA0009-1000x563.jpg\" alt=\"\" width=\"558\" height=\"314\" srcset=\"https:\/\/isp23-sfe.infd.edu.ar\/sitio\/wp-content\/uploads\/2019\/04\/IMG-20190410-WA0009-1000x563.jpg 1000w, https:\/\/isp23-sfe.infd.edu.ar\/sitio\/wp-content\/uploads\/2019\/04\/IMG-20190410-WA0009-768x432.jpg 768w, https:\/\/isp23-sfe.infd.edu.ar\/sitio\/wp-content\/uploads\/2019\/04\/IMG-20190410-WA0009.jpg 1032w\" sizes=\"(max-width: 558px) 100vw, 558px\" \/><\/p>\n<p>ABRIL 2019 &#8211; EGRESADAS PROFESORADO DE EDUCACI\u00d3N PRIMARIA<\/p>\n<p><img decoding=\"async\" loading=\"lazy\" class=\"alignnone wp-image-897\" src=\"https:\/\/isp23-sfe.infd.edu.ar\/sitio\/wp-content\/uploads\/2019\/04\/IMG-20190402-WA0001-563x1000.jpg\" alt=\"\" width=\"359\" height=\"638\" srcset=\"https:\/\/isp23-sfe.infd.edu.ar\/sitio\/wp-content\/uploads\/2019\/04\/IMG-20190402-WA0001-563x1000.jpg 563w, https:\/\/isp23-sfe.infd.edu.ar\/sitio\/wp-content\/uploads\/2019\/04\/IMG-20190402-WA0001.jpg 720w\" sizes=\"(max-width: 359px) 100vw, 359px\" \/><\/p>\n<p>ABRIL 2019 &#8211; EGRESADO T\u00c9CNICO ANALISTA PROGRAMADOR<\/p>\n<p><img decoding=\"async\" loading=\"lazy\" class=\"alignnone wp-image-896\" src=\"https:\/\/isp23-sfe.infd.edu.ar\/sitio\/wp-content\/uploads\/2019\/04\/INICIAL.Abril-2019-1000x750.jpg\" alt=\"\" width=\"559\" height=\"419\" srcset=\"https:\/\/isp23-sfe.infd.edu.ar\/sitio\/wp-content\/uploads\/2019\/04\/INICIAL.Abril-2019-1000x750.jpg 1000w, https:\/\/isp23-sfe.infd.edu.ar\/sitio\/wp-content\/uploads\/2019\/04\/INICIAL.Abril-2019-768x576.jpg 768w, https:\/\/isp23-sfe.infd.edu.ar\/sitio\/wp-content\/uploads\/2019\/04\/INICIAL.Abril-2019-1900x1425.jpg 1900w\" sizes=\"(max-width: 559px) 100vw, 559px\" \/><\/p>\n<p>ABRIL 2019 &#8211; EGRESADA PROFESORADO DE EDUCACI\u00d3N INICIAL<\/p>\n<p><img decoding=\"async\" loading=\"lazy\" class=\"alignnone wp-image-895\" src=\"https:\/\/isp23-sfe.infd.edu.ar\/sitio\/wp-content\/uploads\/2019\/04\/INICIAL-DICIEMBRE_-2018-1000x750.jpg\" alt=\"\" width=\"564\" height=\"423\" srcset=\"https:\/\/isp23-sfe.infd.edu.ar\/sitio\/wp-content\/uploads\/2019\/04\/INICIAL-DICIEMBRE_-2018-1000x750.jpg 1000w, https:\/\/isp23-sfe.infd.edu.ar\/sitio\/wp-content\/uploads\/2019\/04\/INICIAL-DICIEMBRE_-2018-768x576.jpg 768w, https:\/\/isp23-sfe.infd.edu.ar\/sitio\/wp-content\/uploads\/2019\/04\/INICIAL-DICIEMBRE_-2018-1900x1425.jpg 1900w\" sizes=\"(max-width: 564px) 100vw, 564px\" \/><\/p>\n<p>DICIEMBRE 2018&nbsp; &#8211; EGRESADAS PROFESORADO DE EDUCACI\u00d3N INICIAL.<\/p>\n<div class=\"tiny_personalizado text_overflow\">\n<div class=\"tiny_personalizado text_overflow\">\n<div class=\"texto titulo_news\">\n<p>&#8212;&#8212;&#8212;&#8212;&#8212;&#8212;&#8212;&#8212;&#8212;&#8212;&#8212;&#8212;&#8212;&#8212;&#8212;&#8212;&#8212;&#8212;&#8212;&#8212;&#8212;&#8212;&#8212;&#8212;&#8212;&#8212;&#8212;&#8212;&#8212;&#8212;&#8212;&#8212;&#8212;&#8212;&#8212;&#8212;&#8212;&#8212;&#8212;&#8212;&#8212;&#8212;&#8212;&#8212;&#8212;&#8212;&#8212;&#8212;&#8212;&#8212;&#8212;&#8212;&#8212;&#8212;&#8212;&#8212;&#8212;&#8212;&#8212;&#8212;<\/p>\n<\/div>\n<\/div>\n<\/div>\n\n\n<p><\/p>\n","protected":false},"excerpt":{"rendered":"<p>Acto de Colaci\u00f3n 2024 Tenemos el agrado de invitar a Ud. al Acto de Colaci\u00f3n de Grado de las Promociones 2023 \/ 2024. La ceremonia se llevar\u00e1 a cabo el d\u00eda viernes 20 de septiembre de 2024 a las 19:45 horas Centro Cultural Cervantes.&#8211; Rosario 780 &#8211; El Tr\u00e9bol (Sta. Fe) FORMULARIO DE INSCRIPCI\u00d3N Se &#8230; <a title=\"Noticias del Instituto\" class=\"read-more\" href=\"https:\/\/isp23-sfe.infd.edu.ar\/sitio\/noticias-del-instituto\/\" aria-label=\"More on Noticias del Instituto\">[+]<\/a><\/p>\n","protected":false},"author":243,"featured_media":0,"parent":0,"menu_order":0,"comment_status":"closed","ping_status":"closed","template":"","meta":[],"acf":[],"_links":{"self":[{"href":"https:\/\/isp23-sfe.infd.edu.ar\/sitio\/wp-json\/wp\/v2\/pages\/813"}],"collection":[{"href":"https:\/\/isp23-sfe.infd.edu.ar\/sitio\/wp-json\/wp\/v2\/pages"}],"about":[{"href":"https:\/\/isp23-sfe.infd.edu.ar\/sitio\/wp-json\/wp\/v2\/types\/page"}],"author":[{"embeddable":true,"href":"https:\/\/isp23-sfe.infd.edu.ar\/sitio\/wp-json\/wp\/v2\/users\/243"}],"replies":[{"embeddable":true,"href":"https:\/\/isp23-sfe.infd.edu.ar\/sitio\/wp-json\/wp\/v2\/comments?post=813"}],"version-history":[{"count":126,"href":"https:\/\/isp23-sfe.infd.edu.ar\/sitio\/wp-json\/wp\/v2\/pages\/813\/revisions"}],"predecessor-version":[{"id":1726,"href":"https:\/\/isp23-sfe.infd.edu.ar\/sitio\/wp-json\/wp\/v2\/pages\/813\/revisions\/1726"}],"wp:attachment":[{"href":"https:\/\/isp23-sfe.infd.edu.ar\/sitio\/wp-json\/wp\/v2\/media?parent=813"}],"curies":[{"name":"wp","href":"https:\/\/api.w.org\/{rel}","templated":true}]}}